{"id":1171,"date":"2022-08-11T11:54:52","date_gmt":"2022-08-11T10:54:52","guid":{"rendered":"https:\/\/www.bemediasmart.ie\/fact-check\/"},"modified":"2023-10-17T15:01:40","modified_gmt":"2023-10-17T14:01:40","slug":"fact-check","status":"publish","type":"page","link":"https:\/\/www.bemediasmart.ie\/ga\/fact-check\/","title":{"rendered":"F\u00edorasc-Seice\u00e1il"},"content":{"rendered":"\r\n<section class=\"home-main-banner main-banner\">\r\n\t\t<div class=\"container h-100 position-relative\">\r\n\t\t\t\t<div class=\"row d-flex align-items-center justify-content-end is-home-main-banner-content is-home-main-banner-art\">\r\n\t\t\t\t<div class=\"col-12 col-md-6 pt-5 mt-5 d-flex justify-content-center\">\t\r\n\t\t\t\t\t<div class=\"col-auto is-home-main-banner-icon-cloud d-flex justify-content-center\">\r\n\t\t\t\t\t\t<i class=\"bi bi-search is-ictp-1\" value=\"1\"><\/i>\r\n\t\t\t\t\t\t<i class=\"bi bi-geo-alt is-ictp-3 mouse\" value=\"2\"><\/i>\r\n\t\t\t\t\t\t<i class=\"bi bi-laptop is-ictp-3 mouse\" value=\"1\"><\/i>\r\n\t\t\t\t\t\t<i class=\"bi bi-telephone is-ictp-2 mouse\" value=\"2\"><\/i>\r\n\t\t\t\t\t\t<i class=\"bi bi-paperclip is-ictp-4 mouse\" value=\"1\"><\/i>\r\n\t\t\t\t\t\t<i class=\"bi bi-hand-thumbs-up is-ictp-4 mouse\" value=\"2\"><\/i>\r\n\t\t\t\t\t\t<i class=\"bi bi-hash is-ictp-2 mouse\" value=\"1\"><\/i>\r\n\t\t\t\t\t\t<i class=\"fa-regular fa-newspaper is-ictp-4 mouse\" value=\"2\"><\/i>\r\n\t\t\t\t\t\t<i class=\"bi bi-bell is-ictp-3 mouse\" value=\"1\"><\/i>\r\n\t\t\t\t\t\t<i class=\"bi bi-bookmark is-ictp-4 mouse\" value=\"2\"><\/i>\r\n\t\t\t\t\t\t<i class=\"bi bi-phone is-ictp-3 mouse\" value=\"1\"><\/i>\r\n\t\t\t\t\t\t<i class=\"bi bi-broadcast-pin is-ictp-2 mouse\" value=\"1\"><\/i>\r\n\t\t\t\t\t\t<i class=\"bi bi-camera is-ictp-4 mouse\" value=\"2\"><\/i>\r\n\t\t\t\t\t\t<i class=\"bi bi-film is-ictp-4 mouse\" value=\"1\"><\/i>\r\n\t\t\t\t\t\t<i class=\"bi bi-postcard is-ictp-4 mouse\" value=\"2\"><\/i>\r\n\t\t\t\t\t\t<i class=\"fa-solid fa-radio is-ictp-4 mouse\" value=\"1\"><\/i>\r\n\t\t\t\t\t\t<i class=\"bi bi-tv is-ictp-3 mouse\" value=\"2\"><\/i>\r\n\t\t\t\t\t\t<i class=\"bi bi-envelope-paper is-ictp-2 mouse\" value=\"1\"><\/i>\r\n\t\t\t\t\t\t<i class=\"bi bi-book is-ictp-3 mouse\" value=\"2\"><\/i>\r\n\t\t\t\t\t\t<i class=\"bi bi-chat-square-text is-ictp-2 mouse\" value=\"1\"><\/i>\r\n\t\t\t\t\t<\/div>\r\n\t\t\t\t<\/div>\t\r\n\t\t\t\t<\/div>\r\n\t\t\t\t<div class=\"row d-flex align-items-center justify-content-start is-home-main-banner-content\">\r\n\t\t\t\t\t<div class=\"col-12 col-auto d-flex flex-column justify-content-start is-home-main-banner-content-left\">\t\r\n\t\t\t\t\t\t<nav class=\"pb-4 pb-5\" aria-label=\"breadcrumb\">\r\n\t\t\t\t\t\t\t<ol class=\"breadcrumb\">\r\n\t\t\t\t\t\t\t\t<li class=\"breadcrumb-item\"><a href=\"\/\">Baile<\/a><\/li>\r\n\t\t\t\t\t\t\t\t<li class=\"breadcrumb-item active\" aria-current=\"page\">F\u00edorasc-Seice\u00e1il<\/li>\r\n\t\t\t\t\t\t\t<\/ol>\r\n\t\t\t\t\t\t<\/nav>\r\n\t\t\t\t\t\t<h1 class=\"color-white pb-3\">\r\n\t\t\t\t\t\t\t<span>F\u00edorasc-Seice\u00e1il<\/span>\r\n\t\t\t\t\t\t\t<span class=\"blink\">_<\/span>\r\n\t\t\t\t\t\t<\/h1>\r\n\t\t\t\t\t\t<div class=\"col-12 col-md-8 col-lg-6 p-0\">\r\n\t\t\t\t\t\t\t<div class=\"h3 color-white\">\r\n\t\t\t\t\t\t\t<p>Uaireanta b\u00edmid ar fad \u00e9iginnte faoi ruda\u00ed a bheith cruinn agus iontaofa. Mar sin, m\u00e1 t\u00e1 amhras ort, seice\u00e1il \u00e9. Anseo th\u00edos gheobhaidh t\u00fa liosta de shu\u00edomhanna seice\u00e1la f\u00edric\u00ed ar f\u00e9idir cuairt a thabhairt orthu chun na F\u00edric\u00ed a Sheice\u00e1il. T\u00e1 liosta ann freisin de na seice\u00e1lacha f\u00edric\u00ed a rinneadh le d\u00e9ana\u00ed \u00f3 fhoireann The Journal Fact-Check.<\/p>\n\t\t\t\t\t\t\t<\/div>\r\n\t\t\t\t\t\t<\/div>\r\n\t\t\t\t\t<\/div>\r\n\t\t\t\t<\/div>\r\n\t\t<\/div>\r\n\t\t<div class=\"is-scrolldown-indicator\"><a class=\"animate__animated animate__slow animate__fadeIn d-flex justify-content-center\"><i class=\"bi bi-chevron-double-down animate__infinite animate__animated animate__slow animate__bounce\"><\/i><\/a><\/div>\r\n\t<\/section>\n\n<style>\r\n\t.logo-list .featured-content__wrap p { font-size:1rem; }\r\n<\/style>\r\n <section class=\"content py-4 py-lg-5 logo-list text-content news-short m-0 bg-color-white \">\r\n\t\t<div class=\"container mt-4 mb-5\">\r\n\t\t\t\t\t\t\t<div class=\"row\">\r\n\t\t\t\t\t<div class=\"col-lg-12 mb-5\">\r\n\t\t\t\t\t\t\t\t\t\t\t\t\t<h2>Seice\u00e1il na F\u00edric\u00ed<\/h2>\r\n\t\t\t\t\t\t\t\t\t\t\t\t<p>T\u00e1 go leor l\u00e1ithre\u00e1in ghr\u00e9as\u00e1in agus eagra\u00edochta\u00ed seice\u00e1la f\u00edric\u00ed ag obair go dian chun cabhr\u00fa leat a aithint cad at\u00e1 cruinn agus iontaofa agus cad nach bhfuil.<\/p>\n\t\r\n\t\t\t\t\t<\/div>\r\n\t\t\t\t<\/div>\r\n\t\t\t\t\t\t<div class=\"row justify-content-center align-items-stretch\">\r\n\t\t\t  \r\n\t\t\t\r\n\t\t\t\t<div class=\"col-lg-3 position-relative mb-4 wow animate__fadeInUp\">\r\n\t\t\t\t\t<div class=\"featured-content__wrap h-100 d-flex flex-column overflow-hidden p-3\" style=\" background-color:#fff; border:1px solid #ddd;\">\r\n\t\t\t\t\t\t<div class=\"featured-content__image w-100\" role=\"img\" aria-label=\"The Journal\" style=\"height:150px; background-image:url('https:\/\/www.bemediasmart.ie\/app\/uploads\/2023\/09\/logo-journal.png'); background-size:contain; background-repeat:no-repeat; background-position:center center; background-color:#fff;\">\r\n\t\t\t\t\t\t<\/div>\r\n\t\t\t\t\t\t<div class=\"flex-fill\">\r\n\t\t\t\t\t\t<p>Is \u00e9 FactCheck \u00f3n Journal.ie an t-aon s\u00ednitheoir f\u00edoraithe \u00c9ireannach leis an gC\u00f3d Idirn\u00e1isi\u00fanta um Phrionsabail an L\u00edonra Seice\u00e1la F\u00edric\u00ed, le gealltanais maidir le neamhph\u00e1irt\u00edocht, cothroime agus tr\u00e9dhearcacht.<\/p>\n\t\t\t\t\t\t<\/div>\r\n\t\t\t\t\t\t\t\t\t\t\t\t\t<a class=\"stretched-link  btn rounded btn-medium-purple mt-4 \" href=\"https:\/\/www.thejournal.ie\/factcheck\/news\/\">\r\n\t\t\t\t\t\t\tthejournal.ie\t\t\t\t\t\t\t<\/a>\r\n\t\t\t\t\t\t\t\t\t\t\t<\/div>\r\n\t\t\t\t<\/div>\r\n\r\n\t\t\t\r\n\t\t\t\t<div class=\"col-lg-3 position-relative mb-4 wow animate__fadeInUp\">\r\n\t\t\t\t\t<div class=\"featured-content__wrap h-100 d-flex flex-column overflow-hidden p-3\" style=\" background-color:#fff; border:1px solid #ddd;\">\r\n\t\t\t\t\t\t<div class=\"featured-content__image w-100\" role=\"img\" aria-label=\"FactCheckNI\" style=\"height:150px; background-image:url('https:\/\/www.bemediasmart.ie\/app\/uploads\/2023\/09\/logo-factcheckni.png'); background-size:contain; background-repeat:no-repeat; background-position:center center; background-color:#fff;\">\r\n\t\t\t\t\t\t<\/div>\r\n\t\t\t\t\t\t<div class=\"flex-fill\">\r\n\t\t\t\t\t\t<p>Is \u00e9 FactCheckNI an t-aon s\u00ednitheoir f\u00edoraithe at\u00e1 ag Tuaisceart \u00c9ireann leis an gC\u00f3d Idirn\u00e1isi\u00fanta um Phrionsabail maidir le Seice\u00e1il F\u00edric\u00ed, le gealltanais maidir le neamhph\u00e1irt\u00edocht, cothroime agus tr\u00e9dhearcacht.<\/p>\n\t\t\t\t\t\t<\/div>\r\n\t\t\t\t\t\t\t\t\t\t\t\t\t<a class=\"stretched-link  btn rounded btn-medium-purple mt-4 \" href=\"https:\/\/factcheckni.org\/\">\r\n\t\t\t\t\t\t\tFactCheckNI\t\t\t\t\t\t\t<\/a>\r\n\t\t\t\t\t\t\t\t\t\t\t<\/div>\r\n\t\t\t\t<\/div>\r\n\r\n\t\t\t\r\n\t\t\t\t<div class=\"col-lg-3 position-relative mb-4 wow animate__fadeInUp\">\r\n\t\t\t\t\t<div class=\"featured-content__wrap h-100 d-flex flex-column overflow-hidden p-3\" style=\" background-color:#fff; border:1px solid #ddd;\">\r\n\t\t\t\t\t\t<div class=\"featured-content__image w-100\" role=\"img\" aria-label=\"The Poynter Institute\" style=\"height:150px; background-image:url('https:\/\/www.bemediasmart.ie\/app\/uploads\/2023\/09\/logo-poynter.png'); background-size:contain; background-repeat:no-repeat; background-position:center center; background-color:#fff;\">\r\n\t\t\t\t\t\t<\/div>\r\n\t\t\t\t\t\t<div class=\"flex-fill\">\r\n\t\t\t\t\t\t<p>Taca\u00edonn Institi\u00faid Poynter freisin le seice\u00e1il f\u00edric\u00ed ar roinnt beala\u00ed, lena n-\u00e1ir\u00edtear l\u00e1ithre\u00e1n gr\u00e9as\u00e1in Politifact, the Corona Virus Fact Alliance agus Corona Virus Facts Database.<\/p>\n\t\t\t\t\t\t<\/div>\r\n\t\t\t\t\t\t\t\t\t\t\t\t\t<a class=\"stretched-link  btn rounded btn-medium-purple mt-4 \" href=\"https:\/\/www.poynter.org\/media-news\/fact-checking\/\">\r\n\t\t\t\t\t\t\tThe Poynter Institute\t\t\t\t\t\t\t<\/a>\r\n\t\t\t\t\t\t\t\t\t\t\t<\/div>\r\n\t\t\t\t<\/div>\r\n\r\n\t\t\t\r\n\t\t\t\t<div class=\"col-lg-3 position-relative mb-4 wow animate__fadeInUp\">\r\n\t\t\t\t\t<div class=\"featured-content__wrap h-100 d-flex flex-column overflow-hidden p-3\" style=\" background-color:#fff; border:1px solid #ddd;\">\r\n\t\t\t\t\t\t<div class=\"featured-content__image w-100\" role=\"img\" aria-label=\"IFCN\" style=\"height:150px; background-image:url('https:\/\/www.bemediasmart.ie\/app\/uploads\/2023\/09\/logo-poynter.png'); background-size:contain; background-repeat:no-repeat; background-position:center center; background-color:#fff;\">\r\n\t\t\t\t\t\t<\/div>\r\n\t\t\t\t\t\t<div class=\"flex-fill\">\r\n\t\t\t\t\t\t<p>Is aonad de chuid Institi\u00faid Poynter \u00e9 an L\u00edonra Idirn\u00e1isi\u00fanta Seice\u00e1la F\u00edric\u00ed at\u00e1 tiomanta do sheice\u00e1laithe f\u00edric\u00ed a thabhairt le ch\u00e9ile ar fud an domhain tr\u00ed dhea-chleachtais agus malartuithe a chur chun cinn sa r\u00e9imse seo, agus c\u00f3d prionsabal mar bhonn taca leis.<\/p>\n\t\t\t\t\t\t<\/div>\r\n\t\t\t\t\t\t\t\t\t\t\t\t\t<a class=\"stretched-link  btn rounded btn-medium-purple mt-4 \" href=\"https:\/\/www.poynter.org\/ifcn\/\">\r\n\t\t\t\t\t\t\tIFCN\t\t\t\t\t\t\t<\/a>\r\n\t\t\t\t\t\t\t\t\t\t\t<\/div>\r\n\t\t\t\t<\/div>\r\n\r\n\t\t\t\r\n\t\t\t\t<div class=\"col-lg-3 position-relative mb-4 wow animate__fadeInUp\">\r\n\t\t\t\t\t<div class=\"featured-content__wrap h-100 d-flex flex-column overflow-hidden p-3\" style=\" background-color:#fff; border:1px solid #ddd;\">\r\n\t\t\t\t\t\t<div class=\"featured-content__image w-100\" role=\"img\" aria-label=\"Full Fact\" style=\"height:150px; background-image:url('https:\/\/www.bemediasmart.ie\/app\/uploads\/2023\/09\/logo-fullfact.png'); background-size:contain; background-repeat:no-repeat; background-position:center center; background-color:#fff;\">\r\n\t\t\t\t\t\t<\/div>\r\n\t\t\t\t\t\t<div class=\"flex-fill\">\r\n\t\t\t\t\t\t<p>Is foireann de sheice\u00e1laithe f\u00edric\u00ed agus feachtas\u00f3ir\u00ed neamhsple\u00e1cha \u00e9 Full Fact a fhaigheann, a nochtann agus a chuireann i gcoinne an dochair a dh\u00e9anann m\u00edfhaisn\u00e9is<\/p>\n\t\t\t\t\t\t<\/div>\r\n\t\t\t\t\t\t\t\t\t\t\t\t\t<a class=\"stretched-link  btn rounded btn-medium-purple mt-4 \" href=\"https:\/\/fullfact.org\/\">\r\n\t\t\t\t\t\t\tFull Fact\t\t\t\t\t\t\t<\/a>\r\n\t\t\t\t\t\t\t\t\t\t\t<\/div>\r\n\t\t\t\t<\/div>\r\n\r\n\t\t\t\r\n\t\t\t\t<div class=\"col-lg-3 position-relative mb-4 wow animate__fadeInUp\">\r\n\t\t\t\t\t<div class=\"featured-content__wrap h-100 d-flex flex-column overflow-hidden p-3\" style=\" background-color:#fff; border:1px solid #ddd;\">\r\n\t\t\t\t\t\t<div class=\"featured-content__image w-100\" role=\"img\" aria-label=\"Snopes\" style=\"height:150px; background-image:url('https:\/\/www.bemediasmart.ie\/app\/uploads\/2023\/09\/logo-snopes.png'); background-size:contain; background-repeat:no-repeat; background-position:center center; background-color:#fff;\">\r\n\t\t\t\t\t\t<\/div>\r\n\t\t\t\t\t\t<div class=\"flex-fill\">\r\n\t\t\t\t\t\t<p>Is \u00e9 Snopes an su\u00edomh seice\u00e1la f\u00edric\u00ed is sine agus is m\u00f3 ar l\u00edne agus cuireann s\u00e9 na lip\u00e9id &#8216;F\u00edor&#8217;, \u2018F\u00edor den chuid is m\u00f3\u2019,  &#8216;Measc\u00e1n&#8217;, \u2018Br\u00e9agach den chuid is m\u00f3\u2019 n\u00f3 \u2018Br\u00e9agach\u2019 le sc\u00e9alta.<\/p>\n\t\t\t\t\t\t<\/div>\r\n\t\t\t\t\t\t\t\t\t\t\t\t\t<a class=\"stretched-link  btn rounded btn-medium-purple mt-4 \" href=\"https:\/\/www.snopes.com\/fact-check\/\">\r\n\t\t\t\t\t\t\tSnopes\t\t\t\t\t\t\t<\/a>\r\n\t\t\t\t\t\t\t\t\t\t\t<\/div>\r\n\t\t\t\t<\/div>\r\n\r\n\t\t\t\t\t\t\r\n\t\t\t<\/div>\r\n    <\/div>\r\n  <\/section>\n\n\t\r\n\t<section class=\"content py-4 py-lg-5 featured-content news-short bg-color-white mt-0\">\r\n\t\t<div class=\"container mt-4\">\r\n\t\t\t<div class=\"row\">\r\n\t\t\t\t<div class=\"col-lg-12\">\r\n\t\t\t\t\t<h2><a href=\"https:\/\/www.thejournal.ie\/factcheck\/news\/\" targe=\"_blank\">FactChecks \u00f3 <span><svg width=\"220\" style=\"margin-top:-5px;\" height=\"37\" viewBox=\"0 0 480 82\" fill=\"none\" xmlns=\"http:\/\/www.w3.org\/2000\/svg\">\r\n                    <path d=\"M455.247 37.9895C455.247 24.2647 448.629 17.4023 436.008 17.4023C424.734 17.4023 417.259 23.0393 412.724 30.5144L416.033 33.8231C420.69 28.9214 426.204 26.348 432.454 26.348C439.439 26.348 442.87 29.7792 442.87 37.9895V39.3375C418.852 41.4207 411.009 48.4057 411.009 58.6993C411.009 67.2773 416.768 72.7917 426.449 72.7917C434.169 72.7917 440.051 69.3605 442.993 64.3362C443.115 66.9096 443.36 69.3605 443.605 71.9339H456.227C455.614 66.0518 455.247 60.6599 455.247 55.8808V38.1121V37.9895ZM431.841 64.8264C426.817 64.8264 423.753 62.0079 423.753 56.8611C423.753 50.734 427.675 47.3028 442.87 45.2196V56.0033C442.87 57.5964 442.87 59.0669 442.993 60.5374C440.051 63.2334 436.375 64.8264 431.841 64.8264Z\" fill=\"#1b2da0\"><\/path>\r\n                    <path d=\"M87.9855 17.4011C80.7555 17.4011 74.9959 20.7097 71.8098 26.9594V0L58.8203 2.08324V71.9326H71.8098V30.8808C75.241 28.1849 79.1624 26.8369 83.3289 26.8369C89.5785 26.8369 92.5196 30.2681 92.5196 37.6206V71.9326H105.509V35.7825C105.509 24.5086 98.7692 17.4011 87.9855 17.4011Z\" fill=\"#1b2da0\"><\/path>\r\n                    <path d=\"M466.888 1.96069V71.9326H480V0L466.888 1.96069Z\" fill=\"#1b2da0\"><\/path>\r\n                    <path d=\"M1.10288 2.57422L0 10.5395L19.7294 9.68172V71.9334H33.8218V9.68172L54.0414 10.5395L52.8159 2.57422H1.10288Z\" fill=\"#1b2da0\"><\/path>\r\n                    <path d=\"M296.676 60.0468C293.367 62.7427 289.936 63.9682 285.77 63.9682C279.397 63.9682 276.579 60.4145 276.579 53.1844V17.8921L263.467 19.7302V54.9C263.467 66.174 269.594 72.6687 280.745 72.6687C287.853 72.6687 293.49 69.7277 296.921 63.8456L297.289 71.8109H309.298V17.7695L296.676 19.8528V60.0468Z\" fill=\"#1b2da0\"><\/path>\r\n                    <path d=\"M386.133 17.4023C378.535 17.4023 372.653 20.9561 369.467 27.8185V17.8925L356.478 19.7306V71.8113H369.467V31.1272C373.021 28.0636 377.187 26.7156 381.354 26.7156C387.726 26.7156 390.544 30.0242 390.544 37.4994V71.8113H403.657V35.7838C403.657 24.5098 396.917 17.4023 386.133 17.4023Z\" fill=\"#1b2da0\"><\/path>\r\n                    <path d=\"M332.213 28.9213V18.015L319.591 19.8531V71.9338H332.458V33.7005C337.36 30.1467 343.487 28.7987 349.859 30.0242L349.124 18.2601C341.036 16.5445 334.664 20.7109 332.213 28.9213Z\" fill=\"#1b2da0\"><\/path>\r\n                    <path d=\"M182.466 53.7971C182.466 67.2768 179.402 74.5069 171.314 77.693L172.05 81.1241C188.961 79.8987 196.558 70.9531 196.558 53.7971V2.57422H182.466V53.7971Z\" fill=\"#1b2da0\"><\/path>\r\n                    <path d=\"M141.292 63.7235C130.753 63.7235 125.361 56.4935 125.238 43.5039L159.305 44.1167C160.898 26.7156 152.811 17.4023 137.983 17.4023C122.175 17.4023 112.126 28.4312 112.126 45.4646C112.126 62.0079 121.44 72.7917 137.125 72.7917C147.051 72.7917 155.384 68.2576 160.163 60.0472L156.855 56.9836C152.688 61.5177 147.296 63.7235 141.292 63.7235ZM137.37 22.9168C144.355 22.9168 147.419 28.4312 146.316 37.3768L125.238 38.3572C126.096 28.6763 130.14 22.9168 137.37 22.9168Z\" fill=\"#1b2da0\"><\/path>\r\n                    <path d=\"M230.012 17.4023C213.224 17.4023 203.543 28.4312 203.543 45.4646C203.543 62.253 213.101 72.9142 230.012 72.9142C247.046 72.9142 256.481 62.3755 256.481 45.4646C256.604 28.4312 246.923 17.4023 230.012 17.4023ZM230.012 66.7871C222.047 66.7871 217.635 59.557 217.635 45.3421C217.635 31.0046 222.047 23.5295 230.012 23.5295C237.977 23.5295 242.389 31.0046 242.389 45.3421C242.389 59.557 237.977 66.7871 230.012 66.7871Z\" fill=\"#1b2da0\"><\/path>\r\n                <\/svg><\/span><\/a><\/h2>\r\n\t\t\t\t<\/div>\r\n\t\t\t<\/div>\r\n\t\t\t<div class=\"row align-items-stretch\">\r\n\t\t\t\t\t\t\t\t\t\t\t\r\n\t\t\t\t\t\t\t<div class=\"col-12 col-lg-4 position-relative mt-4 wow animate__fadeInUp\">\r\n\t\t\t\t\t\t\t\t<div class=\"featured-content__wrap h-100 d-flex flex-column overflow-hidden\">\r\n\t\t\t\t\t\t\t\t\t<div class=\"featured-content__image w-100\" style=\"height:200px; line-height:200px; font-weight:bold; background-color:#5a4a82; color:#fff; font-size:2rem; text-align:center; background-size: cover; background-repeat:no-repeat; background-position: center center; background-image:url();\">\r\n\t\t\t\t\t\t\t\t\t\t\t\t\t\t\t\t\t\t\t\t\t<span style=\"transform: rotate(320deg); display:block;\">Debunked<\/span>\r\n\t\t\t\t\t\t\t\t\t\t\t\t\t\t\t\t\t\t\t<\/div>\r\n\t\t\t\t\t\t\t\t\t<div class=\"featured-content__content p-4 bg-color-white flex-fill\">\r\n\t\t\t\t\t\t\t\t\t\t<h3 class=\"mb-4\">Debunked: Video of abandoned &#8216;Irish&#8217; woman in London contains no evidence she is Irish<\/h3>\r\n\t\t\t\t\t\t\t\t\t\t<p>\r\n\t\t\t\t\t\t\t\t\t\t\t\n\nA STORY FROM last year about an elderly woman being abandoned at a fast-food outlet has been reshared by an Irish anti-immigration activist with additional fabricated details.\nBoth the elderly&#8230;\t\t\t\t\t\t\t\t\t\t<\/p>\r\n\t\t\t\t\t\t\t\t\t\t<a class=\"stretched-link btn rounded btn-medium-purple mt-4\" href=\"https:\/\/www.thejournal.ie\/debunked-niall-mcconnell-fake-irish-woman-london-abandoned-elderly-african-anti-immigration-campaigner-7026287-Apr2026\/\" target=\"_blank\">L\u00e9igh N\u00edos M\u00f3<\/a>\r\n\t\t\t\t\t\t\t\t\t<\/div>\r\n\t\t\t\t\t\t\t\t<\/div>\r\n\t\t\t\t\t\t\t<\/div>\r\n\t\t\t\t\t\t\t\t\t\t\t\r\n\t\t\t\t\t\t\t<div class=\"col-12 col-lg-4 position-relative mt-4 wow animate__fadeInUp\">\r\n\t\t\t\t\t\t\t\t<div class=\"featured-content__wrap h-100 d-flex flex-column overflow-hidden\">\r\n\t\t\t\t\t\t\t\t\t<div class=\"featured-content__image w-100\" style=\"height:200px; line-height:200px; font-weight:bold; background-color:#5a4a82; color:#fff; font-size:2rem; text-align:center; background-size: cover; background-repeat:no-repeat; background-position: center center; background-image:url();\">\r\n\t\t\t\t\t\t\t\t\t\t\t\t\t\t\t\t\t\t\t\t\t<span style=\"transform: rotate(320deg); display:block;\">Debunked<\/span>\r\n\t\t\t\t\t\t\t\t\t\t\t\t\t\t\t\t\t\t\t<\/div>\r\n\t\t\t\t\t\t\t\t\t<div class=\"featured-content__content p-4 bg-color-white flex-fill\">\r\n\t\t\t\t\t\t\t\t\t\t<h3 class=\"mb-4\">A bizarre &#8216;time travel&#8217; theory is among the conspiracies spreading about the DC shooter<\/h3>\r\n\t\t\t\t\t\t\t\t\t\t<p>\r\n\t\t\t\t\t\t\t\t\t\t\t\n\nDRAMATIC EVENTS OFTEN prompt dramatic speculation. And in the hours after what appears to be an assassination attempt at a dinner Donald Trump was attending, speculation ran wild.\nOn Saturday&#8230;\t\t\t\t\t\t\t\t\t\t<\/p>\r\n\t\t\t\t\t\t\t\t\t\t<a class=\"stretched-link btn rounded btn-medium-purple mt-4\" href=\"https:\/\/www.thejournal.ie\/factchecek-conspiracy-theories-donald-trump-attempted-shooting-white-house-correspondents-dinner-2026-7025396-Apr2026\/\" target=\"_blank\">L\u00e9igh N\u00edos M\u00f3<\/a>\r\n\t\t\t\t\t\t\t\t\t<\/div>\r\n\t\t\t\t\t\t\t\t<\/div>\r\n\t\t\t\t\t\t\t<\/div>\r\n\t\t\t\t\t\t\t\t\t\t\t\r\n\t\t\t\t\t\t\t<div class=\"col-12 col-lg-4 position-relative mt-4 wow animate__fadeInUp\">\r\n\t\t\t\t\t\t\t\t<div class=\"featured-content__wrap h-100 d-flex flex-column overflow-hidden\">\r\n\t\t\t\t\t\t\t\t\t<div class=\"featured-content__image w-100\" style=\"height:200px; line-height:200px; font-weight:bold; background-color:#5a4a82; color:#fff; font-size:2rem; text-align:center; background-size: cover; background-repeat:no-repeat; background-position: center center; background-image:url(https:\/\/c0.thejournal.ie\/media\/2026\/04\/an-taoiseach-leo-varadkar-takes-the-reins-as-he-tries-his-hand-at-ploughing-during-a-visit-to-the-irish-2018-national-ploughing-championship-in-tullamore-co-offaly-ireland-5cf376c2-aa69-4163-9a07-51bae8c97e34-630x440.jpg);\">\r\n\t\t\t\t\t\t\t\t\t\t\t\t\t\t\t\t\t\t\t<\/div>\r\n\t\t\t\t\t\t\t\t\t<div class=\"featured-content__content p-4 bg-color-white flex-fill\">\r\n\t\t\t\t\t\t\t\t\t\t<h3 class=\"mb-4\">FactFind: Was Leo Varadkar right about urban areas \u2018paying the bills\u2019 in Ireland?<\/h3>\r\n\t\t\t\t\t\t\t\t\t\t<p>\r\n\t\t\t\t\t\t\t\t\t\t\t\n\nCOMMENTS BY FORMER Taoiseach Leo Varadkar about who pays for and who gets more from services in Ireland have caused controversy over the past week.\n\u201cPeople in rural Ireland are&#8230;\t\t\t\t\t\t\t\t\t\t<\/p>\r\n\t\t\t\t\t\t\t\t\t\t<a class=\"stretched-link btn rounded btn-medium-purple mt-4\" href=\"https:\/\/www.thejournal.ie\/factfind-rural-or-urban-who-pays-taxes-and-gets-services-varadkar-comments-farmers-dublin-7021072-Apr2026\/\" target=\"_blank\">L\u00e9igh N\u00edos M\u00f3<\/a>\r\n\t\t\t\t\t\t\t\t\t<\/div>\r\n\t\t\t\t\t\t\t\t<\/div>\r\n\t\t\t\t\t\t\t<\/div>\r\n\t\t\t\t\t\t\t\t\t\t\t\r\n\t\t\t\t\t\t\t<div class=\"col-12 col-lg-4 position-relative mt-4 wow animate__fadeInUp\">\r\n\t\t\t\t\t\t\t\t<div class=\"featured-content__wrap h-100 d-flex flex-column overflow-hidden\">\r\n\t\t\t\t\t\t\t\t\t<div class=\"featured-content__image w-100\" style=\"height:200px; line-height:200px; font-weight:bold; background-color:#5a4a82; color:#fff; font-size:2rem; text-align:center; background-size: cover; background-repeat:no-repeat; background-position: center center; background-image:url(https:\/\/c0.thejournal.ie\/media\/2026\/04\/dublinireland-february122019streetatmosphereandarchitecture-57d8e5a0-6ff0-4d52-bd17-dce400bbe6df-630x302.jpg);\">\r\n\t\t\t\t\t\t\t\t\t\t\t\t\t\t\t\t\t\t\t<\/div>\r\n\t\t\t\t\t\t\t\t\t<div class=\"featured-content__content p-4 bg-color-white flex-fill\">\r\n\t\t\t\t\t\t\t\t\t\t<h3 class=\"mb-4\">Debunked: Fringe commentator from US spreads false rumour of stabbing at Connolly Station<\/h3>\r\n\t\t\t\t\t\t\t\t\t\t<p>\r\n\t\t\t\t\t\t\t\t\t\t\t\n\nFALSE CLAIMS OF a stabbing at Connolly Station on Saturday night were shared to millions of people by a US commentator who had travelled to Ireland to cover the&#8230;\t\t\t\t\t\t\t\t\t\t<\/p>\r\n\t\t\t\t\t\t\t\t\t\t<a class=\"stretched-link btn rounded btn-medium-purple mt-4\" href=\"https:\/\/www.thejournal.ie\/debunked-factcheck-connolly-station-stabbing-misinformation-posobiec-american-7019035-Apr2026\/\" target=\"_blank\">L\u00e9igh N\u00edos M\u00f3<\/a>\r\n\t\t\t\t\t\t\t\t\t<\/div>\r\n\t\t\t\t\t\t\t\t<\/div>\r\n\t\t\t\t\t\t\t<\/div>\r\n\t\t\t\t\t\t\t\t\t\t\t\r\n\t\t\t\t\t\t\t<div class=\"col-12 col-lg-4 position-relative mt-4 wow animate__fadeInUp\">\r\n\t\t\t\t\t\t\t\t<div class=\"featured-content__wrap h-100 d-flex flex-column overflow-hidden\">\r\n\t\t\t\t\t\t\t\t\t<div class=\"featured-content__image w-100\" style=\"height:200px; line-height:200px; font-weight:bold; background-color:#5a4a82; color:#fff; font-size:2rem; text-align:center; background-size: cover; background-repeat:no-repeat; background-position: center center; background-image:url(https:\/\/c1.thejournal.ie\/media\/2026\/04\/fuel-story-4644_90745919-94c6614d-2357-4806-8e75-f9c498518b9b-630x323.jpg);\">\r\n\t\t\t\t\t\t\t\t\t\t\t\t\t\t\t\t\t\t\t<\/div>\r\n\t\t\t\t\t\t\t\t\t<div class=\"featured-content__content p-4 bg-color-white flex-fill\">\r\n\t\t\t\t\t\t\t\t\t\t<h3 class=\"mb-4\">Factfind: Are Ireland\u2019s fuel relief packages the largest per capita in the EU?<\/h3>\r\n\t\t\t\t\t\t\t\t\t\t<p>\r\n\t\t\t\t\t\t\t\t\t\t\t\n\nDEFENDING HIS LEADERSHIP from a no-confidence motion, Miche\u00e1l Martin told the D\u00e1il on Tuesday that the government\u2019s recent actions to reduce fuel costs were \u201cproportionately the largest assistance package&#8230;\t\t\t\t\t\t\t\t\t\t<\/p>\r\n\t\t\t\t\t\t\t\t\t\t<a class=\"stretched-link btn rounded btn-medium-purple mt-4\" href=\"https:\/\/www.thejournal.ie\/factfind-is-ireland-fuel-relief-package-the-most-generaous-in-europe-spain-poland-germany-cyprus-excise-duty-subsidies-price-cap-7015552-Apr2026\/\" target=\"_blank\">L\u00e9igh N\u00edos M\u00f3<\/a>\r\n\t\t\t\t\t\t\t\t\t<\/div>\r\n\t\t\t\t\t\t\t\t<\/div>\r\n\t\t\t\t\t\t\t<\/div>\r\n\t\t\t\t\t\t\t\t\t\t\t\r\n\t\t\t\t\t\t\t<div class=\"col-12 col-lg-4 position-relative mt-4 wow animate__fadeInUp\">\r\n\t\t\t\t\t\t\t\t<div class=\"featured-content__wrap h-100 d-flex flex-column overflow-hidden\">\r\n\t\t\t\t\t\t\t\t\t<div class=\"featured-content__image w-100\" style=\"height:200px; line-height:200px; font-weight:bold; background-color:#5a4a82; color:#fff; font-size:2rem; text-align:center; background-size: cover; background-repeat:no-repeat; background-position: center center; background-image:url(https:\/\/c0.thejournal.ie\/media\/2026\/04\/untitled-14-296e9390-c1f1-4cee-ae61-ef724bc47f4d-630x354.png);\">\r\n\t\t\t\t\t\t\t\t\t\t\t\t\t\t\t\t\t\t\t<\/div>\r\n\t\t\t\t\t\t\t\t\t<div class=\"featured-content__content p-4 bg-color-white flex-fill\">\r\n\t\t\t\t\t\t\t\t\t\t<h3 class=\"mb-4\">Debunked: Fake images and false claims of garda\u00ed turned away from restaurants during protests<\/h3>\r\n\t\t\t\t\t\t\t\t\t\t<p>\r\n\t\t\t\t\t\t\t\t\t\t\t\n\nIMAGES APPEARING TO show members of An Garda S\u00edoch\u00e1na being turned away from restaurants and caf\u00e9s during the recent fuel price protests, alongside detailed accounts of this happening, have&#8230;\t\t\t\t\t\t\t\t\t\t<\/p>\r\n\t\t\t\t\t\t\t\t\t\t<a class=\"stretched-link btn rounded btn-medium-purple mt-4\" href=\"https:\/\/www.thejournal.ie\/gardai-turned-away-from-restaurants-during-protests-7012692-Apr2026\/\" target=\"_blank\">L\u00e9igh N\u00edos M\u00f3<\/a>\r\n\t\t\t\t\t\t\t\t\t<\/div>\r\n\t\t\t\t\t\t\t\t<\/div>\r\n\t\t\t\t\t\t\t<\/div>\r\n\t\t\t\t\t\t\t\t\t\t\t\r\n\t\t\t\t\t\t\t<div class=\"col-12 col-lg-4 position-relative mt-4 wow animate__fadeInUp\">\r\n\t\t\t\t\t\t\t\t<div class=\"featured-content__wrap h-100 d-flex flex-column overflow-hidden\">\r\n\t\t\t\t\t\t\t\t\t<div class=\"featured-content__image w-100\" style=\"height:200px; line-height:200px; font-weight:bold; background-color:#5a4a82; color:#fff; font-size:2rem; text-align:center; background-size: cover; background-repeat:no-repeat; background-position: center center; background-image:url(https:\/\/c1.thejournal.ie\/media\/2026\/04\/9-gardai-clear-o-connell-street_90746571-e43e7247-ec96-4975-8261-6bcb03da4e45-630x348.png);\">\r\n\t\t\t\t\t\t\t\t\t\t\t\t\t\t\t\t\t\t\t<\/div>\r\n\t\t\t\t\t\t\t\t\t<div class=\"featured-content__content p-4 bg-color-white flex-fill\">\r\n\t\t\t\t\t\t\t\t\t\t<h3 class=\"mb-4\">Debunked: The PSNI was not involved with breaking up fuel protests in Cork, Galway or Dublin<\/h3>\r\n\t\t\t\t\t\t\t\t\t\t<p>\r\n\t\t\t\t\t\t\t\t\t\t\t\n\nAS GARDA\u00cd MOVED in to break up protests and blockades over the weekend, rumours both online and among protest groups claimed that the police involved were actually from Northern&#8230;\t\t\t\t\t\t\t\t\t\t<\/p>\r\n\t\t\t\t\t\t\t\t\t\t<a class=\"stretched-link btn rounded btn-medium-purple mt-4\" href=\"https:\/\/www.thejournal.ie\/factcheck-debunked-psni-an-garda-siochana-fuel-protests-dublin-cork-galway-7012034-Apr2026\/\" target=\"_blank\">L\u00e9igh N\u00edos M\u00f3<\/a>\r\n\t\t\t\t\t\t\t\t\t<\/div>\r\n\t\t\t\t\t\t\t\t<\/div>\r\n\t\t\t\t\t\t\t<\/div>\r\n\t\t\t\t\t\t\t\t\t\t\t\r\n\t\t\t\t\t\t\t<div class=\"col-12 col-lg-4 position-relative mt-4 wow animate__fadeInUp\">\r\n\t\t\t\t\t\t\t\t<div class=\"featured-content__wrap h-100 d-flex flex-column overflow-hidden\">\r\n\t\t\t\t\t\t\t\t\t<div class=\"featured-content__image w-100\" style=\"height:200px; line-height:200px; font-weight:bold; background-color:#5a4a82; color:#fff; font-size:2rem; text-align:center; background-size: cover; background-repeat:no-repeat; background-position: center center; background-image:url(https:\/\/c2.thejournal.ie\/media\/2026\/04\/965cabinet-meetings_90745279-f3b30197-6418-456d-b80d-815f3b76dfae-630x953.jpeg);\">\r\n\t\t\t\t\t\t\t\t\t\t\t\t\t\t\t\t\t\t\t<\/div>\r\n\t\t\t\t\t\t\t\t\t<div class=\"featured-content__content p-4 bg-color-white flex-fill\">\r\n\t\t\t\t\t\t\t\t\t\t<h3 class=\"mb-4\">Debunked: Miche\u00e1l Martin was not attending his daughter\u2019s wedding while protesters faced off with Garda\u00ed<\/h3>\r\n\t\t\t\t\t\t\t\t\t\t<p>\r\n\t\t\t\t\t\t\t\t\t\t\t\n\nFALSE CLAIMS THAT Micheal Martin was at his daughter\u2019s wedding as protests were broken up were spread online over the weekend.\nMartin did attend a wedding reception for his niece&#8230;\t\t\t\t\t\t\t\t\t\t<\/p>\r\n\t\t\t\t\t\t\t\t\t\t<a class=\"stretched-link btn rounded btn-medium-purple mt-4\" href=\"https:\/\/www.thejournal.ie\/debunked-micheal-martin-wedding-daughters-government-buildings-fuel-protests-7012015-Apr2026\/\" target=\"_blank\">L\u00e9igh N\u00edos M\u00f3<\/a>\r\n\t\t\t\t\t\t\t\t\t<\/div>\r\n\t\t\t\t\t\t\t\t<\/div>\r\n\t\t\t\t\t\t\t<\/div>\r\n\t\t\t\t\t\t\t\t\t\t\t\r\n\t\t\t\t\t\t\t<div class=\"col-12 col-lg-4 position-relative mt-4 wow animate__fadeInUp\">\r\n\t\t\t\t\t\t\t\t<div class=\"featured-content__wrap h-100 d-flex flex-column overflow-hidden\">\r\n\t\t\t\t\t\t\t\t\t<div class=\"featured-content__image w-100\" style=\"height:200px; line-height:200px; font-weight:bold; background-color:#5a4a82; color:#fff; font-size:2rem; text-align:center; background-size: cover; background-repeat:no-repeat; background-position: center center; background-image:url(https:\/\/c1.thejournal.ie\/media\/2026\/04\/boxing-gloves-on-the-boxing-ring-bc84b913-088a-4722-9eda-969338d17f5b-630x420.jpg);\">\r\n\t\t\t\t\t\t\t\t\t\t\t\t\t\t\t\t\t\t\t<\/div>\r\n\t\t\t\t\t\t\t\t\t<div class=\"featured-content__content p-4 bg-color-white flex-fill\">\r\n\t\t\t\t\t\t\t\t\t\t<h3 class=\"mb-4\">FactCheck: Do golf clubs apply for sports capital funding at three times the rate of boxing clubs?<\/h3>\r\n\t\t\t\t\t\t\t\t\t\t<p>\r\n\t\t\t\t\t\t\t\t\t\t\tWE MIGHT NEARLY be over Ireland\u2019s World Cup playoff heartbreak against Czechia last month, but there are still important debates from around the time relating to sports funding.\nOn the day&#8230;\t\t\t\t\t\t\t\t\t\t<\/p>\r\n\t\t\t\t\t\t\t\t\t\t<a class=\"stretched-link btn rounded btn-medium-purple mt-4\" href=\"https:\/\/www.thejournal.ie\/factcheck-golf-clubs-boxing-clubs-sports-funding-ireland-7007309-Apr2026\/\" target=\"_blank\">L\u00e9igh N\u00edos M\u00f3<\/a>\r\n\t\t\t\t\t\t\t\t\t<\/div>\r\n\t\t\t\t\t\t\t\t<\/div>\r\n\t\t\t\t\t\t\t<\/div>\r\n\t\t\t\t\t\t\t\t\t\t\t<div class=\"row justify-content-center mt-5\">\r\n\t\t\t\t\t\t\t\t<div class=\"col-auto\">\r\n\t\t\t\t\t\t\t\t\t\t\t\t\t\t\t\t\t\t\t<a href=\"https:\/\/www.thejournal.ie\/factcheck\/news\/\" target=\"_blank\" class=\"rounded-3 btn btn-md btn-medium-purple\">F\u00e9ach ar gach FactCheck \u00f3 The Journal<\/a>\r\n\t\t\t\t\t\t\t\t\t\t\t\t\t\t\t\t\t<\/div>\r\n\t\t\t\t\t\t\t<\/div>\r\n\t\t\t\t\t\t\t\r\n\t\t<\/div>\r\n  <\/section>\n\n<section class=\"section-featured-boxes color-boxes mt-0\">\r\n\t\t<div class=\"container-fluid\">\r\n\t\t  \r\n\t\t<div class=\"row align-items-stretch\">\r\n\t\t\t\t\t\t<div id=\"fb-0\" class=\"col-lg-6 p-5 dark overflow-hidden position-relative custom wow animate__fadeInLeft \"style=\"background-color:#5a4a82;\">\r\n\t\t\t\t<div class=\"d-flex flex-column justify-content-between align-items-start h-100\">\r\n\t\t\t\t\t<h3 class=\"text-uppercase mb-4\" style=\"color:#ffffff;\">\u00c9ist leis The Journal<\/h3>\r\n\t\t\t\t\t<p  style=\"color:#ffffff;\">\u00c9ist agus foghlaim conas a sheice\u00e1lann siad firic\u00ed<\/p>\r\n\t\t\t\t\t<a href=\"https:\/\/www.bemediasmart.ie\/ga\/about\/\" class=\"btn btn-dark rounded text-uppercase m-0 mt-4\" style=\"background-color:#ffffff;color:#5a4a82; border-color:#ffffff\">\u00c9ist leis The Journal<\/a>\r\n\t\t\t\t\t<i class=\"fa-solid fa-handshake bgicon\"><\/i>\t\t\t\t<\/div>\r\n\t\t\t<\/div>\r\n\t\t\t\t\t\t<div id=\"fb-1\" class=\"col-lg-6 p-5 dark overflow-hidden position-relative custom wow animate__fadeInRight \"style=\"background-color:#3f3656;\">\r\n\t\t\t\t<div class=\"d-flex flex-column justify-content-between align-items-start h-100\">\r\n\t\t\t\t\t<h3 class=\"text-uppercase mb-4\" style=\"color:#d1c4f1;\">Oili\u00faint<\/h3>\r\n\t\t\t\t\t<p  style=\"color:#d1c4f1;\">Foghlaim tuilleadh tr\u00edn\u00e1r gCl\u00e1r Oili\u00fana<\/p>\r\n\t\t\t\t\t<a href=\"https:\/\/www.bemediasmart.ie\/ga\/training\/\" class=\"btn btn-dark rounded text-uppercase m-0 mt-4\" style=\"background-color:#d1c4f1;color:#3f3656; border-color:#d1c4f1\">Cl\u00e1r Oili\u00fana<\/a>\r\n\t\t\t\t\t<i class=\"fa-solid fa-person-chalkboard bgicon\"><\/i>\t\t\t\t<\/div>\r\n\t\t\t<\/div>\r\n\t\t\t\t\t<\/div>\r\n\t\t\t\t<\/div>\r\n<\/section>","protected":false},"excerpt":{"rendered":"","protected":false},"author":2,"featured_media":0,"parent":0,"menu_order":0,"comment_status":"closed","ping_status":"closed","template":"","meta":{"footnotes":""},"acf":[],"yoast_head":"<!-- This site is optimized with the Yoast SEO plugin v21.4 - https:\/\/yoast.com\/wordpress\/plugins\/seo\/ -->\n<title>F\u00edorasc-Seice\u00e1il - Be Media Smart<\/title>\n<meta name=\"robots\" content=\"index, follow, max-snippet:-1, max-image-preview:large, max-video-preview:-1\" \/>\n<link rel=\"canonical\" href=\"https:\/\/www.bemediasmart.ie\/ga\/fact-check\/\" \/>\n<meta property=\"og:locale\" content=\"ga_IE\" \/>\n<meta property=\"og:type\" content=\"article\" \/>\n<meta property=\"og:title\" content=\"F\u00edorasc-Seice\u00e1il - Be Media Smart\" \/>\n<meta property=\"og:url\" content=\"https:\/\/www.bemediasmart.ie\/ga\/fact-check\/\" \/>\n<meta property=\"og:site_name\" content=\"Be Media Smart\" \/>\n<meta property=\"article:publisher\" content=\"https:\/\/www.facebook.com\/BeMediaSmart\/\" \/>\n<meta property=\"article:modified_time\" content=\"2023-10-17T14:01:40+00:00\" \/>\n<meta name=\"twitter:card\" content=\"summary_large_image\" \/>\n<meta name=\"twitter:site\" content=\"@MedialitIreland\" \/>\n<script type=\"application\/ld+json\" class=\"yoast-schema-graph\">{\"@context\":\"https:\/\/schema.org\",\"@graph\":[{\"@type\":\"WebPage\",\"@id\":\"https:\/\/www.bemediasmart.ie\/ga\/fact-check\/\",\"url\":\"https:\/\/www.bemediasmart.ie\/ga\/fact-check\/\",\"name\":\"F\u00edorasc-Seice\u00e1il - Be Media Smart\",\"isPartOf\":{\"@id\":\"https:\/\/www.bemediasmart.ie\/#website\"},\"datePublished\":\"2022-08-11T10:54:52+00:00\",\"dateModified\":\"2023-10-17T14:01:40+00:00\",\"breadcrumb\":{\"@id\":\"https:\/\/www.bemediasmart.ie\/ga\/fact-check\/#breadcrumb\"},\"inLanguage\":\"ga-IE\",\"potentialAction\":[{\"@type\":\"ReadAction\",\"target\":[\"https:\/\/www.bemediasmart.ie\/ga\/fact-check\/\"]}]},{\"@type\":\"BreadcrumbList\",\"@id\":\"https:\/\/www.bemediasmart.ie\/ga\/fact-check\/#breadcrumb\",\"itemListElement\":[{\"@type\":\"ListItem\",\"position\":1,\"name\":\"Home\",\"item\":\"https:\/\/www.bemediasmart.ie\/ga\/\"},{\"@type\":\"ListItem\",\"position\":2,\"name\":\"F\u00edorasc-Seice\u00e1il\"}]},{\"@type\":\"WebSite\",\"@id\":\"https:\/\/www.bemediasmart.ie\/#website\",\"url\":\"https:\/\/www.bemediasmart.ie\/\",\"name\":\"Be Media Smart\",\"description\":\"\",\"publisher\":{\"@id\":\"https:\/\/www.bemediasmart.ie\/#organization\"},\"potentialAction\":[{\"@type\":\"SearchAction\",\"target\":{\"@type\":\"EntryPoint\",\"urlTemplate\":\"https:\/\/www.bemediasmart.ie\/?s={search_term_string}\"},\"query-input\":\"required name=search_term_string\"}],\"inLanguage\":\"ga-IE\"},{\"@type\":\"Organization\",\"@id\":\"https:\/\/www.bemediasmart.ie\/#organization\",\"name\":\"Be Media Smart\",\"url\":\"https:\/\/www.bemediasmart.ie\/\",\"logo\":{\"@type\":\"ImageObject\",\"inLanguage\":\"ga-IE\",\"@id\":\"https:\/\/www.bemediasmart.ie\/#\/schema\/logo\/image\/\",\"url\":\"https:\/\/www.bemediasmart.ie\/app\/uploads\/2023\/09\/normalad.jpg\",\"contentUrl\":\"https:\/\/www.bemediasmart.ie\/app\/uploads\/2023\/09\/normalad.jpg\",\"width\":500,\"height\":300,\"caption\":\"Be Media Smart\"},\"image\":{\"@id\":\"https:\/\/www.bemediasmart.ie\/#\/schema\/logo\/image\/\"},\"sameAs\":[\"https:\/\/www.facebook.com\/BeMediaSmart\/\",\"https:\/\/twitter.com\/MedialitIreland\",\"https:\/\/www.instagram.com\/bemediasmart_\/\",\"http:\/\/www.linkedin.com\/company\/media-literacy-ireland\/\"]}]}<\/script>\n<!-- \/ Yoast SEO plugin. -->","yoast_head_json":{"title":"F\u00edorasc-Seice\u00e1il - Be Media Smart","robots":{"index":"index","follow":"follow","max-snippet":"max-snippet:-1","max-image-preview":"max-image-preview:large","max-video-preview":"max-video-preview:-1"},"canonical":"https:\/\/www.bemediasmart.ie\/ga\/fact-check\/","og_locale":"ga_IE","og_type":"article","og_title":"F\u00edorasc-Seice\u00e1il - Be Media Smart","og_url":"https:\/\/www.bemediasmart.ie\/ga\/fact-check\/","og_site_name":"Be Media Smart","article_publisher":"https:\/\/www.facebook.com\/BeMediaSmart\/","article_modified_time":"2023-10-17T14:01:40+00:00","twitter_card":"summary_large_image","twitter_site":"@MedialitIreland","schema":{"@context":"https:\/\/schema.org","@graph":[{"@type":"WebPage","@id":"https:\/\/www.bemediasmart.ie\/ga\/fact-check\/","url":"https:\/\/www.bemediasmart.ie\/ga\/fact-check\/","name":"F\u00edorasc-Seice\u00e1il - Be Media Smart","isPartOf":{"@id":"https:\/\/www.bemediasmart.ie\/#website"},"datePublished":"2022-08-11T10:54:52+00:00","dateModified":"2023-10-17T14:01:40+00:00","breadcrumb":{"@id":"https:\/\/www.bemediasmart.ie\/ga\/fact-check\/#breadcrumb"},"inLanguage":"ga-IE","potentialAction":[{"@type":"ReadAction","target":["https:\/\/www.bemediasmart.ie\/ga\/fact-check\/"]}]},{"@type":"BreadcrumbList","@id":"https:\/\/www.bemediasmart.ie\/ga\/fact-check\/#breadcrumb","itemListElement":[{"@type":"ListItem","position":1,"name":"Home","item":"https:\/\/www.bemediasmart.ie\/ga\/"},{"@type":"ListItem","position":2,"name":"F\u00edorasc-Seice\u00e1il"}]},{"@type":"WebSite","@id":"https:\/\/www.bemediasmart.ie\/#website","url":"https:\/\/www.bemediasmart.ie\/","name":"Be Media Smart","description":"","publisher":{"@id":"https:\/\/www.bemediasmart.ie\/#organization"},"potentialAction":[{"@type":"SearchAction","target":{"@type":"EntryPoint","urlTemplate":"https:\/\/www.bemediasmart.ie\/?s={search_term_string}"},"query-input":"required name=search_term_string"}],"inLanguage":"ga-IE"},{"@type":"Organization","@id":"https:\/\/www.bemediasmart.ie\/#organization","name":"Be Media Smart","url":"https:\/\/www.bemediasmart.ie\/","logo":{"@type":"ImageObject","inLanguage":"ga-IE","@id":"https:\/\/www.bemediasmart.ie\/#\/schema\/logo\/image\/","url":"https:\/\/www.bemediasmart.ie\/app\/uploads\/2023\/09\/normalad.jpg","contentUrl":"https:\/\/www.bemediasmart.ie\/app\/uploads\/2023\/09\/normalad.jpg","width":500,"height":300,"caption":"Be Media Smart"},"image":{"@id":"https:\/\/www.bemediasmart.ie\/#\/schema\/logo\/image\/"},"sameAs":["https:\/\/www.facebook.com\/BeMediaSmart\/","https:\/\/twitter.com\/MedialitIreland","https:\/\/www.instagram.com\/bemediasmart_\/","http:\/\/www.linkedin.com\/company\/media-literacy-ireland\/"]}]}},"_links":{"self":[{"href":"https:\/\/www.bemediasmart.ie\/ga\/wp-json\/wp\/v2\/pages\/1171"}],"collection":[{"href":"https:\/\/www.bemediasmart.ie\/ga\/wp-json\/wp\/v2\/pages"}],"about":[{"href":"https:\/\/www.bemediasmart.ie\/ga\/wp-json\/wp\/v2\/types\/page"}],"author":[{"embeddable":true,"href":"https:\/\/www.bemediasmart.ie\/ga\/wp-json\/wp\/v2\/users\/2"}],"replies":[{"embeddable":true,"href":"https:\/\/www.bemediasmart.ie\/ga\/wp-json\/wp\/v2\/comments?post=1171"}],"version-history":[{"count":18,"href":"https:\/\/www.bemediasmart.ie\/ga\/wp-json\/wp\/v2\/pages\/1171\/revisions"}],"predecessor-version":[{"id":2002,"href":"https:\/\/www.bemediasmart.ie\/ga\/wp-json\/wp\/v2\/pages\/1171\/revisions\/2002"}],"wp:attachment":[{"href":"https:\/\/www.bemediasmart.ie\/ga\/wp-json\/wp\/v2\/media?parent=1171"}],"curies":[{"name":"wp","href":"https:\/\/api.w.org\/{rel}","templated":true}]}}