{"id":1170,"date":"2023-08-04T12:02:33","date_gmt":"2023-08-04T11:02:33","guid":{"rendered":"https:\/\/www.bemediasmart.ie\/ask-an-expert\/"},"modified":"2023-10-17T12:16:23","modified_gmt":"2023-10-17T11:16:23","slug":"ask-an-expert","status":"publish","type":"page","link":"https:\/\/www.bemediasmart.ie\/ga\/ask-an-expert\/","title":{"rendered":"Cuir ceist ar na saineolaithe"},"content":{"rendered":"\r\n<section class=\"home-main-banner main-banner\">\r\n\t\t<div class=\"container h-100 position-relative\">\r\n\t\t\t\t<div class=\"row d-flex align-items-center justify-content-end is-home-main-banner-content is-home-main-banner-art\">\r\n\t\t\t\t<div class=\"col-12 col-md-6 pt-5 mt-5 d-flex justify-content-center\">\t\r\n\t\t\t\t\t<div class=\"col-auto is-home-main-banner-icon-cloud d-flex justify-content-center\">\r\n\t\t\t\t\t\t<i class=\"bi bi-person-raised-hand is-ictp-1\" value=\"1\"><\/i>\r\n\t\t\t\t\t\t<i class=\"bi bi-geo-alt is-ictp-3 mouse\" value=\"2\"><\/i>\r\n\t\t\t\t\t\t<i class=\"bi bi-laptop is-ictp-3 mouse\" value=\"1\"><\/i>\r\n\t\t\t\t\t\t<i class=\"bi bi-telephone is-ictp-2 mouse\" value=\"2\"><\/i>\r\n\t\t\t\t\t\t<i class=\"bi bi-paperclip is-ictp-4 mouse\" value=\"1\"><\/i>\r\n\t\t\t\t\t\t<i class=\"bi bi-hand-thumbs-up is-ictp-4 mouse\" value=\"2\"><\/i>\r\n\t\t\t\t\t\t<i class=\"bi bi-hash is-ictp-2 mouse\" value=\"1\"><\/i>\r\n\t\t\t\t\t\t<i class=\"fa-regular fa-newspaper is-ictp-4 mouse\" value=\"2\"><\/i>\r\n\t\t\t\t\t\t<i class=\"bi bi-bell is-ictp-3 mouse\" value=\"1\"><\/i>\r\n\t\t\t\t\t\t<i class=\"bi bi-bookmark is-ictp-4 mouse\" value=\"2\"><\/i>\r\n\t\t\t\t\t\t<i class=\"bi bi-phone is-ictp-3 mouse\" value=\"1\"><\/i>\r\n\t\t\t\t\t\t<i class=\"bi bi-broadcast-pin is-ictp-2 mouse\" value=\"1\"><\/i>\r\n\t\t\t\t\t\t<i class=\"bi bi-camera is-ictp-4 mouse\" value=\"2\"><\/i>\r\n\t\t\t\t\t\t<i class=\"bi bi-film is-ictp-4 mouse\" value=\"1\"><\/i>\r\n\t\t\t\t\t\t<i class=\"bi bi-postcard is-ictp-4 mouse\" value=\"2\"><\/i>\r\n\t\t\t\t\t\t<i class=\"fa-solid fa-radio is-ictp-4 mouse\" value=\"1\"><\/i>\r\n\t\t\t\t\t\t<i class=\"bi bi-tv is-ictp-3 mouse\" value=\"2\"><\/i>\r\n\t\t\t\t\t\t<i class=\"bi bi-envelope-paper is-ictp-2 mouse\" value=\"1\"><\/i>\r\n\t\t\t\t\t\t<i class=\"bi bi-book is-ictp-3 mouse\" value=\"2\"><\/i>\r\n\t\t\t\t\t\t<i class=\"bi bi-chat-square-text is-ictp-2 mouse\" value=\"1\"><\/i>\r\n\t\t\t\t\t<\/div>\r\n\t\t\t\t<\/div>\t\r\n\t\t\t\t<\/div>\r\n\t\t\t\t<div class=\"row d-flex align-items-center justify-content-start is-home-main-banner-content\">\r\n\t\t\t\t\t<div class=\"col-12 col-auto d-flex flex-column justify-content-start is-home-main-banner-content-left\">\t\r\n\t\t\t\t\t\t<nav class=\"pb-4 pb-5\" aria-label=\"breadcrumb\">\r\n\t\t\t\t\t\t\t<ol class=\"breadcrumb\">\r\n\t\t\t\t\t\t\t\t<li class=\"breadcrumb-item\"><a href=\"\/\">Baile<\/a><\/li>\r\n\t\t\t\t\t\t\t\t<li class=\"breadcrumb-item active\" aria-current=\"page\">Cuir ceist ar na saineolaithe<\/li>\r\n\t\t\t\t\t\t\t<\/ol>\r\n\t\t\t\t\t\t<\/nav>\r\n\t\t\t\t\t\t<h1 class=\"color-white pb-3\">\r\n\t\t\t\t\t\t\t<span>Cuir ceist ar na saineolaithe<\/span>\r\n\t\t\t\t\t\t\t<span class=\"blink\">_<\/span>\r\n\t\t\t\t\t\t<\/h1>\r\n\t\t\t\t\t\t<div class=\"col-12 col-md-8 col-lg-6 p-0\">\r\n\t\t\t\t\t\t\t<div class=\"h3 color-white\">\r\n\t\t\t\t\t\t\t<p>\u00das\u00e1idimid c\u00f3ras faisn\u00e9ise casta agus is f\u00e9idir leis a bheith deacair a fh\u00e1il amach cad at\u00e1 cruinn agus iontaofa, agus cad at\u00e1 le d\u00e9anamh chun an r\u00edr\u00e1 faisn\u00e9ise a l\u00e1imhse\u00e1il. Sin an f\u00e1th a bhfuil foireann saineolaithe \u2018B\u00edodh Tuiscint Agat ar na Me\u00e1in\u2019 ar f\u00e1il chun do cheisteanna a fhreagairt. F\u00e9ach th\u00edos ar roinnt ceisteanna coitianta, n\u00f3 cuir do cheist f\u00e9in. <\/p>\n\t\t\t\t\t\t\t<\/div>\r\n\t\t\t\t\t\t<\/div>\r\n\t\t\t\t\t<\/div>\r\n\t\t\t\t<\/div>\r\n\t\t<\/div>\r\n\t\t<div class=\"is-scrolldown-indicator\"><a class=\"animate__animated animate__slow animate__fadeIn d-flex justify-content-center\"><i class=\"bi bi-chevron-double-down animate__infinite animate__animated animate__slow animate__bounce\"><\/i><\/a><\/div>\r\n\t<\/section>\n\n\r\n<section id=\"card-listblock_e7bd4ed3a1cf47f32a52af729cb02647\" class=\"section-highlight-box section-card-two py-4 py-lg-5 mt-0 bg-color-offwhite\">\r\n\t\t<div class=\"container mt-4 mb-5\">\r\n\t\t\t\t\t\t\t<div class=\"row\">\r\n\t\t\t\t\t<div class=\"col-lg-12\">\r\n\t\t\t\t\t\t\t\t\t\t\t\t\t<h2>Cuir Aithne ar na Saineolaithe<\/h2>\r\n\t\t\t\t\t\t\t\t\t\t\t\t\t\r\n\t\t\t\t\t<\/div>\r\n\t\t\t\t<\/div>\r\n\t\t\t\t\t\t<div class=\"row justify-content-center align-items-stretch mt-5\">\r\n\t\t\t  \r\n\t\t\t\r\n\t\t\t\t<div class=\"col-lg-3 position-relative mb-5 wow animate__fadeInUp\">\r\n\t\t\t\t\t<div class=\"highlight-box-container d-flex flex-column position-relative bg-color-white h-100\">\r\n\t\t\t\t\t\t<div class=\"highlight-box-image ms-0 ms-lg-3\"><img decoding=\"async\" src=\"https:\/\/www.bemediasmart.ie\/app\/uploads\/2023\/09\/Claire-McGuinness-002.jpg\" ><\/div>\r\n\t\t\t\t\t\t<div class=\"flex-fill p-3 w-100\">\r\n\t\t\t\t\t\t\t<h3 class=\"mb-3\">Claire McGuinness<\/h3>\r\n\t\t\t\t\t\t\t\t\t\t\t\t\t\t\t<a class=\"btn rounded btn-medium-purple stretched-link\" data-bs-toggle=\"modal\" data-bs-target=\"#card-id-0\">L\u00e9igh eolas<\/a>\r\n\t\t\t\t\t\t\t\t\t\t\t\t\t<\/div>\r\n\t\t\t\t\t<\/div>\r\n\t\t\t\t\t\t\t\t\t\t<!-- Modal -->\r\n\t\t\t\t\t<div class=\"modal fade\" id=\"card-id-0\" tabindex=\"-1\" role=\"dialog\" aria-labelledby=\"card-id-0Label\" aria-hidden=\"true\">\r\n\t\t\t\t\t\t<div class=\"modal-dialog\" role=\"document\">\r\n\t\t\t\t\t\t\t<div class=\"modal-content\">\r\n\t\t\t\t\t\t\t\t<div class=\"modal-header\">\r\n\t\t\t\t\t\t\t\t\t<h5 class=\"modal-title\" id=\"exampleModalLabel\">Claire McGuinness<\/h5>\r\n\t\t\t\t\t\t\t\t\t<button type=\"button\" class=\"close\" data-bs-dismiss=\"modal\" aria-label=\"Close\">\r\n\t\t\t\t\t\t\t\t\t\t<span aria-hidden=\"true\">&times;<\/span>\r\n\t\t\t\t\t\t\t\t\t<\/button>\r\n\t\t\t\t\t\t\t\t<\/div>\r\n\t\t\t\t\t\t\t\t<div class=\"modal-body\">\r\n\t\t\t\t\t\t\t\t\t<p>Is Ollamh C\u00fanta \u00ed Claire McGuinness i Scoil an L\u00e9inn Faisn\u00e9ise agus Cumars\u00e1ide UCD. Is suim l\u00e9i litearthacht faisn\u00e9ise, dhigiteach agus litearthacht sna me\u00e1in, agus foils\u00edodh go leor d\u00e1 cuid oibre sna r\u00e9ims\u00ed sin agus i r\u00e9ims\u00ed eile, lena n-\u00e1ir\u00edtear leabharlanna\u00edocht acad\u00fail agus scileanna teagaisc do leabharlannaithe. Mh\u00fain s\u00ed iliomad mod\u00fail ar litearthacht faisn\u00e9ise, dhigiteacha agus me\u00e1n, agus faoi l\u00e1thair t\u00e1 s\u00ed i gceannas ar roinnt c\u00farsa\u00ed ar chl\u00e1ir MLIS agus BSc Eola\u00edochta\u00ed S\u00f3isialta UCD. Is \u00e9 \u2018The Academic Teaching Librarian&#8217;s Handbook\u2019 an tr\u00ed\u00fa leabhar d\u00e1 cuid, i ndiaidh &#8216;Becoming Confident Teachers: A Guide for Academic Librarians&#8217; in 2011, agus \u2018Digital Detectives\u2019, comh\u00fadar le Crystal Fulton in 2016.<\/p>\n\t\t\t\t\t\t\t\t<\/div>\r\n\t\t\t\t\t\t\t<\/div>\r\n\t\t\t\t\t\t<\/div>\r\n\t\t\t\t\t<\/div>\r\n\t\t\t\t\t\t\t\t\t<\/div>\r\n\t\t\t\t\r\n\r\n\r\n\t\t\t\r\n\t\t\t\t<div class=\"col-lg-3 position-relative mb-5 wow animate__fadeInUp\">\r\n\t\t\t\t\t<div class=\"highlight-box-container d-flex flex-column position-relative bg-color-white h-100\">\r\n\t\t\t\t\t\t<div class=\"highlight-box-image ms-0 ms-lg-3\"><img decoding=\"async\" src=\"https:\/\/www.bemediasmart.ie\/app\/uploads\/2023\/09\/Ciaran.png\" ><\/div>\r\n\t\t\t\t\t\t<div class=\"flex-fill p-3 w-100\">\r\n\t\t\t\t\t\t\t<h3 class=\"mb-3\">Ciaran O&#8217;Connor<\/h3>\r\n\t\t\t\t\t\t\t\t\t\t\t\t\t\t\t<a class=\"btn rounded btn-medium-purple stretched-link\" data-bs-toggle=\"modal\" data-bs-target=\"#card-id-1\">L\u00e9igh eolas<\/a>\r\n\t\t\t\t\t\t\t\t\t\t\t\t\t<\/div>\r\n\t\t\t\t\t<\/div>\r\n\t\t\t\t\t\t\t\t\t\t<!-- Modal -->\r\n\t\t\t\t\t<div class=\"modal fade\" id=\"card-id-1\" tabindex=\"-1\" role=\"dialog\" aria-labelledby=\"card-id-1Label\" aria-hidden=\"true\">\r\n\t\t\t\t\t\t<div class=\"modal-dialog\" role=\"document\">\r\n\t\t\t\t\t\t\t<div class=\"modal-content\">\r\n\t\t\t\t\t\t\t\t<div class=\"modal-header\">\r\n\t\t\t\t\t\t\t\t\t<h5 class=\"modal-title\" id=\"exampleModalLabel\">Ciaran O&#8217;Connor<\/h5>\r\n\t\t\t\t\t\t\t\t\t<button type=\"button\" class=\"close\" data-bs-dismiss=\"modal\" aria-label=\"Close\">\r\n\t\t\t\t\t\t\t\t\t\t<span aria-hidden=\"true\">&times;<\/span>\r\n\t\t\t\t\t\t\t\t\t<\/button>\r\n\t\t\t\t\t\t\t\t<\/div>\r\n\t\t\t\t\t\t\t\t<div class=\"modal-body\">\r\n\t\t\t\t\t\t\t\t\t<p>Is Anail\u00eds\u00ed Sinsearach \u00e9 Ciar\u00e1n O&#8217;Connor leis an Institi\u00faid um Idirphl\u00e9 Strait\u00e9iseach, eagra\u00edocht neamhrialtasach a dh\u00e9anann taighde ar fhuath, antoisceachas agus br\u00e9agaisn\u00e9is ar l\u00edne. Oibr\u00edonn Ciar\u00e1n san Aonad Taighde agus Beartais \u00e1it a nd\u00e9anann s\u00e9 taighde agus imscr\u00faduithe a dh\u00edr\u00edonn ar theicneola\u00edocht agus ar antoisceachas.<\/p>\n\t\t\t\t\t\t\t\t<\/div>\r\n\t\t\t\t\t\t\t<\/div>\r\n\t\t\t\t\t\t<\/div>\r\n\t\t\t\t\t<\/div>\r\n\t\t\t\t\t\t\t\t\t<\/div>\r\n\t\t\t\t\r\n\r\n\r\n\t\t\t\r\n\t\t\t\t<div class=\"col-lg-3 position-relative mb-5 wow animate__fadeInUp\">\r\n\t\t\t\t\t<div class=\"highlight-box-container d-flex flex-column position-relative bg-color-white h-100\">\r\n\t\t\t\t\t\t<div class=\"highlight-box-image ms-0 ms-lg-3\"><img decoding=\"async\" src=\"https:\/\/www.bemediasmart.ie\/app\/uploads\/2023\/10\/marta.jpg\" ><\/div>\r\n\t\t\t\t\t\t<div class=\"flex-fill p-3 w-100\">\r\n\t\t\t\t\t\t\t<h3 class=\"mb-3\">An Dr. Marta Bustillo<\/h3>\r\n\t\t\t\t\t\t\t\t\t\t\t\t\t\t\t<a class=\"btn rounded btn-medium-purple stretched-link\" data-bs-toggle=\"modal\" data-bs-target=\"#card-id-2\">L\u00e9igh eolas<\/a>\r\n\t\t\t\t\t\t\t\t\t\t\t\t\t<\/div>\r\n\t\t\t\t\t<\/div>\r\n\t\t\t\t\t\t\t\t\t\t<!-- Modal -->\r\n\t\t\t\t\t<div class=\"modal fade\" id=\"card-id-2\" tabindex=\"-1\" role=\"dialog\" aria-labelledby=\"card-id-2Label\" aria-hidden=\"true\">\r\n\t\t\t\t\t\t<div class=\"modal-dialog\" role=\"document\">\r\n\t\t\t\t\t\t\t<div class=\"modal-content\">\r\n\t\t\t\t\t\t\t\t<div class=\"modal-header\">\r\n\t\t\t\t\t\t\t\t\t<h5 class=\"modal-title\" id=\"exampleModalLabel\">An Dr. Marta Bustillo<\/h5>\r\n\t\t\t\t\t\t\t\t\t<button type=\"button\" class=\"close\" data-bs-dismiss=\"modal\" aria-label=\"Close\">\r\n\t\t\t\t\t\t\t\t\t\t<span aria-hidden=\"true\">&times;<\/span>\r\n\t\t\t\t\t\t\t\t\t<\/button>\r\n\t\t\t\t\t\t\t\t<\/div>\r\n\t\t\t\t\t\t\t\t<div class=\"modal-body\">\r\n\t\t\t\t\t\t\t\t\t<p>T\u00e1 Marta Bustillo ina Leabharlanna\u00ed Foghlama Digit\u00ed sa Chol\u00e1iste Ollscoile, Baile \u00c1tha Cliath, \u00e1it a bhfuil s\u00ed i gceannas ar thaca\u00edochta\u00ed leabharlainne a chruth\u00fa chun cuidi\u00fa leis an bhfoireann agus le mic l\u00e9inn scileanna litearthacht sna me\u00e1in dhigiteacha a fhorbairt. T\u00e1 PhD sa Stair Eala\u00edne agus MA i mBainisti\u00fa Leabharlainne agus Faisn\u00e9ise ag an Dr. Bustillo. T\u00e1 taith\u00ed n\u00edos m\u00f3 n\u00e1 20 bliain aici ar bheith ag obair i leabharlanna acad\u00fala in \u00c9irinn agus sna St\u00e1it Aontaithe.<\/p>\n\t\t\t\t\t\t\t\t<\/div>\r\n\t\t\t\t\t\t\t<\/div>\r\n\t\t\t\t\t\t<\/div>\r\n\t\t\t\t\t<\/div>\r\n\t\t\t\t\t\t\t\t\t<\/div>\r\n\t\t\t\t\r\n\r\n\r\n\t\t\t\r\n\t\t\t\t<div class=\"col-lg-3 position-relative mb-5 wow animate__fadeInUp\">\r\n\t\t\t\t\t<div class=\"highlight-box-container d-flex flex-column position-relative bg-color-white h-100\">\r\n\t\t\t\t\t\t<div class=\"highlight-box-image ms-0 ms-lg-3\"><img decoding=\"async\" src=\"https:\/\/www.bemediasmart.ie\/app\/uploads\/2023\/10\/ricardo.jpg\" ><\/div>\r\n\t\t\t\t\t\t<div class=\"flex-fill p-3 w-100\">\r\n\t\t\t\t\t\t\t<h3 class=\"mb-3\">An Dr. Ricardo Castellini Da Silva<\/h3>\r\n\t\t\t\t\t\t\t\t\t\t\t\t\t\t\t<a class=\"btn rounded btn-medium-purple stretched-link\" data-bs-toggle=\"modal\" data-bs-target=\"#card-id-3\">L\u00e9igh eolas<\/a>\r\n\t\t\t\t\t\t\t\t\t\t\t\t\t<\/div>\r\n\t\t\t\t\t<\/div>\r\n\t\t\t\t\t\t\t\t\t\t<!-- Modal -->\r\n\t\t\t\t\t<div class=\"modal fade\" id=\"card-id-3\" tabindex=\"-1\" role=\"dialog\" aria-labelledby=\"card-id-3Label\" aria-hidden=\"true\">\r\n\t\t\t\t\t\t<div class=\"modal-dialog\" role=\"document\">\r\n\t\t\t\t\t\t\t<div class=\"modal-content\">\r\n\t\t\t\t\t\t\t\t<div class=\"modal-header\">\r\n\t\t\t\t\t\t\t\t\t<h5 class=\"modal-title\" id=\"exampleModalLabel\">An Dr. Ricardo Castellini Da Silva<\/h5>\r\n\t\t\t\t\t\t\t\t\t<button type=\"button\" class=\"close\" data-bs-dismiss=\"modal\" aria-label=\"Close\">\r\n\t\t\t\t\t\t\t\t\t\t<span aria-hidden=\"true\">&times;<\/span>\r\n\t\t\t\t\t\t\t\t\t<\/button>\r\n\t\t\t\t\t\t\t\t<\/div>\r\n\t\t\t\t\t\t\t\t<div class=\"modal-body\">\r\n\t\t\t\t\t\t\t\t\t<p>T\u00e1 taith\u00ed fhairsing ag Ricardo ar eisp\u00e9iris foghlama litearthachta sna me\u00e1in a leagan amach agus a chur ar f\u00e1il do gach aoisghr\u00fapa. Chuaigh s\u00e9 i gcomhph\u00e1irt\u00edocht le heagra\u00edochta\u00ed rialtais, eagra\u00edochta\u00ed neamhrialtasacha, scoileanna agus leabharlanna chun litearthacht sna me\u00e1in a chur chun cinn in \u00c9irinn agus thar lear. \u00d3 2015 i leith, t\u00e1 Ricardo ag m\u00faineadh ranganna faoi litearthacht sna me\u00e1in ar an gcl\u00e1r M\u00e1istreachta Gairmi\u00fala san Oideachas i gCol\u00e1iste na Tr\u00edon\u00f3ide.<\/p>\n<p>T\u00e1 Ricardo ar an ngr\u00fapa sti\u00fartha do Litearthacht sna Me\u00e1in, \u00c9ire. T\u00e1 PhD aige i Litearthacht sna Me\u00e1in \u00f3 Ollscoil Chathair Bhaile \u00c1tha Cliath agus t\u00e1 MA aige sna Me\u00e1in, Cult\u00far agus Oideachas \u00f3n Institute of Education, University College London.<\/p>\n\t\t\t\t\t\t\t\t<\/div>\r\n\t\t\t\t\t\t\t<\/div>\r\n\t\t\t\t\t\t<\/div>\r\n\t\t\t\t\t<\/div>\r\n\t\t\t\t\t\t\t\t\t<\/div>\r\n\t\t\t\t\r\n\r\n\r\n\t\t\t\r\n\t\t\t\t<div class=\"col-lg-3 position-relative mb-5 wow animate__fadeInUp\">\r\n\t\t\t\t\t<div class=\"highlight-box-container d-flex flex-column position-relative bg-color-white h-100\">\r\n\t\t\t\t\t\t<div class=\"highlight-box-image ms-0 ms-lg-3\"><img decoding=\"async\" src=\"https:\/\/www.bemediasmart.ie\/app\/uploads\/2023\/09\/ECulloty_ProfilePhoto-e1695239226273.jpg\" ><\/div>\r\n\t\t\t\t\t\t<div class=\"flex-fill p-3 w-100\">\r\n\t\t\t\t\t\t\t<h3 class=\"mb-3\">An Dr. Eileen Culloty<\/h3>\r\n\t\t\t\t\t\t\t\t\t\t\t\t\t\t\t<a class=\"btn rounded btn-medium-purple stretched-link\" data-bs-toggle=\"modal\" data-bs-target=\"#card-id-4\">L\u00e9igh eolas<\/a>\r\n\t\t\t\t\t\t\t\t\t\t\t\t\t<\/div>\r\n\t\t\t\t\t<\/div>\r\n\t\t\t\t\t\t\t\t\t\t<!-- Modal -->\r\n\t\t\t\t\t<div class=\"modal fade\" id=\"card-id-4\" tabindex=\"-1\" role=\"dialog\" aria-labelledby=\"card-id-4Label\" aria-hidden=\"true\">\r\n\t\t\t\t\t\t<div class=\"modal-dialog\" role=\"document\">\r\n\t\t\t\t\t\t\t<div class=\"modal-content\">\r\n\t\t\t\t\t\t\t\t<div class=\"modal-header\">\r\n\t\t\t\t\t\t\t\t\t<h5 class=\"modal-title\" id=\"exampleModalLabel\">An Dr. Eileen Culloty<\/h5>\r\n\t\t\t\t\t\t\t\t\t<button type=\"button\" class=\"close\" data-bs-dismiss=\"modal\" aria-label=\"Close\">\r\n\t\t\t\t\t\t\t\t\t\t<span aria-hidden=\"true\">&times;<\/span>\r\n\t\t\t\t\t\t\t\t\t<\/button>\r\n\t\t\t\t\t\t\t\t<\/div>\r\n\t\t\t\t\t\t\t\t<div class=\"modal-body\">\r\n\t\t\t\t\t\t\t\t\t<p>Is taighdeoir \u00ed an Dr. Eileen Culloty in Institi\u00faid DCU um Me\u00e1in Todhcha\u00ed agus Iriseoireacht (FuJo), \u00e1it a bhfuil s\u00ed i gceannas ar thaighde chun cur i gcoinne br\u00e9agaisn\u00e9ise mar chuid de thionscadal Bun\u00e1it\u00edochta an AE. Agus \u00ed ag obair le comhghleacaithe san Institi\u00faid FuJo, cuireann s\u00ed \u00e1bhar do thaighde agus do dh\u00edosp\u00f3ireachta\u00ed polasa\u00ed ar f\u00e1il faoi na me\u00e1in dhigiteacha agus na patr\u00fain ina dtapa\u00edtear \u00e1bhar me\u00e1n cumars\u00e1ide, patr\u00fain a bh\u00edonn ag athr\u00fa. T\u00e1 Eileen ina Leas-Chathaoirleach ar an nGr\u00fapa Sti\u00fartha um Litearthacht sna Me\u00e1in.<\/p>\n\t\t\t\t\t\t\t\t<\/div>\r\n\t\t\t\t\t\t\t<\/div>\r\n\t\t\t\t\t\t<\/div>\r\n\t\t\t\t\t<\/div>\r\n\t\t\t\t\t\t\t\t\t<\/div>\r\n\t\t\t\t\r\n\r\n\r\n\t\t\t\r\n\t\t\t\t<div class=\"col-lg-3 position-relative mb-5 wow animate__fadeInUp\">\r\n\t\t\t\t\t<div class=\"highlight-box-container d-flex flex-column position-relative bg-color-white h-100\">\r\n\t\t\t\t\t\t<div class=\"highlight-box-image ms-0 ms-lg-3\"><img decoding=\"async\" src=\"https:\/\/www.bemediasmart.ie\/app\/uploads\/2023\/10\/stephen.jpg\" ><\/div>\r\n\t\t\t\t\t\t<div class=\"flex-fill p-3 w-100\">\r\n\t\t\t\t\t\t\t<h3 class=\"mb-3\">Stephen McDermott<\/h3>\r\n\t\t\t\t\t\t\t\t\t\t\t\t\t\t\t<a class=\"btn rounded btn-medium-purple stretched-link\" data-bs-toggle=\"modal\" data-bs-target=\"#card-id-5\">L\u00e9igh eolas<\/a>\r\n\t\t\t\t\t\t\t\t\t\t\t\t\t<\/div>\r\n\t\t\t\t\t<\/div>\r\n\t\t\t\t\t\t\t\t\t\t<!-- Modal -->\r\n\t\t\t\t\t<div class=\"modal fade\" id=\"card-id-5\" tabindex=\"-1\" role=\"dialog\" aria-labelledby=\"card-id-5Label\" aria-hidden=\"true\">\r\n\t\t\t\t\t\t<div class=\"modal-dialog\" role=\"document\">\r\n\t\t\t\t\t\t\t<div class=\"modal-content\">\r\n\t\t\t\t\t\t\t\t<div class=\"modal-header\">\r\n\t\t\t\t\t\t\t\t\t<h5 class=\"modal-title\" id=\"exampleModalLabel\">Stephen McDermott<\/h5>\r\n\t\t\t\t\t\t\t\t\t<button type=\"button\" class=\"close\" data-bs-dismiss=\"modal\" aria-label=\"Close\">\r\n\t\t\t\t\t\t\t\t\t\t<span aria-hidden=\"true\">&times;<\/span>\r\n\t\t\t\t\t\t\t\t\t<\/button>\r\n\t\t\t\t\t\t\t\t<\/div>\r\n\t\t\t\t\t\t\t\t<div class=\"modal-body\">\r\n\t\t\t\t\t\t\t\t\t<p>T\u00e1 Stephen McDermott ina Eagarth\u00f3ir C\u00fanta Nuachta le The Journal. Is \u00e9 a sti\u00fara\u00edonn FactCheck \u00f3 l\u00e1 go l\u00e1. Cl\u00fada\u00edonn s\u00e9 r\u00e9imse de shaincheisteanna \u00f3 thaobh c\u00farsa\u00ed nuachta de, le b\u00e9im mh\u00f3r ar an mbr\u00e9agaisn\u00e9is, agus d&#8217;oibrigh s\u00e9 roimhe seo le Newstalk agus leis an Irish Mirror.<\/p>\n\t\t\t\t\t\t\t\t<\/div>\r\n\t\t\t\t\t\t\t<\/div>\r\n\t\t\t\t\t\t<\/div>\r\n\t\t\t\t\t<\/div>\r\n\t\t\t\t\t\t\t\t\t<\/div>\r\n\t\t\t\t\r\n\r\n\r\n\t\t\t\r\n\t\t\t\t<div class=\"col-lg-3 position-relative mb-5 wow animate__fadeInUp\">\r\n\t\t\t\t\t<div class=\"highlight-box-container d-flex flex-column position-relative bg-color-white h-100\">\r\n\t\t\t\t\t\t<div class=\"highlight-box-image ms-0 ms-lg-3\"><img decoding=\"async\" src=\"https:\/\/www.bemediasmart.ie\/app\/uploads\/2023\/09\/JaneHeadshot.jpg\" ><\/div>\r\n\t\t\t\t\t\t<div class=\"flex-fill p-3 w-100\">\r\n\t\t\t\t\t\t\t<h3 class=\"mb-3\">Jane McGarrigle, Webwise<\/h3>\r\n\t\t\t\t\t\t\t\t\t\t\t\t\t\t\t<a class=\"btn rounded btn-medium-purple stretched-link\" data-bs-toggle=\"modal\" data-bs-target=\"#card-id-6\">L\u00e9igh eolas<\/a>\r\n\t\t\t\t\t\t\t\t\t\t\t\t\t<\/div>\r\n\t\t\t\t\t<\/div>\r\n\t\t\t\t\t\t\t\t\t\t<!-- Modal -->\r\n\t\t\t\t\t<div class=\"modal fade\" id=\"card-id-6\" tabindex=\"-1\" role=\"dialog\" aria-labelledby=\"card-id-6Label\" aria-hidden=\"true\">\r\n\t\t\t\t\t\t<div class=\"modal-dialog\" role=\"document\">\r\n\t\t\t\t\t\t\t<div class=\"modal-content\">\r\n\t\t\t\t\t\t\t\t<div class=\"modal-header\">\r\n\t\t\t\t\t\t\t\t\t<h5 class=\"modal-title\" id=\"exampleModalLabel\">Jane McGarrigle, Webwise<\/h5>\r\n\t\t\t\t\t\t\t\t\t<button type=\"button\" class=\"close\" data-bs-dismiss=\"modal\" aria-label=\"Close\">\r\n\t\t\t\t\t\t\t\t\t\t<span aria-hidden=\"true\">&times;<\/span>\r\n\t\t\t\t\t\t\t\t\t<\/button>\r\n\t\t\t\t\t\t\t\t<\/div>\r\n\t\t\t\t\t\t\t\t<div class=\"modal-body\">\r\n\t\t\t\t\t\t\t\t\t<p>D\u00e9anann Jane maoirseacht ar Webwise &#8211; ionad feasachta r\u00edomhsh\u00e1bh\u00e1ilteachta na h\u00c9ireann &#8211; a fhorbairt agus a chur ar f\u00e1il. Laistigh de na 8 mbliana at\u00e1 caite aici i mbun maoirseachta, bh\u00ed Jane i gceannas ar r\u00e9imse cl\u00e1r r\u00edomhsh\u00e1bh\u00e1ilteachta a bhfuil gradam buaite acu a fhorbairt do leana\u00ed, tuismitheoir\u00ed, m\u00fainteoir\u00ed agus scoileanna. T\u00e1 McGarrigle freagrach freisin as an L\u00e1 le haghaidh Idirl\u00edon n\u00edos S\u00e1bh\u00e1ilte in \u00c9irinn a chomhord\u00fa agus a chur chun cinn.  <\/p>\n<p>T\u00e1 Jane ina comhalta den Chomhairle N\u00e1isi\u00fanta Chomhairleach um Sh\u00e1bh\u00e1ilteacht ar L\u00edne, t\u00e1 s\u00ed ar an gCoiste Sti\u00fartha de Litearthacht sna Me\u00e1in, \u00c9ire, is comhalta gn\u00edomhach \u00ed ar an l\u00edonra InSafe agus bh\u00ed s\u00ed ar Choiste Sti\u00fartha Frithbhula\u00edochta na Roinne Oideachais le d\u00e9ana\u00ed.<\/p>\n\t\t\t\t\t\t\t\t<\/div>\r\n\t\t\t\t\t\t\t<\/div>\r\n\t\t\t\t\t\t<\/div>\r\n\t\t\t\t\t<\/div>\r\n\t\t\t\t\t\t\t\t\t<\/div>\r\n\t\t\t\t\r\n\r\n\r\n\t\t\t\r\n\t\t\t\t<div class=\"col-lg-3 position-relative mb-5 wow animate__fadeInUp\">\r\n\t\t\t\t\t<div class=\"highlight-box-container d-flex flex-column position-relative bg-color-white h-100\">\r\n\t\t\t\t\t\t<div class=\"highlight-box-image ms-0 ms-lg-3\"><img decoding=\"async\" src=\"https:\/\/www.bemediasmart.ie\/app\/uploads\/2023\/10\/eugenia.jpg\" ><\/div>\r\n\t\t\t\t\t\t<div class=\"flex-fill p-3 w-100\">\r\n\t\t\t\t\t\t\t<h3 class=\"mb-3\">An Dr. Eugenia Siapera<\/h3>\r\n\t\t\t\t\t\t\t\t\t\t\t\t\t\t\t<a class=\"btn rounded btn-medium-purple stretched-link\" data-bs-toggle=\"modal\" data-bs-target=\"#card-id-7\">L\u00e9igh eolas<\/a>\r\n\t\t\t\t\t\t\t\t\t\t\t\t\t<\/div>\r\n\t\t\t\t\t<\/div>\r\n\t\t\t\t\t\t\t\t\t\t<!-- Modal -->\r\n\t\t\t\t\t<div class=\"modal fade\" id=\"card-id-7\" tabindex=\"-1\" role=\"dialog\" aria-labelledby=\"card-id-7Label\" aria-hidden=\"true\">\r\n\t\t\t\t\t\t<div class=\"modal-dialog\" role=\"document\">\r\n\t\t\t\t\t\t\t<div class=\"modal-content\">\r\n\t\t\t\t\t\t\t\t<div class=\"modal-header\">\r\n\t\t\t\t\t\t\t\t\t<h5 class=\"modal-title\" id=\"exampleModalLabel\">An Dr. Eugenia Siapera<\/h5>\r\n\t\t\t\t\t\t\t\t\t<button type=\"button\" class=\"close\" data-bs-dismiss=\"modal\" aria-label=\"Close\">\r\n\t\t\t\t\t\t\t\t\t\t<span aria-hidden=\"true\">&times;<\/span>\r\n\t\t\t\t\t\t\t\t\t<\/button>\r\n\t\t\t\t\t\t\t\t<\/div>\r\n\t\t\t\t\t\t\t\t<div class=\"modal-body\">\r\n\t\t\t\t\t\t\t\t\t<p>T\u00e1 an Dr. Eugenia Siapera ina hOllamh le Staid\u00e9ar Faisn\u00e9ise agus Cumars\u00e1ide agus ina ceann ar Scoil ICS in COB\u00c1C. Baineann a sp\u00e9is \u00f3 thaobh taighde de le r\u00e9imse na me\u00e1n digiteach agus s\u00f3isialta, na cumars\u00e1ide polaiti\u00fala agus na hiriseoireachta, leis an teicneola\u00edocht agus an ceartas s\u00f3isialta, rialachas ard\u00e1n agus fuathchaint, cin\u00edochas agus fuath ban. Bh\u00ed s\u00ed ina PI ar thionscadal a fuair maoini\u00fa \u00f3n IRC agus a bhain le fuathchaint chin\u00edoch sa r\u00e9imse digiteach in \u00c9irinn, agus bh\u00ed s\u00ed ina comhph\u00e1irt\u00ed i dtionscadal H2020 ar an gcuimhne eadr\u00e1na ar choimhlint (RePAST). T\u00e1 s\u00ed ag obair faoi l\u00e1thair ar thionscadal Coalesce an IRC maidir leis an  Eite dheas Ailt\u00e9arnach agus Sc\u00e9alta a dh\u00e9anann Dochar don tSl\u00e1inte.<\/p>\n\t\t\t\t\t\t\t\t<\/div>\r\n\t\t\t\t\t\t\t<\/div>\r\n\t\t\t\t\t\t<\/div>\r\n\t\t\t\t\t<\/div>\r\n\t\t\t\t\t\t\t\t\t<\/div>\r\n\t\t\t\t\r\n\r\n\r\n\t\t\t\t\t\t\r\n\t\t\t<\/div>\r\n    <\/div>\r\n  <\/section>\n\n<section class=\"section-submit-question py-5 position-relative mt-0\" style=\"background-color:#7f6ab0;\">\r\n\t<div class=\"container\">\r\n\t\t<div class=\"row justify-content-center\">\r\n\t\t\t\t\t\t\t<div class=\"col-12 col-md-8 align-items-center wow animate__fadeInLeft\">\r\n\t\t\t\t<h3 class=\"mb-2 \">Cuir isteach do cheist<\/h3>\r\n\t\t\t\t<div class=\"d-flex flex-column flex-lg-row align-items-center\">\r\n\t\t\t\t\t<p class=\"me-lg-3 mb-0\">An bhfuil ceist agat d\u00e1r Saineolaithe?<\/p>\r\n\t\t\t\t\t<a href=\"\" class=\"btn rounded-3 btn-lg btn-medium-purple mt-3 mt-lg-0\">Cuir isteach do cheist anseo.<\/a>\r\n\t\t\t\t<\/div>\r\n\t\t\t<\/div>\r\n\t\t\t\t\t<\/div>\r\n\t<\/div>\r\n<\/section>\n\n<section class=\"is-question bg-color-offwhite content text-content py-4 py-lg-5 mt-0\">\r\n\t<div class=\"container my-4\">\r\n\t\t<div class=\"row align-items-stretch mb-0\">\r\n\t\t\t<div class=\"col-lg-10 pe-3 pe-lg-5 mb-0 wow animate__fadeInLeft\">\r\n\t\t\t\t<blockquote>\r\n\t\t\t\t\t<a data-bs-toggle=\"collapse\" class=\"collapsed\" href=\"#question-boxblock_84fd9dc7471a68ebe6878aa43363281e\" role=\"button\" aria-expanded=\"false\" aria-controls=\"question-boxblock_84fd9dc7471a68ebe6878aa43363281e\">\r\n\t\t\t\t\t\tCad at\u00e1 i gceist nuair a deirimid m\u00edfhaisn\u00e9is agus br\u00e9agaisn\u00e9is agus conas a aithn\u00edmid \u00e9?<br>\r\n\t\t\t\t\t\t\t\t\t\t\t\t<span class=\"mt-3 mb-0 d-block\" style=\"font-size:1rem;\"><em>Freagra ag Ciaran O&#8217;Connor<\/em><\/span>\r\n\t\t\t\t\t\t\r\n\t\t\t\t\t\t<div class=\"answer-toggle\">\r\n\t\t\t\t\t\t\t<span class=\"open\">F\u00e9ach freagra <i class=\"bi bi-arrow-down-square-fill ms-3\"><\/i><\/span>\r\n\t\t\t\t\t\t\t<span class=\"close\">D\u00fan freagra <i class=\"bi bi-arrow-up-square-fill ms-3\"><\/i><\/span>\r\n\t\t\t\t\t\t<\/div>\r\n\t\t\t\t\t<\/a>\r\n\t\t\t\t<\/blockquote>\r\n\t\t\t\t<div class=\"row\">\r\n\t\t\t\t\t<div class=\"col\">\r\n\t\t\t\t\t\t<div class=\"collapse multi-collapse\" id=\"question-boxblock_84fd9dc7471a68ebe6878aa43363281e\">\r\n\t\t\t\t\t\t\t<div class=\"card card-body\">\r\n\t\t\t\t\t\t\t\t<p>De ghn\u00e1th, is faisn\u00e9is bhr\u00e9agach, mh\u00edthreorach n\u00f3 ionramh\u00e1ilte \u00ed m\u00edfhaisn\u00e9is a roinntear gan aon mheast\u00f3ireacht chritici\u00fail n\u00e1 gan \u00e9 de r\u00fan ag an duine daoine eile a chur ar strae. Smaoinigh ar na teachtaireachta\u00ed a chonaic t\u00fa a bh\u00ed seolta ar aghaidh go minic ar WhatsApp le linn laethanta tosaigh COVID-19 agus \u00e9ilimh n\u00f3 r\u00e1fla\u00ed \u00e9ags\u00fala faoi ruda\u00ed n\u00e1r tharla riamh.<\/p>\n<p>De ghn\u00e1th, is faisn\u00e9is bhr\u00e9agach, mh\u00edthreorach n\u00f3 ionramh\u00e1ilte \u00ed br\u00e9agaisn\u00e9is a scaiptear d&#8217;aon ghn\u00f3 d&#8217;fhonn dallamull\u00f3g a chur ar lucht f\u00e9achana, iad a ch\u00fabl\u00e1il n\u00f3 a chur am\u00fa. D&#8217;fh\u00e9adfa\u00ed \u00e9 seo a dh\u00e9anamh ar mhaithe le gn\u00f3thachan polaiti\u00fail, eacnama\u00edoch, s\u00f3isialta n\u00f3 pearsanta agus d\u00e9antar \u00e9 de ghn\u00e1th tr\u00ed \u00fas\u00e1id a bhaint as an teicneola\u00edocht agus na me\u00e1in sh\u00f3isialta.<\/p>\n<p>D&#8217;fh\u00e9adfadh s\u00e9 a bheith deacair idirdheal\u00fa a dh\u00e9anamh idir m\u00edfhaisn\u00e9is agus br\u00e9agaisn\u00e9is nuair nach bhfuil a fhios agat cad at\u00e1 i gceist, ach seo th\u00edos roinnt beala\u00ed chun an difr\u00edocht a aithint:<\/p>\n<ul>\n<li>Faisn\u00e9is bhr\u00e9agach n\u00f3 mh\u00edthreorach a phost\u00e1il, a fhoilsi\u00fa, a roinnt n\u00f3 a scaipeadh ar\u00eds agus ar\u00eds eile n\u00f3 tac\u00fa le daoine eile at\u00e1 ag d\u00e9anamh an rud c\u00e9anna. Gn\u00edomha\u00edocht a r\u00edomhtar seachas gn\u00edomha\u00edocht \u00f3c\u00e1ideach.<\/li>\n<li>M\u00ed-ionramh\u00e1il shoil\u00e9ir ar na me\u00e1in (sofaistici\u00fail n\u00f3 gan a bheith) n\u00f3 m\u00edthuiscint ar fhaisn\u00e9is fh\u00edorasach. D&#8217;fh\u00e9adfadh t\u00e1irgeadh domhainbhrionnuithe (sofaistici\u00fail) n\u00f3 cruth\u00fa tvu\u00edteanna (neamh-sofaistici\u00fail) a bheith i gceist leis sin.<\/li>\n<li>Ma\u00edonn an duine\/gr\u00fapa at\u00e1 freagrach go bhfuil eagra\u00edochta\u00ed n\u00f3 pearsana cumhachtacha sa rialtas, sna me\u00e1in n\u00f3 i leaganacha na buna\u00edochta ag obair le ch\u00e9ile d&#8217;aon ghn\u00f3 agus go ceilteach chun an fh\u00edrinne a cheilt, tionchar a bheith acu ar thuairim\u00ed an phobail n\u00f3 srian a chur ar shaoirse daoine.<\/li>\n<\/ul>\n\t\t\t\t\t\t\t<\/div>\r\n\t\t\t\t\t\t<\/div>\r\n\t\t\t\t\t<\/div>\r\n\t\t\t\t<\/div>\t\r\n\t\t\t<\/div>\r\n\t\t<\/div>\r\n\t<\/div>\r\n<\/section>\n\n<section class=\"is-question bg-color-white content text-content py-4 py-lg-5 mt-0\">\r\n\t<div class=\"container my-4\">\r\n\t\t<div class=\"row align-items-stretch mb-0\">\r\n\t\t\t<div class=\"col-lg-10 pe-3 pe-lg-5 mb-0 wow animate__fadeInLeft\">\r\n\t\t\t\t<blockquote>\r\n\t\t\t\t\t<a data-bs-toggle=\"collapse\" class=\"collapsed\" href=\"#question-boxblock_70a8621aa46d850f751e079efab64876\" role=\"button\" aria-expanded=\"false\" aria-controls=\"question-boxblock_70a8621aa46d850f751e079efab64876\">\r\n\t\t\t\t\t\tConas a chrutha\u00edtear n\u00f3 a roinntear m\u00edfhaisn\u00e9is n\u00f3 br\u00e9agaisn\u00e9is ar l\u00edne?<br>\r\n\t\t\t\t\t\t\t\t\t\t\t\t<span class=\"mt-3 mb-0 d-block\" style=\"font-size:1rem;\"><em>Freagra ag Ciaran O&#8217;Connor<\/em><\/span>\r\n\t\t\t\t\t\t\r\n\t\t\t\t\t\t<div class=\"answer-toggle\">\r\n\t\t\t\t\t\t\t<span class=\"open\">F\u00e9ach freagra <i class=\"bi bi-arrow-down-square-fill ms-3\"><\/i><\/span>\r\n\t\t\t\t\t\t\t<span class=\"close\">D\u00fan freagra <i class=\"bi bi-arrow-up-square-fill ms-3\"><\/i><\/span>\r\n\t\t\t\t\t\t<\/div>\r\n\t\t\t\t\t<\/a>\r\n\t\t\t\t<\/blockquote>\r\n\t\t\t\t<div class=\"row\">\r\n\t\t\t\t\t<div class=\"col\">\r\n\t\t\t\t\t\t<div class=\"collapse multi-collapse\" id=\"question-boxblock_70a8621aa46d850f751e079efab64876\">\r\n\t\t\t\t\t\t\t<div class=\"card card-body\">\r\n\t\t\t\t\t\t\t\t<p>T\u00e1 an oiread sin beala\u00ed ann a scaiptear eolas br\u00e9agach, m\u00edthreorach n\u00f3 m\u00edchruinn ach seo cuid de na cinn is coitianta.<\/p>\n<ol>\n<li>L\u00e1ithre\u00e1in ghr\u00e9as\u00e1in bhr\u00e9agacha n\u00f3 cuntais a bhfuil an chuma orthu gur eagra\u00edochta\u00ed nuachta gairmi\u00fala n\u00f3 iriseoir\u00ed iad a th\u00e1irgeann \u00e1bhar m\u00edthreorach a dheartar chun m\u00ed-fhaisn\u00e9isi\u00fa, fearg a chur ar dhaoine n\u00f3 tuairim a fh\u00e1il uathu.<\/li>\n<li> Is minic a roinneann cuntais gan ainm m\u00e9imeanna ar l\u00edne agus n\u00ed bh\u00edonn s\u00e9 d\u2019fheidhm acu ach daoine a dh\u00e9anamh feargach n\u00f3 tr\u00edna ch\u00e9ile agus \u00fadar casaoide a chruth\u00fa i measc gr\u00fapa amh\u00e1in i gcoinne baill gr\u00fapa eile.<\/li>\n<li>\u00das\u00e1idtear cuntais uathoibrithe n\u00f3 nascfheirmeacha chun iarracht a dh\u00e9anamh rann\u00f3ga treochta ar ard\u00e1in na me\u00e1n s\u00f3isialta a ionramh\u00e1il chun \u00e1bhar a threisi\u00fa go saorga n\u00f3 chun tionchar a bheith acu ar ch\u00f3rais mholta ionas gur f\u00e9idir, ina dhiaidh sin, n\u00edos m\u00f3 \u00fas\u00e1ideoir\u00ed ar l\u00edne a nochtadh d&#8217;fhaisn\u00e9is bhr\u00e9agach n\u00f3 mh\u00edthreorach.<\/li>\n<li>\u00das\u00e1idtear cuntais uathoibrithe n\u00f3 nascfheirmeacha chun iarracht a dh\u00e9anamh rann\u00f3ga treochta ar ard\u00e1in na me\u00e1n s\u00f3isialta a ionramh\u00e1il chun \u00e1bhar a threisi\u00fa go saorga n\u00f3 chun tionchar a bheith acu ar ch\u00f3rais mholta ionas gur f\u00e9idir, ina dhiaidh sin, n\u00edos m\u00f3 \u00fas\u00e1ideoir\u00ed ar l\u00edne a nochtadh d&#8217;fhaisn\u00e9is bhr\u00e9agach n\u00f3 mh\u00edthreorach.<\/li>\n<li>T\u00e1 an-t\u00f3ir ar aipeanna teachtaireachta\u00ed pr\u00edobh\u00e1ideacha agus leathphr\u00edobh\u00e1ideacha n\u00f3 ar chomhr\u00e1ite gr\u00fapa. Feidhm\u00edonn sp\u00e1sanna ar l\u00edne den s\u00f3rt sin lasmuigh de ghrinnscr\u00fad\u00fa poibl\u00ed, rud a chialla\u00edonn gur f\u00e9idir iad a \u00fas\u00e1id chun faisn\u00e9is bhr\u00e9agach agus mh\u00edthreorach a scaipeadh, daoine eile a spreagadh chun an t-\u00e1bhar seo a roinnt n\u00f3 baill nua a chur le comhr\u00e1ite den s\u00f3rt sin.<\/li>\n<\/ol>\n\t\t\t\t\t\t\t<\/div>\r\n\t\t\t\t\t\t<\/div>\r\n\t\t\t\t\t<\/div>\r\n\t\t\t\t<\/div>\t\r\n\t\t\t<\/div>\r\n\t\t<\/div>\r\n\t<\/div>\r\n<\/section>\n\n<section class=\"is-question bg-color-offwhite content text-content py-4 py-lg-5 mt-0\">\r\n\t<div class=\"container my-4\">\r\n\t\t<div class=\"row align-items-stretch mb-0\">\r\n\t\t\t<div class=\"col-lg-10 pe-3 pe-lg-5 mb-0 wow animate__fadeInLeft\">\r\n\t\t\t\t<blockquote>\r\n\t\t\t\t\t<a data-bs-toggle=\"collapse\" class=\"collapsed\" href=\"#question-boxblock_7b01f153c8f7669fdeb1fc7bf98c64e0\" role=\"button\" aria-expanded=\"false\" aria-controls=\"question-boxblock_7b01f153c8f7669fdeb1fc7bf98c64e0\">\r\n\t\t\t\t\t\tC\u00e9 ar ar f\u00e9idir le m\u00edfhaisn\u00e9is agus br\u00e9agaisn\u00e9is dul i bhfeidhm?<br>\r\n\t\t\t\t\t\t\t\t\t\t\t\t<span class=\"mt-3 mb-0 d-block\" style=\"font-size:1rem;\"><em>Freagra ag Ciaran O&#8217;Connor<\/em><\/span>\r\n\t\t\t\t\t\t\r\n\t\t\t\t\t\t<div class=\"answer-toggle\">\r\n\t\t\t\t\t\t\t<span class=\"open\">F\u00e9ach freagra <i class=\"bi bi-arrow-down-square-fill ms-3\"><\/i><\/span>\r\n\t\t\t\t\t\t\t<span class=\"close\">D\u00fan freagra <i class=\"bi bi-arrow-up-square-fill ms-3\"><\/i><\/span>\r\n\t\t\t\t\t\t<\/div>\r\n\t\t\t\t\t<\/a>\r\n\t\t\t\t<\/blockquote>\r\n\t\t\t\t<div class=\"row\">\r\n\t\t\t\t\t<div class=\"col\">\r\n\t\t\t\t\t\t<div class=\"collapse multi-collapse\" id=\"question-boxblock_7b01f153c8f7669fdeb1fc7bf98c64e0\">\r\n\t\t\t\t\t\t\t<div class=\"card card-body\">\r\n\t\t\t\t\t\t\t\t<p>Is f\u00e9idir le m\u00edfhaisn\u00e9is agus br\u00e9agaisn\u00e9is dul i bhfeidhm ar gach duine. D&#8217;fh\u00e9adfadh m\u00edfhaisn\u00e9is, br\u00e9agaisn\u00e9is, teoiric\u00ed comhcheilge, r\u00e1fla\u00ed agus mar sin de muid a chur am\u00fa n\u00f3 a mh\u00edfhaisn\u00e9isi\u00fa. Is minic a bh\u00edonn \u00e9ilimh bhr\u00e9agacha agus mh\u00edthreoracha tarraingteach toisc go ndeimhn\u00edonn siad tuiscint duine ar an domhan, fi\u00fa mura bhfuil cuid den \u00e9ileamh n\u00f3 an t-\u00e9ileamh ar fad bunaithe ar fh\u00edrinne. <\/p>\n<p>Baineann faisn\u00e9is bhr\u00e9agach agus mh\u00edthreorach a chreidi\u00faint le riachtanais sh\u00edceola\u00edocha \u00e1irithe nach bhfuil \u00e1 gcomhl\u00edonadh i saol duine. Mar shampla, cuireann an g\u00e1 a bh\u00edonn ag daoine le heolas agus cinnteacht lena mian tuiscint a fh\u00e1il ar an gc\u00fais a dtarla\u00edonn imeachta\u00ed \u00e1irithe. Os a choinne sin, le linn g\u00e9arch\u00e9ime, i rith paind\u00e9ime, mar shampla, t\u00e1 \u00e9iginnteacht forleathan agus bonn n\u00edos m\u00f3 daoine ag tarraingt ar insint n\u00f3 ar \u00e9ilimh a d&#8217;fh\u00e9adfadh a bheith br\u00e9agach ach a thugann cinnteacht.<\/p>\n<p>Tugann faisn\u00e9is bhr\u00e9agach n\u00f3 mh\u00edthreorach faisn\u00e9is do dhaoine a thugann moth\u00fa go bhfuil tuiscint acu n\u00f3 smacht acu le linn g\u00e9arch\u00e9imeanna. Mura bhfuil daoine s\u00e1sta leis na c\u00faiseanna oifigi\u00fala a thugtar ar imeachta\u00ed \u00e1irithe, is cos\u00fail go bhfuil m\u00edfhaisn\u00e9is agus br\u00e9agaisn\u00e9is \u00e1irithe n\u00edos tarraingt\u00ed. Is minic gur sc\u00e9alta simpl\u00ed iad a ligeann do dhaoine a aithint c\u00e9 at\u00e1 ar thaobh maith agus c\u00e9 nach bhfuil. Baineann s\u00e9 le castacht an ch\u00e1is a bhaint amach. Sin an \u00e1it is m\u00f3 a n-\u00e9ir\u00edonn leis an mbr\u00e9agaisn\u00e9is.<\/p>\n\t\t\t\t\t\t\t<\/div>\r\n\t\t\t\t\t\t<\/div>\r\n\t\t\t\t\t<\/div>\r\n\t\t\t\t<\/div>\t\r\n\t\t\t<\/div>\r\n\t\t<\/div>\r\n\t<\/div>\r\n<\/section>\n\n<section class=\"is-question bg-color-white content text-content py-4 py-lg-5 mt-0\">\r\n\t<div class=\"container my-4\">\r\n\t\t<div class=\"row align-items-stretch mb-0\">\r\n\t\t\t<div class=\"col-lg-10 pe-3 pe-lg-5 mb-0 wow animate__fadeInLeft\">\r\n\t\t\t\t<blockquote>\r\n\t\t\t\t\t<a data-bs-toggle=\"collapse\" class=\"collapsed\" href=\"#question-boxblock_d952ab35676c6eb13cc79ece112c350f\" role=\"button\" aria-expanded=\"false\" aria-controls=\"question-boxblock_d952ab35676c6eb13cc79ece112c350f\">\r\n\t\t\t\t\t\tCad \u00e9 at\u00e1 i gceist le Teoiric\u00ed Comhcheilge? <br>\r\n\t\t\t\t\t\t\t\t\t\t\t\t<span class=\"mt-3 mb-0 d-block\" style=\"font-size:1rem;\"><em>Freagra ag Dr. Claire McGuiness<\/em><\/span>\r\n\t\t\t\t\t\t\r\n\t\t\t\t\t\t<div class=\"answer-toggle\">\r\n\t\t\t\t\t\t\t<span class=\"open\">F\u00e9ach freagra <i class=\"bi bi-arrow-down-square-fill ms-3\"><\/i><\/span>\r\n\t\t\t\t\t\t\t<span class=\"close\">D\u00fan freagra <i class=\"bi bi-arrow-up-square-fill ms-3\"><\/i><\/span>\r\n\t\t\t\t\t\t<\/div>\r\n\t\t\t\t\t<\/a>\r\n\t\t\t\t<\/blockquote>\r\n\t\t\t\t<div class=\"row\">\r\n\t\t\t\t\t<div class=\"col\">\r\n\t\t\t\t\t\t<div class=\"collapse multi-collapse\" id=\"question-boxblock_d952ab35676c6eb13cc79ece112c350f\">\r\n\t\t\t\t\t\t\t<div class=\"card card-body\">\r\n\t\t\t\t\t\t\t\t<p>T\u00e1 teoiric\u00ed comhcheilge bunaithe ar na tuairim\u00ed nach dtarla\u00edonn aon rud tr\u00ed thimpiste, agus gurb iad gn\u00edomhartha gr\u00fapa\u00ed beaga cumhachtacha a riala\u00edonn scothaicme (rialtas go minic) is c\u00fais le himeachta\u00ed d\u00edobh\u00e1lacha n\u00f3 trag\u00f3ideacha. De ghn\u00e1th b\u00edonn plota r\u00fanda l\u00edomhnaithe ann (m.sh., Paind\u00e9im); comhcheilgeoir\u00ed (m.sh., Qanon); roinnt fianaise a roghna\u00edodh n\u00f3 a falsa\u00edodh chun tac\u00fa leis an teoiric; an creideamh nach ann do chomhtharl\u00faint\u00ed; roinnt an domhain ina thaobh maith agus olc; agus sainaithint sceilp\u00edn\u00ed gabhair, a bh\u00edonn ina spriocanna do na comhcheilgeoir\u00ed (an Coimisi\u00fan Eorpach). Is f\u00e9idir teoiric\u00ed comhcheilge a aithint tr\u00ed \u00e9ilimh neamhghn\u00e1cha, gan taca\u00edocht a thugann d\u00fashl\u00e1n faisn\u00e9is eola\u00edoch bhunaithe, agus \u00fas\u00e1id iomarcach ionsaithe ad hominem (pearsanta) i gcoinne aon duine a dh\u00e9anann iarracht an teoiric a bhr\u00e9agn\u00fa (an namhaid). Is minic a bh\u00edonn siad an-spreag\u00fail, agus go n-\u00fas\u00e1idtear eagla, amhras n\u00f3 uaf\u00e1s chun taca\u00edocht a choth\u00fa.<\/p>\n\t\t\t\t\t\t\t<\/div>\r\n\t\t\t\t\t\t<\/div>\r\n\t\t\t\t\t<\/div>\r\n\t\t\t\t<\/div>\t\r\n\t\t\t<\/div>\r\n\t\t<\/div>\r\n\t<\/div>\r\n<\/section>\n\n<section class=\"is-question bg-color-offwhite content text-content py-4 py-lg-5 mt-0\">\r\n\t<div class=\"container my-4\">\r\n\t\t<div class=\"row align-items-stretch mb-0\">\r\n\t\t\t<div class=\"col-lg-10 pe-3 pe-lg-5 mb-0 wow animate__fadeInLeft\">\r\n\t\t\t\t<blockquote>\r\n\t\t\t\t\t<a data-bs-toggle=\"collapse\" class=\"collapsed\" href=\"#question-boxblock_b0c1cb784e79c0aa4b52d0c7d6d95101\" role=\"button\" aria-expanded=\"false\" aria-controls=\"question-boxblock_b0c1cb784e79c0aa4b52d0c7d6d95101\">\r\n\t\t\t\t\t\tConas a ghlacann Teoiric\u00ed Comhcheilge seilbh?<br>\r\n\t\t\t\t\t\t\t\t\t\t\t\t<span class=\"mt-3 mb-0 d-block\" style=\"font-size:1rem;\"><em>Freagra ag Dr. Claire McGuiness<\/em><\/span>\r\n\t\t\t\t\t\t\r\n\t\t\t\t\t\t<div class=\"answer-toggle\">\r\n\t\t\t\t\t\t\t<span class=\"open\">F\u00e9ach freagra <i class=\"bi bi-arrow-down-square-fill ms-3\"><\/i><\/span>\r\n\t\t\t\t\t\t\t<span class=\"close\">D\u00fan freagra <i class=\"bi bi-arrow-up-square-fill ms-3\"><\/i><\/span>\r\n\t\t\t\t\t\t<\/div>\r\n\t\t\t\t\t<\/a>\r\n\t\t\t\t<\/blockquote>\r\n\t\t\t\t<div class=\"row\">\r\n\t\t\t\t\t<div class=\"col\">\r\n\t\t\t\t\t\t<div class=\"collapse multi-collapse\" id=\"question-boxblock_b0c1cb784e79c0aa4b52d0c7d6d95101\">\r\n\t\t\t\t\t\t\t<div class=\"card card-body\">\r\n\t\t\t\t\t\t\t\t<p>C\u00e9 go nd\u00edr\u00edtear go minic ar easpa oideachais n\u00f3 ar leibh\u00e9al faisn\u00e9ise \u00edseal, b\u00edonn nasc ag teoiric\u00ed comhcheilge le leochaileacht freisin. L\u00e9ir\u00edtear go gcreidtear teoiric\u00ed comhcheilge le linn tr\u00e1ma, nuair a bh\u00edonn daoine gan chumhacht mar gheall ar a gc\u00fains\u00ed &#8211; paind\u00e9im dhomhanda mar shampla. Is f\u00e9idir le comhcheilg cabhr\u00fa le daoine ciall a bhaint as c\u00e1sanna tr\u00ed ch\u00e9ile, agus m\u00edni\u00fa simpl\u00ed a thabhairt a d&#8217;fh\u00e9adfadh a bheith n\u00edos \u00e9asca glacadh leis n\u00e1 glacadh leis an r\u00e9altacht. Cuireann siad ar chumas daoine a bheith p\u00e1irteach i bpobal, a bhfuil an fh\u00edrinne ar eolas acu faoi na naimhde samhailteacha at\u00e1 taobh thiar de staid na ngn\u00f3tha\u00ed. T\u00e1 na me\u00e1in sh\u00f3isialta r\u00edth\u00e1bhachtach freisin &#8211; chruthaigh an bhoth mhacalla, comhroinnt mhearscaipthe, seachadadh \u00e1bhar algartamach, anaithnideacht, agus easpa seice\u00e1la f\u00edric\u00ed timpeallacht thorth\u00fail do theoiric\u00ed comhcheilge, go minic brostaithe ag drochghn\u00edomhaithe a bhr\u00fann iad. N\u00edl aon chine\u00e1l pearsantacht uil\u00edoch ann a chreideann i dteoiric\u00ed comhcheilge &#8211; is f\u00e9idir leis na teoiric\u00ed comhcheilge an ceann is fearr a fh\u00e1il ar aon duine.<\/p>\n\t\t\t\t\t\t\t<\/div>\r\n\t\t\t\t\t\t<\/div>\r\n\t\t\t\t\t<\/div>\r\n\t\t\t\t<\/div>\t\r\n\t\t\t<\/div>\r\n\t\t<\/div>\r\n\t<\/div>\r\n<\/section>\n\n<section class=\"is-question bg-color-white content text-content py-4 py-lg-5 mt-0\">\r\n\t<div class=\"container my-4\">\r\n\t\t<div class=\"row align-items-stretch mb-0\">\r\n\t\t\t<div class=\"col-lg-10 pe-3 pe-lg-5 mb-0 wow animate__fadeInLeft\">\r\n\t\t\t\t<blockquote>\r\n\t\t\t\t\t<a data-bs-toggle=\"collapse\" class=\"collapsed\" href=\"#question-boxblock_db190ab23a62fb9c45ee839a4b5ade33\" role=\"button\" aria-expanded=\"false\" aria-controls=\"question-boxblock_db190ab23a62fb9c45ee839a4b5ade33\">\r\n\t\t\t\t\t\tCreideann duine muinteartha liom teoiric comhcheilge a bh\u00ed ar na me\u00e1in sh\u00f3isialta le gairid. An bhfuil aon rud is f\u00e9idir liom a dh\u00e9anamh faoi seo?<br>\r\n\t\t\t\t\t\t\t\t\t\t\t\t<span class=\"mt-3 mb-0 d-block\" style=\"font-size:1rem;\"><em>Freagra ag Dr. Claire McGuiness<\/em><\/span>\r\n\t\t\t\t\t\t\r\n\t\t\t\t\t\t<div class=\"answer-toggle\">\r\n\t\t\t\t\t\t\t<span class=\"open\">F\u00e9ach freagra <i class=\"bi bi-arrow-down-square-fill ms-3\"><\/i><\/span>\r\n\t\t\t\t\t\t\t<span class=\"close\">D\u00fan freagra <i class=\"bi bi-arrow-up-square-fill ms-3\"><\/i><\/span>\r\n\t\t\t\t\t\t<\/div>\r\n\t\t\t\t\t<\/a>\r\n\t\t\t\t<\/blockquote>\r\n\t\t\t\t<div class=\"row\">\r\n\t\t\t\t\t<div class=\"col\">\r\n\t\t\t\t\t\t<div class=\"collapse multi-collapse\" id=\"question-boxblock_db190ab23a62fb9c45ee839a4b5ade33\">\r\n\t\t\t\t\t\t\t<div class=\"card card-body\">\r\n\t\t\t\t\t\t\t\t<p>Is ceist dh\u00fashl\u00e1nach \u00ed seo. C\u00e9 go raibh teoiric\u00ed comhcheilge ann i gc\u00f3na\u00ed &#8211; m.sh., gur tharla tuirlingt na geala\u00ed i sti\u00faideo in 1969 &#8211; is cos\u00fail go bhfuil siad n\u00edos forleithne f\u00f3s le blianta beaga anuas. Ba shoil\u00e9ir \u00e9 sin le linn phaind\u00e9im COVID-19, nuair a roinneadh go forleathan ar an idirl\u00edon agus ar na me\u00e1in sh\u00f3isialta iliomad teoiric\u00ed comhcheilge a bhain le vacsa\u00edn\u00ed, dianghlas\u00e1il agus bun\u00fas an v\u00edris. C\u00e9 gur f\u00e9idir le teoiric\u00ed comhcheilge a bheith suimi\u00fail, b\u00edonn siad cont\u00fairteach freisin, go h\u00e1irithe nuair a bh\u00edonn tortha\u00ed tubaisteacha mar thoradh ar an l\u00e9amh r\u00f3dhomhain, mar shampla ionsaithe an Chaipeat\u00f3il sna St\u00e1it Aontaithe ar an 6 Ean\u00e1ir, n\u00f3 b\u00e1sanna inchoiscthe \u00f3 v\u00edris.<\/p>\n<p>Fi\u00fa nuair a chuirtear na f\u00edric\u00ed os comhair an duine a chreideann na teoiric\u00ed comhcheilge, is f\u00e9idir leis sin a bheith neamh\u00e9ifeachtach, mar f\u00e9idir leo a bheith ina gcruth\u00fanas breise ar an gcomhcheilg, agus a bheith ina ch\u00fais le tochailt n\u00edos doimhne. Is t\u00e1bhachtach comhbh\u00e1 a thaispe\u00e1int, agus gan magadh faoin duine \u2013 cuimhnigh, is f\u00e9idir leis na c\u00faiseanna a gcreideann siad teoiric\u00ed comhcheilge a bheith casta. Cur chuige amh\u00e1in is ea d\u00edosp\u00f3ireacht oscailte a spreagadh, agus sp\u00e9is a l\u00e9iri\u00fa, m.sh., tr\u00ed cheisteanna a chur faoin teoiric a d&#8217;fh\u00e9adfadh f\u00e9inmhachnamh a spreagadh agus ligean duit roinnt frithfhaisn\u00e9ise a thabhairt isteach diaidh ar ndiaidh. M\u00e1s f\u00e9idir, is strait\u00e9is \u00fas\u00e1ideach freisin \u00ed iar-theoiric\u00ed comhcheilge a fh\u00e1il chun cabhr\u00fa le br\u00e9agn\u00fa a dh\u00e9anamh. I ndeireadh na d\u00e1la, is \u00ed an uirlis is m\u00f3 i gcoinne teoiric\u00ed comhcheilge n\u00e1 litearthacht na me\u00e1n agus na faisn\u00e9ise, a chuireann ar chumas daoine meast\u00f3ireacht chritici\u00fail a dh\u00e9anamh ar an bhfaisn\u00e9is a bh\u00edonn acu, foins\u00ed creidi\u00fanacha a lorg, agus dul i mbun pl\u00e9 tuisceanach.<br \/>\nIs f\u00e9idir roinnt foins\u00ed cabhracha eolais a fh\u00e1il th\u00edos:<\/p>\n<h4>Treoir dhl\u00fath maidir le Teoiric\u00ed Comhcheilge:<\/h4>\n<p><a href=\"https:\/\/conspiracytheories.eu\/_wpx\/wp-content\/uploads\/2020\/03\/COMPACT_Guide-2.pdf\">Download<\/a><\/p>\n<h4>An L\u00e1mhleabhar maidir le Teoiric\u00ed Comhcheilge:<\/h4>\n<p><a href=\"https:\/\/www.climatechangecommunication.org\/wp-content\/uploads\/2020\/03\/ConspiracyTheoryHandbook.pdf\">Download<\/a><\/p>\n<h4>Teoiric\u00ed comhcheilge a aithint (Coimisi\u00fan an AE): <\/h4>\n<p><a href=\"https:\/\/ec.europa.eu\/info\/live-work-travel-eu\/coronavirus-response\/fighting-disinformation\/identifying-conspiracy-theories_en#is-this-a-conspiracy-theory-check-before-sharing\">Download<\/a><\/p>\n\t\t\t\t\t\t\t<\/div>\r\n\t\t\t\t\t\t<\/div>\r\n\t\t\t\t\t<\/div>\r\n\t\t\t\t<\/div>\t\r\n\t\t\t<\/div>\r\n\t\t<\/div>\r\n\t<\/div>\r\n<\/section>\n\n<section class=\"is-question bg-color-white content text-content py-4 py-lg-5 mt-0\">\r\n\t<div class=\"container my-4\">\r\n\t\t<div class=\"row align-items-stretch mb-0\">\r\n\t\t\t<div class=\"col-lg-10 pe-3 pe-lg-5 mb-0 wow animate__fadeInLeft\">\r\n\t\t\t\t<blockquote>\r\n\t\t\t\t\t<a data-bs-toggle=\"collapse\" class=\"collapsed\" href=\"#question-boxblock_e7ab8e4b8878b6d52eaf085c83a9834c\" role=\"button\" aria-expanded=\"false\" aria-controls=\"question-boxblock_e7ab8e4b8878b6d52eaf085c83a9834c\">\r\n\t\t\t\t\t\tD\u2019inis mo leanbh at\u00e1 15 bliana d\u2019aois dom go bhfuil s\u00e9\/s\u00ed ag iarraidh a bheith ina \u201ct(h)uairisceoir saor\u00e1naigh,\u201d agus is cos\u00fail go mbaineann s\u00e9 sin den chuid is m\u00f3 le freastal ar ag\u00f3id\u00ed agus m\u00f3rshi\u00falta, gearrth\u00f3ga a scann\u00e1n\u00fa ar a bhf\u00f3n agus iad a uasl\u00f3d\u00e1il ar TikTok. N\u00edor chuala m\u00e9 riamh faoi thuairisceoireacht saor\u00e1nach \u2013 ar cheart imn\u00ed a bheith orm?<br>\r\n\t\t\t\t\t\t\t\t\t\t\t\t<span class=\"mt-3 mb-0 d-block\" style=\"font-size:1rem;\"><em>Freagra ag Dr. Claire McGuinness<\/em><\/span>\r\n\t\t\t\t\t\t\r\n\t\t\t\t\t\t<div class=\"answer-toggle\">\r\n\t\t\t\t\t\t\t<span class=\"open\">F\u00e9ach freagra <i class=\"bi bi-arrow-down-square-fill ms-3\"><\/i><\/span>\r\n\t\t\t\t\t\t\t<span class=\"close\">D\u00fan freagra <i class=\"bi bi-arrow-up-square-fill ms-3\"><\/i><\/span>\r\n\t\t\t\t\t\t<\/div>\r\n\t\t\t\t\t<\/a>\r\n\t\t\t\t<\/blockquote>\r\n\t\t\t\t<div class=\"row\">\r\n\t\t\t\t\t<div class=\"col\">\r\n\t\t\t\t\t\t<div class=\"collapse multi-collapse\" id=\"question-boxblock_e7ab8e4b8878b6d52eaf085c83a9834c\">\r\n\t\t\t\t\t\t\t<div class=\"card card-body\">\r\n\t\t\t\t\t\t\t\t<p>My 15-year old has told me that they want to be a \u201ccitizen journalist,\u201d which seems to mainly involve attending protests and marches, filming clips on their phone and uploading them to TikTok. I\u2019ve never heard of citizen journalism \u2013 should I be concerned? (Answer by Dr. Claire McGuinness)<\/p>\n<p>One of the more interesting recent changes in news reporting has emerged from the rise of social media, which has empowered ordinary members of the general public \u2013 in this context, non-journalists like your teenager &#8211; to become content creators and what has been called \u201ccitizen journalists\u201d. Citizen journalism is more formally defined as \u201cthe reporting of news events by members of the public using the Internet to spread the information\u201d (Techopedia), but is probably more recognisable to us as livestreams or video clips of events taken by bystanders and shared on YouTube, Facebook, TikTok, blogs and other platforms. Some of these clips also find their way into the mainstream news media channels, which may not yet have been able to get their own reporters on the ground. While it\u2019s not a completely new phenomenon \u2013 think of the famous Zapruder film of the JFK assassination in 1963 \u2013 the citizen journalism trend has been accelerated by technology. Most of us now own smartphones equipped with increasingly high-quality cameras that enable people to capture and share news events as they happen. Easy-to-use editing software has allowed people to cut and enhance their videos to create attention-grabbing reports. It\u2019s not just video \u2013 blogs, websites and other open source channels are also populated by eager citizen journalists. Now, \u201cAlmost anyone with internet access can break a story or even create the news, at least in principle\u201d (Tewkesbury &#038; Rittenberg, 2012). In recent times, public awareness of citizen journalism has soared, most likely due to high-profile news stories such as the 2020 murder of George Floyd, which was captured on video by a 17-year old citizen journalist who shared her clip on social media, bringing global attention to the killing. The resulting outcry led to a surge of protests against racism and policy brutality, which circulated under the #blacklivesmatter hashtag on social media.   <\/p>\n<p>In these situations and others, such as reporting from disaster zones, arguments in favour of citizen journalism seem clear \u2013 if mainstream news media are not or cannot be present, sharing first-hand reports can draw attention to crimes, injustices and humanitarian crises that might otherwise stay below the public radar. You could argue that citizen journalists contribute to democratising the news landscape, enabling diverse perspectives and local stories to reach broader audiences, even before professional journalists take up the story. In regions where media is under tight government control, this can be critical. However, caution is advised \u2013 citizen journalists can also distort the news. As they are not required to adhere to the standards and codes of ethics governing professional journalists, the trustworthiness of citizen reports can be questionable. There are no editorial checks, and content may be manipulated to fit an agenda. Problems with copyright and privacy may arise, when no legal or fact checks are performed. Important context or exposition may be omitted. To address this, one thing that aspiring citizen journalists like your teenager can do is familiarise themselves with the Seven Standards of Quality Journalism \u2013 and be careful out there!<br \/>\n\tD\u2019inis mo leanbh at\u00e1 15 bliana d\u2019aois dom go bhfuil s\u00e9\/s\u00ed ag iarraidh a bheith ina \u201ct(h)uairisceoir saor\u00e1naigh,\u201d agus is cos\u00fail go mbaineann s\u00e9 sin den chuid is m\u00f3 le freastal ar ag\u00f3id\u00ed agus m\u00f3rshi\u00falta, gearrth\u00f3ga a scann\u00e1n\u00fa ar a bhf\u00f3n agus iad a uasl\u00f3d\u00e1il ar TikTok. N\u00edor chuala m\u00e9 riamh faoi thuairisceoireacht saor\u00e1nach \u2013 ar cheart imn\u00ed a bheith orm?  (Freagra \u00f3n Dr. Claire McGuinness)<\/p>\n<p>Th\u00e1inig ceann de na hathruithe n\u00edos sp\u00e9isi\u00fala agus is d\u00e9ana\u00ed sa tuairisceoireacht nuachta chun cinn leis an m\u00e9ad\u00fa at\u00e1 tagtha ar na me\u00e1in sh\u00f3isialta, rud a chuir ar chumas ghn\u00e1th-dhaoine den phobal i gcoitinne \u2013 sa chomhth\u00e9acs seo, neamh-iriseoir\u00ed cos\u00fail le do dh\u00e9ag\u00f3ir &#8211; a bheith ina gcruthaitheoir\u00ed \u00e1bhair agus tugadh \u201ctuairisceoir\u00ed saor\u00e1naigh\u201d air sin. Tugtar sainmh\u00edni\u00fa n\u00edos foirmi\u00fala ar thuairisceoireacht saor\u00e1nach mar imeachta\u00ed nuachta \u00e1 dtuairisci\u00fa ag daoine den phobal tr\u00ed \u00fas\u00e1id a bhaint as an Idirl\u00edon chun an t-eolas a scaipeadh (Techopedia), ach is d\u00f3cha go bhfuil s\u00e9 n\u00edos aitheanta d\u00fainne mar bheoshruthanna n\u00f3 gearrth\u00f3ga f\u00edse d\u2019imeachta\u00ed a rinne fianaisigh agus a roinntear ar YouTube, Facebook, TikTok, blaganna agus ard\u00e1in eile. \u00c9ir\u00edonn le roinnt de na gearrth\u00f3ga sin a mbealach a dh\u00e9anamh chuig na cain\u00e9il phr\u00edomhshrutha nuachta sna me\u00e1in chumars\u00e1ide, a d\u2019fh\u00e9adfadh s\u00e9 tarl\u00fa nach raibh tuairisceoir\u00ed na gcain\u00e9al sin in ann a bheith ar an l\u00e1thair go f\u00f3ill. C\u00e9 nach bhfuil s\u00e9 sin go hioml\u00e1n nua \u2013 smaoinigh ar scann\u00e1n c\u00e1ili\u00fail Zapruder faoi fheallmhar\u00fa JFK sa bhliain 1963 \u2013 chuir an teicneola\u00edocht borradh faoi threocht na tuairisceoireachta saor\u00e1nach. T\u00e1 f\u00f3in chliste ag an gcuid is m\u00f3 againn anois at\u00e1 feistithe le ceamara\u00ed a mb\u00edonn a gcaighde\u00e1in ag dul i bhfeabhas i gc\u00f3na\u00ed agus a chuireann ar chumas daoine imeachta\u00ed nuachta de r\u00e9ir mar a tharla\u00edonn siad a l\u00e9iri\u00fa agus a roinnt. Leis na bogearra\u00ed eagarth\u00f3ireachta at\u00e1 \u00e9asca le h\u00fas\u00e1id, ligeadh do dhaoine a bhf\u00edse\u00e1in a ghearradh agus a fheabhs\u00fa chun tuairisc\u00ed a tharraing\u00edonn aird a chruth\u00fa. N\u00ed bhaineann sin le f\u00edse\u00e1in amh\u00e1in \u2013 b\u00edonn tuairisceoir\u00ed saor\u00e1naigh at\u00e1 ar b\u00eds ag baint leas as blaganna, l\u00e1ithre\u00e1in gr\u00e9as\u00e1in agus cain\u00e9il eile foins\u00ed oscailte freisin. Anois, is f\u00e9idir le duine ar bith beagnach a bhfuil teacht acu ar an idirl\u00edon sc\u00e9al a bhriseadh n\u00f3 fi\u00fa an nuacht a chruth\u00fa, i bprionsabal ar a laghad (Tewkesbury &#038; Rittenberg, 2012). Le tamall anuas, th\u00e1inig feabhas ar fheasacht an phobail maidir le tuairisceoireacht saor\u00e1nach mar gheall, is m\u00f3 is d\u00f3ich\u00ed, ar sc\u00e9alta nuachta ardphr\u00f3if\u00edle amhail d\u00fanmhar\u00fa George Floyd sa bhliain 2020 a ndearna tuairisceoir saor\u00e1naigh, 17 mbliana d\u2019aois, f\u00edse\u00e1n de agus a roinneadh an ghearrth\u00f3g ar na me\u00e1in sh\u00f3isialta chun aird dhomhanda a tharraingt ar an mar\u00fa. Mar gheall ar an raic a d\u2019eascair as sin, th\u00e1inig borradh ar an l\u00edon ag\u00f3id\u00ed in aghaidh cin\u00edochais agus br\u00faidi\u00falacht p\u00f3il\u00edn\u00ed agus scaipeadh sin faoin haischlib #blacklivesmatter ar na me\u00e1in sh\u00f3isialta.   <\/p>\n<p>Sna c\u00e1sanna sin agus eile, amhail tuairisci\u00fa a dh\u00e9anamh \u00f3 chriosanna tubaist\u00ed, is cos\u00fail go bhfuil arg\u00f3int\u00ed i bhfabhar tuairisceoireacht saor\u00e1nach soil\u00e9ir \u2013 mura f\u00e9idir leis na me\u00e1in chumars\u00e1ide nuachta phr\u00edomhshrutha a bheith i l\u00e1thair, is f\u00e9idir aird a tharraingt ar choireanna, \u00e9ag\u00f3racha agus g\u00e9arch\u00e9imeanna daonn\u00fala nach mbeadh i mb\u00e9al an phobail murach sin b\u2019fh\u00e9idir tr\u00ed thuairisc\u00ed pearsanta a roinnt. D\u2019fh\u00e9adfa\u00ed a mha\u00edomh go gcuid\u00edonn tuairisceoir\u00ed saor\u00e1naigh leis an t\u00edrdhreach nuachta a dhaonlath\u00fa, le go mbeidh dearctha\u00ed \u00e9ags\u00fala agus sc\u00e9alta \u00e1iti\u00fala in ann teacht chomh fada leis an lucht f\u00e9achana n\u00edos leithne, fi\u00fa sula dtabharfaidh iriseoir\u00ed gairmi\u00fala faoin sc\u00e9al. Is f\u00e9idir leis sin a bheith r\u00edth\u00e1bhachtach i r\u00e9igi\u00fain ina bhfuil na me\u00e1in chumars\u00e1ide faoi smacht docht ag an rialtas. Mar sin f\u00e9in moltar a bheith ar an airdeall \u2013 is f\u00e9idir le tuairisceoir\u00ed saor\u00e1naigh an nuacht a chur as a riocht freisin. \u00d3 tharla nach bhfuil orthu clo\u00ed leis na caighde\u00e1in agus leis na c\u00f3id eitice a riala\u00edonn iriseoir\u00ed gairmi\u00fala, is f\u00e9idir amhras a bheith ann faoi iontaofacht na dtuairisc\u00ed saor\u00e1naigh. N\u00edl aon seice\u00e1lacha eagarth\u00f3ireachta ann agus d\u2019fh\u00e9adfa\u00ed \u00e1bhar a ionramh\u00e1il lena chur in oiri\u00faint do chl\u00e1r oibre.  D\u2019fh\u00e9adfadh fadhbanna le c\u00f3ipcheart agus pr\u00edobh\u00e1ideachas teacht chun cinn nuair nach bhfuil aon seice\u00e1il f\u00edric\u00ed n\u00f3 dl\u00ed curtha i gcr\u00edch. D\u2019fh\u00e9adfa\u00ed l\u00e9iri\u00fa n\u00f3 comhth\u00e9acs t\u00e1bhachtach a fh\u00e1g\u00e1il ar l\u00e1r. Chun aghaidh a thabhairt air sin, t\u00e1 rud amh\u00e1in ann is f\u00e9idir le tuairisceoir\u00ed saor\u00e1naigh ardaidhmeannacha cos\u00fail le do dh\u00e9ag\u00f3ir a dh\u00e9anamh, is \u00e9 sin eolas a chur ar na Seacht gCaighde\u00e1n a bhaineann le hIriseoireacht d\u2019Ardchaighde\u00e1n &#8211; agus a bheith c\u00faramach amuigh ansin!<\/p>\n\t\t\t\t\t\t\t<\/div>\r\n\t\t\t\t\t\t<\/div>\r\n\t\t\t\t\t<\/div>\r\n\t\t\t\t<\/div>\t\r\n\t\t\t<\/div>\r\n\t\t<\/div>\r\n\t<\/div>\r\n<\/section>\n\n<section class=\"is-question bg-color-white content text-content py-4 py-lg-5 mt-0\">\r\n\t<div class=\"container my-4\">\r\n\t\t<div class=\"row align-items-stretch mb-0\">\r\n\t\t\t<div class=\"col-lg-10 pe-3 pe-lg-5 mb-0 wow animate__fadeInLeft\">\r\n\t\t\t\t<blockquote>\r\n\t\t\t\t\t<a data-bs-toggle=\"collapse\" class=\"collapsed\" href=\"#question-boxblock_31bc8cd6ff6d55c8c545e10b3593b3be\" role=\"button\" aria-expanded=\"false\" aria-controls=\"question-boxblock_31bc8cd6ff6d55c8c545e10b3593b3be\">\r\n\t\t\t\t\t\tC\u00e9 a dh\u00e9anann an cinneadh maidir le c\u00e9ard is br\u00e9agaisn\u00e9is ann agus c\u00e9ard nach ea? <br>\r\n\t\t\t\t\t\t\t\t\t\t\t\t<span class=\"mt-3 mb-0 d-block\" style=\"font-size:1rem;\"><em>Freagra ag Dr. Eileen Culloty<\/em><\/span>\r\n\t\t\t\t\t\t\r\n\t\t\t\t\t\t<div class=\"answer-toggle\">\r\n\t\t\t\t\t\t\t<span class=\"open\">F\u00e9ach freagra <i class=\"bi bi-arrow-down-square-fill ms-3\"><\/i><\/span>\r\n\t\t\t\t\t\t\t<span class=\"close\">D\u00fan freagra <i class=\"bi bi-arrow-up-square-fill ms-3\"><\/i><\/span>\r\n\t\t\t\t\t\t<\/div>\r\n\t\t\t\t\t<\/a>\r\n\t\t\t\t<\/blockquote>\r\n\t\t\t\t<div class=\"row\">\r\n\t\t\t\t\t<div class=\"col\">\r\n\t\t\t\t\t\t<div class=\"collapse multi-collapse\" id=\"question-boxblock_31bc8cd6ff6d55c8c545e10b3593b3be\">\r\n\t\t\t\t\t\t\t<div class=\"card card-body\">\r\n\t\t\t\t\t\t\t\t<p>Freagra gearr air sin n\u00e1 gur cheart go socr\u00f3dh an fhianaise c\u00e9ard is br\u00e9agaisn\u00e9is ann agus c\u00e9ard nach ea. Ba cheart d\u2019aon duine n\u00f3 eagra\u00edocht at\u00e1 ag d\u00e9anamh cinneadh faoi \u00e9ileamh \u00e9 sin a dh\u00e9anamh ar bhealach tr\u00e9dhearcach agus tr\u00ed thagairt don fhianaise. Dar nd\u00f3igh is \u00e9ard a bh\u00edonn deacair faoi sin n\u00e1 nach mb\u00edonn s\u00e9 i gc\u00f3na\u00ed simpl\u00ed fianaise a mheas toisc go bhf\u00e9adfadh easpa fianaise a bheith ann n\u00f3 go bhf\u00e9adfadh s\u00e9 nach mbeadh n\u00e1d\u00far an \u00e9ilimh go hioml\u00e1n f\u00edorasach. Mar shampla t\u00e1 comhaont\u00fa soil\u00e9ir eola\u00edochta ann maidir leis an bhfianaise i leith sh\u00e1bh\u00e1ilteacht agus \u00e9ifeachtacht na vacsa\u00edn\u00ed don \u00f3ige. D\u2019fh\u00e9adfadh roinnt daoine easaont\u00fa leis sin ach t\u00e1 an fhianaise eola\u00edochta soil\u00e9ir. Mar mhalairt air sin, n\u00edl go leor nithe eile a mb\u00edonn muid ag arg\u00f3int f\u00fathu sa tsocha\u00ed bunaithe ar fh\u00edric\u00ed soil\u00e9ire; is l\u00e9irmh\u00ednithe iad d\u2019fhianaise agus baineann siad le smaointe polait\u00edochta agus mor\u00e1lta faoi mar is ceart agus n\u00e1r cheart d\u00fainn a dh\u00e9anamh. Sna c\u00e1sanna sin, is minic a tharla\u00edonn s\u00e9 gur br\u00e9agach i bp\u00e1irt n\u00f3 gur d\u00ed-chomhth\u00e9acsaithe n\u00f3 gur d\u00edchumtha \u00e9 \u00e9ileamh ar bhealach \u00e9igin agus ba cheart na c\u00faiseanna ar th\u00e1ngthas ar an gconcl\u00faid sin a mh\u00edni\u00fa go soil\u00e9ir.<\/p>\n\t\t\t\t\t\t\t<\/div>\r\n\t\t\t\t\t\t<\/div>\r\n\t\t\t\t\t<\/div>\r\n\t\t\t\t<\/div>\t\r\n\t\t\t<\/div>\r\n\t\t<\/div>\r\n\t<\/div>\r\n<\/section>\n\n<section class=\"is-question bg-color-white content text-content py-4 py-lg-5 mt-0\">\r\n\t<div class=\"container my-4\">\r\n\t\t<div class=\"row align-items-stretch mb-0\">\r\n\t\t\t<div class=\"col-lg-10 pe-3 pe-lg-5 mb-0 wow animate__fadeInLeft\">\r\n\t\t\t\t<blockquote>\r\n\t\t\t\t\t<a data-bs-toggle=\"collapse\" class=\"collapsed\" href=\"#question-boxblock_375eda8d413dc42aaf6aa784574f864d\" role=\"button\" aria-expanded=\"false\" aria-controls=\"question-boxblock_375eda8d413dc42aaf6aa784574f864d\">\r\n\t\t\t\t\t\tC\u00e9n f\u00e1th a gcreideann daoine i mbr\u00e9agaisn\u00e9is? <br>\r\n\t\t\t\t\t\t\t\t\t\t\t\t<span class=\"mt-3 mb-0 d-block\" style=\"font-size:1rem;\"><em>Freagra ag Dr. Eileen Culloty<\/em><\/span>\r\n\t\t\t\t\t\t\r\n\t\t\t\t\t\t<div class=\"answer-toggle\">\r\n\t\t\t\t\t\t\t<span class=\"open\">F\u00e9ach freagra <i class=\"bi bi-arrow-down-square-fill ms-3\"><\/i><\/span>\r\n\t\t\t\t\t\t\t<span class=\"close\">D\u00fan freagra <i class=\"bi bi-arrow-up-square-fill ms-3\"><\/i><\/span>\r\n\t\t\t\t\t\t<\/div>\r\n\t\t\t\t\t<\/a>\r\n\t\t\t\t<\/blockquote>\r\n\t\t\t\t<div class=\"row\">\r\n\t\t\t\t\t<div class=\"col\">\r\n\t\t\t\t\t\t<div class=\"collapse multi-collapse\" id=\"question-boxblock_375eda8d413dc42aaf6aa784574f864d\">\r\n\t\t\t\t\t\t\t<div class=\"card card-body\">\r\n\t\t\t\t\t\t\t\t<p>Le blianta beaga anuas, fiosra\u00edtear in go leor staid\u00e9ar an f\u00e1th a gcreideann daoine i mbr\u00e9agaisn\u00e9is, a roinneann siad br\u00e9agaisn\u00e9is n\u00f3 a bhfuil siad rannph\u00e1irteach i mbr\u00e9agaisn\u00e9is. Mar shampla nuair at\u00e1 tuirse ar dhaoine, nuair at\u00e1 strus orthu, n\u00f3 nuair a chuirtear isteach orthu, is l\u00fa an seans go smaoineoidh siad go critici\u00fail ar na h\u00e9ilimh a thagann siad trasna orthu. Maidir leis sin, t\u00e1 eolas roimh r\u00e9 t\u00e1bhachtach toisc gur l\u00fa an seans go nglacfaidh daoine le h\u00e9ilimh bhr\u00e9agacha faoi \u00e1bhair nuair at\u00e1 bunchloch mhaith eolais acu faoin \u00e1bhar sin. Ina theannta sin, d\u2019fh\u00e9adfadh daoine a bheith claonta agus imr\u00edonn s\u00e9 sin tionchar ar a mbreithi\u00fanas. Baintear leas as na coinn\u00edollacha sin le br\u00e9agaisn\u00e9is tr\u00ed \u00e9ilimh mhoth\u00fach\u00e1nacha agus \u00e9ilimh a tharraing\u00edonn aird a chur i l\u00e1thair. Mar sin f\u00e9in, b\u00edonn \u00e9ags\u00falacht mh\u00f3r i gceist le c\u00e1sanna \u00e1irithe br\u00e9agaisn\u00e9ise agus creidimh. D\u2019fh\u00e9adfadh duine ar bith againn br\u00e9agaisn\u00e9is a chreidi\u00faint sna c\u00fains\u00ed cearta. Chomh maith leis sin, t\u00e1 claonadh ann, faraor, glacadh leis go bhfuil rannph\u00e1irt\u00edocht i mbr\u00e9agaisn\u00e9is mar a ch\u00e9ile le br\u00e9agaisn\u00e9is a chreidi\u00faint. Spreagtar daoine br\u00e9agaisn\u00e9is a roinnt agus a bheith rannph\u00e1irteach inti ar ch\u00faiseanna \u00e9ags\u00fala a chialla\u00edonn nach g\u00e1 go gcreideann siad br\u00e9agaisn\u00e9is. B\u2019fh\u00e9idir go mbainfid\u00eds siamsa\u00edocht as na h\u00e9ilimh n\u00f3 go mbeadh \u00e1bhar machnaimh ann d\u00f3ibh n\u00f3 b\u2019fh\u00e9idir go mbeadh imn\u00ed orthu ar fhait\u00edos go mbeadh \u00e9ileamh f\u00edor. <\/p>\n\t\t\t\t\t\t\t<\/div>\r\n\t\t\t\t\t\t<\/div>\r\n\t\t\t\t\t<\/div>\r\n\t\t\t\t<\/div>\t\r\n\t\t\t<\/div>\r\n\t\t<\/div>\r\n\t<\/div>\r\n<\/section>\n\n<section class=\"is-question bg-color-white content text-content py-4 py-lg-5 mt-0\">\r\n\t<div class=\"container my-4\">\r\n\t\t<div class=\"row align-items-stretch mb-0\">\r\n\t\t\t<div class=\"col-lg-10 pe-3 pe-lg-5 mb-0 wow animate__fadeInLeft\">\r\n\t\t\t\t<blockquote>\r\n\t\t\t\t\t<a data-bs-toggle=\"collapse\" class=\"collapsed\" href=\"#question-boxblock_deabf62536a57f9a948584c21aad5941\" role=\"button\" aria-expanded=\"false\" aria-controls=\"question-boxblock_deabf62536a57f9a948584c21aad5941\">\r\n\t\t\t\t\t\tC\u00e9 at\u00e1 taobh thiar den bhr\u00e9agaisn\u00e9is? <br>\r\n\t\t\t\t\t\t\t\t\t\t\t\t<span class=\"mt-3 mb-0 d-block\" style=\"font-size:1rem;\"><em>Freagra ag Dr. Eileen Culloty<\/em><\/span>\r\n\t\t\t\t\t\t\r\n\t\t\t\t\t\t<div class=\"answer-toggle\">\r\n\t\t\t\t\t\t\t<span class=\"open\">F\u00e9ach freagra <i class=\"bi bi-arrow-down-square-fill ms-3\"><\/i><\/span>\r\n\t\t\t\t\t\t\t<span class=\"close\">D\u00fan freagra <i class=\"bi bi-arrow-up-square-fill ms-3\"><\/i><\/span>\r\n\t\t\t\t\t\t<\/div>\r\n\t\t\t\t\t<\/a>\r\n\t\t\t\t<\/blockquote>\r\n\t\t\t\t<div class=\"row\">\r\n\t\t\t\t\t<div class=\"col\">\r\n\t\t\t\t\t\t<div class=\"collapse multi-collapse\" id=\"question-boxblock_deabf62536a57f9a948584c21aad5941\">\r\n\t\t\t\t\t\t\t<div class=\"card card-body\">\r\n\t\t\t\t\t\t\t\t<p>Crutha\u00edonn r\u00e9imse leathan gn\u00edomhaithe lena n-\u00e1ir\u00edtear st\u00e1it, corpar\u00e1id\u00ed, gr\u00fapa\u00ed agus daoine aonair br\u00e9agaisn\u00e9is. Is leathan freisin at\u00e1 na c\u00faiseanna n\u00f3 spreagtha\u00ed chun \u00ed a chruth\u00fa. D\u2019fh\u00e9afadh na spreagtha\u00ed a bheith bunaithe ar ch\u00farsa\u00ed polait\u00edochta, id\u00e9-eola\u00edocha n\u00f3 airgeadais n\u00f3 measc\u00e1n de na nithe sin. Eascra\u00edonn roinnt br\u00e9agaisn\u00e9ise \u00f3 bhr\u00faghr\u00fapa\u00ed idirn\u00e1isi\u00fanta at\u00e1 maoinithe go maith agus an-eagraithe agus d\u2019fh\u00e9adfadh br\u00e9agaisn\u00e9is eile a bheith an-\u00e1iti\u00fail. N\u00edl aon shamhail aonair ann.<\/p>\n\t\t\t\t\t\t\t<\/div>\r\n\t\t\t\t\t\t<\/div>\r\n\t\t\t\t\t<\/div>\r\n\t\t\t\t<\/div>\t\r\n\t\t\t<\/div>\r\n\t\t<\/div>\r\n\t<\/div>\r\n<\/section>\n\n<section class=\"is-question bg-color-white content text-content py-4 py-lg-5 mt-0\">\r\n\t<div class=\"container my-4\">\r\n\t\t<div class=\"row align-items-stretch mb-0\">\r\n\t\t\t<div class=\"col-lg-10 pe-3 pe-lg-5 mb-0 wow animate__fadeInLeft\">\r\n\t\t\t\t<blockquote>\r\n\t\t\t\t\t<a data-bs-toggle=\"collapse\" class=\"collapsed\" href=\"#question-boxblock_cec900163ddb329f2a1ddeffd455b9e2\" role=\"button\" aria-expanded=\"false\" aria-controls=\"question-boxblock_cec900163ddb329f2a1ddeffd455b9e2\">\r\n\t\t\t\t\t\tC\u00e9n f\u00e1th ar cheart do dhaoine muin\u00edn a bheith acu sna me\u00e1in chumars\u00e1ide nuachta agus in institi\u00faid\u00ed oifigi\u00fala? <br>\r\n\t\t\t\t\t\t\t\t\t\t\t\t<span class=\"mt-3 mb-0 d-block\" style=\"font-size:1rem;\"><em>Freagra ag Dr. Eileen Culloty<\/em><\/span>\r\n\t\t\t\t\t\t\r\n\t\t\t\t\t\t<div class=\"answer-toggle\">\r\n\t\t\t\t\t\t\t<span class=\"open\">F\u00e9ach freagra <i class=\"bi bi-arrow-down-square-fill ms-3\"><\/i><\/span>\r\n\t\t\t\t\t\t\t<span class=\"close\">D\u00fan freagra <i class=\"bi bi-arrow-up-square-fill ms-3\"><\/i><\/span>\r\n\t\t\t\t\t\t<\/div>\r\n\t\t\t\t\t<\/a>\r\n\t\t\t\t<\/blockquote>\r\n\t\t\t\t<div class=\"row\">\r\n\t\t\t\t\t<div class=\"col\">\r\n\t\t\t\t\t\t<div class=\"collapse multi-collapse\" id=\"question-boxblock_cec900163ddb329f2a1ddeffd455b9e2\">\r\n\t\t\t\t\t\t\t<div class=\"card card-body\">\r\n\t\t\t\t\t\t\t\t<p>Is \u00e9 an freagra at\u00e1 ar bhr\u00e9agaisn\u00e9is n\u00e1 gan muin\u00edn in institi\u00faid\u00ed n\u00f3 i saineolaithe a cheilt. N\u00ed h\u00e9 sin le r\u00e1 go bhfuil na \u201cme\u00e1in chumars\u00e1ide phr\u00edomhshrutha\u201d ar fad go maith agus go bhfuil na \u201cme\u00e1in chumars\u00e1ide mhalartacha\u201d ar fad go dona. N\u00ed m\u00f3r muin\u00edn a thuilleamh agus n\u00ed m\u00f3r d\u2019eagra\u00edochta\u00ed a l\u00e9iri\u00fa go bhfuil siad iontaofa tr\u00ed dhea-chleachtais a lean\u00faint, feidhmi\u00fa ar son leas an phobail agus tr\u00ed bheith ag brath ar fhianaise. Is f\u00e9idir le faisn\u00e9is agus litearthacht sna me\u00e1in cuidi\u00fa leis an bpobal nuair a bhaineann na me\u00e1in chumars\u00e1ide \u00e9ags\u00fala agus institi\u00faid\u00ed oifigi\u00fala na hid\u00e9il sin amach a aithint agus m\u00e1 t\u00e1 siad cuntasach. Pl\u00fachtar muid le faisn\u00e9is \u00f3 fhoins\u00ed \u00e9ags\u00fala. Cuirtear ualach m\u00f3r ar dhaoine aonair a bheith stuama nuair a bh\u00edonn siad ag cur a gcuid muin\u00edne i bhfoinse.<\/p>\n\t\t\t\t\t\t\t<\/div>\r\n\t\t\t\t\t\t<\/div>\r\n\t\t\t\t\t<\/div>\r\n\t\t\t\t<\/div>\t\r\n\t\t\t<\/div>\r\n\t\t<\/div>\r\n\t<\/div>\r\n<\/section>\n\n<section class=\"is-question bg-color-white content text-content py-4 py-lg-5 mt-0\">\r\n\t<div class=\"container my-4\">\r\n\t\t<div class=\"row align-items-stretch mb-0\">\r\n\t\t\t<div class=\"col-lg-10 pe-3 pe-lg-5 mb-0 wow animate__fadeInLeft\">\r\n\t\t\t\t<blockquote>\r\n\t\t\t\t\t<a data-bs-toggle=\"collapse\" class=\"collapsed\" href=\"#question-boxblock_7a58a1be55b0770b746dc3f468f50a9b\" role=\"button\" aria-expanded=\"false\" aria-controls=\"question-boxblock_7a58a1be55b0770b746dc3f468f50a9b\">\r\n\t\t\t\t\t\tC\u00e9ard is r\u00e9amhbhr\u00e9agn\u00fa ann? <br>\r\n\t\t\t\t\t\t\t\t\t\t\t\t<span class=\"mt-3 mb-0 d-block\" style=\"font-size:1rem;\"><em>Freagra ag Dr. Eileen Culloty<\/em><\/span>\r\n\t\t\t\t\t\t\r\n\t\t\t\t\t\t<div class=\"answer-toggle\">\r\n\t\t\t\t\t\t\t<span class=\"open\">F\u00e9ach freagra <i class=\"bi bi-arrow-down-square-fill ms-3\"><\/i><\/span>\r\n\t\t\t\t\t\t\t<span class=\"close\">D\u00fan freagra <i class=\"bi bi-arrow-up-square-fill ms-3\"><\/i><\/span>\r\n\t\t\t\t\t\t<\/div>\r\n\t\t\t\t\t<\/a>\r\n\t\t\t\t<\/blockquote>\r\n\t\t\t\t<div class=\"row\">\r\n\t\t\t\t\t<div class=\"col\">\r\n\t\t\t\t\t\t<div class=\"collapse multi-collapse\" id=\"question-boxblock_7a58a1be55b0770b746dc3f468f50a9b\">\r\n\t\t\t\t\t\t\t<div class=\"card card-body\">\r\n\t\t\t\t\t\t\t\t<p>Is smaoineamh s\u00e1ch simpl\u00ed \u00e9 r\u00e9amhbhr\u00e9agn\u00fa: is \u00e9ard at\u00e1 i gceist leis n\u00e1 fol\u00e1ireamh a thabhairt do dhaoine roimh r\u00e9 faoi strait\u00e9is\u00ed agus teaictic\u00ed ionramh\u00e1la. D\u00e9antar iarracht le br\u00e9agn\u00fa n\u00f3 seice\u00e1il thapa faisn\u00e9is bhr\u00e9agach a cheart\u00fa tar \u00e9is na f\u00edrice, baineann r\u00e9amhbhr\u00e9agn\u00fa leis an smaoineamh m\u00e1 t\u00e1 r\u00e9amhfh\u00f3gra tugtha duit faoi strait\u00e9is\u00ed br\u00e9agaisn\u00e9ise, is m\u00f3 an seans go mbeidh t\u00fa in ann di\u00falt\u00fa d\u00f3ibh nuair a fheicfidh t\u00fa iad.  Mar shampla b\u2019fh\u00e9idir go m\u00edneofa\u00ed sna r\u00e9amhbhr\u00e9agnuithe go bhfuil feachtas eagraithe ar bun chun amhras a chaitheamh ar an eola\u00edocht aer\u00e1ide n\u00f3 go raibh teoiricithe comhcheilge ag cur \u00e9ilimh chun cinn faoi ghn\u00edomhaithe g\u00e9arch\u00e9ime chun aird a bhaint de choireanna agus ainghn\u00edomhartha. Cheapfaimis, b\u2019fh\u00e9idir, go bhfuil s\u00e9 sin cos\u00fail le litearthacht sna me\u00e1in mar go bhfuil s\u00e9 d\u2019aidhm ag an d\u00e1 cheann acu daoine a spreagadh a bheith ag smaoineamh go critici\u00fail faoi na me\u00e1in chumars\u00e1ide a \u00fas\u00e1ideann siad, ach t\u00e1 bun\u00fas an-difri\u00fail acu. Tagann na smaointe at\u00e1 taobh thiar den r\u00e9amhbhr\u00e9agn\u00fa \u00f3n taighde a rinneadh ar sh\u00edceola\u00edocht sh\u00f3isialta sna 1960id\u00ed. Mar mhalairt air sin, t\u00e1 sraith \u00e1bhar imn\u00ed i bhfad n\u00edos leithne ag litearthacht sna me\u00e1in chun daoine a chosaint \u00f3n iomarca tionchair ag na me\u00e1in chumars\u00e1ide ach chun daoine a chumas\u00fa freisin na me\u00e1in chumars\u00e1ide a \u00fas\u00e1id le go mbeidh siad in ann iad f\u00e9in a chur in i\u00fal agus saol maith a chaitheamh. Bealach amh\u00e1in chun smaoineamh ar an difr\u00edocht n\u00e1 go nd\u00e9antar iarracht le r\u00e9amhbhr\u00e9agn\u00fa deireadh a chur le br\u00e9agaisn\u00e9is ach le litearthacht sna me\u00e1in d\u00e9antar iarracht saor\u00e1nacht mhaith, rannph\u00e1irt\u00edocht agus cuimsi\u00fa a chur chun cinn agus mar sin n\u00edl sa troid i gcoinne br\u00e9agaisn\u00e9ise ach cuid de.<\/p>\n\t\t\t\t\t\t\t<\/div>\r\n\t\t\t\t\t\t<\/div>\r\n\t\t\t\t\t<\/div>\r\n\t\t\t\t<\/div>\t\r\n\t\t\t<\/div>\r\n\t\t<\/div>\r\n\t<\/div>\r\n<\/section>\n\n<section class=\"is-question bg-color-white content text-content py-4 py-lg-5 mt-0\">\r\n\t<div class=\"container my-4\">\r\n\t\t<div class=\"row align-items-stretch mb-0\">\r\n\t\t\t<div class=\"col-lg-10 pe-3 pe-lg-5 mb-0 wow animate__fadeInLeft\">\r\n\t\t\t\t<blockquote>\r\n\t\t\t\t\t<a data-bs-toggle=\"collapse\" class=\"collapsed\" href=\"#question-boxblock_abe108812da5eca64c10ef4af2b65ebd\" role=\"button\" aria-expanded=\"false\" aria-controls=\"question-boxblock_abe108812da5eca64c10ef4af2b65ebd\">\r\n\t\t\t\t\t\tC\u00e9ard is Alt Tech ann agus ar cheart go mbeadh imn\u00ed orainn faoi? <br>\r\n\t\t\t\t\t\t\t\t\t\t\t\t<span class=\"mt-3 mb-0 d-block\" style=\"font-size:1rem;\"><em>Freagra ag Dr. Eugenia Siapera<\/em><\/span>\r\n\t\t\t\t\t\t\r\n\t\t\t\t\t\t<div class=\"answer-toggle\">\r\n\t\t\t\t\t\t\t<span class=\"open\">F\u00e9ach freagra <i class=\"bi bi-arrow-down-square-fill ms-3\"><\/i><\/span>\r\n\t\t\t\t\t\t\t<span class=\"close\">D\u00fan freagra <i class=\"bi bi-arrow-up-square-fill ms-3\"><\/i><\/span>\r\n\t\t\t\t\t\t<\/div>\r\n\t\t\t\t\t<\/a>\r\n\t\t\t\t<\/blockquote>\r\n\t\t\t\t<div class=\"row\">\r\n\t\t\t\t\t<div class=\"col\">\r\n\t\t\t\t\t\t<div class=\"collapse multi-collapse\" id=\"question-boxblock_abe108812da5eca64c10ef4af2b65ebd\">\r\n\t\t\t\t\t\t\t<div class=\"card card-body\">\r\n\t\t\t\t\t\t\t\t<p>Tagra\u00edonn an t\u00e9arma leathan, Alt Tech, go ginear\u00e1lta d\u2019ard\u00e1in n\u00edos l\u00fa a bhfuil cur chuige n\u00edos scaoilte acu i leith measarthacht \u00e1bhair. Th\u00e1inig na hard\u00e1in sin chun cinn n\u00f3 bh\u00ed n\u00edos m\u00f3 t\u00f3ra orthu nuair a chuir ard\u00e1in amhail YouTube, Facebook, Instagram agus Twitter (X anois) roinnt pearsantachta\u00ed \u00f3n taobh antoisceachais n\u00f3 \u00f3n taobh at\u00e1 i bhfad amach ar an eite dheis \u2018\u00f3n ard\u00e1n\u2019. Cuireadh t\u00fas leis sin timpeall 2017-2018, tar \u00e9is imeachta\u00ed amhail Charlottsville Unite the Right rally, l\u00e1mhach na Sionag\u00f3ige in Pittsburgh, ionsa\u00ed Mhosc na hEaglaise Chr\u00edost agus baineadh an bhuaic amach tar \u00e9is na n-imeachta\u00ed ar an 6 Ean\u00e1ir 2021 in Capitol na St\u00e1t Aontaithe. <\/p>\n<p>Nuair nach raibh ard\u00e1n ag gn\u00edomhaithe agus pearsantachta\u00ed a bh\u00ed i bhfad amach ar an eite dheis, d\u2019iompaigh siad go dt\u00ed sp\u00e1sanna a raibh teorainn fh\u00edorbheag i gceist leo n\u00f3 nach raibh teorainn ar bith i gceist leo maidir leis an gcine\u00e1l \u00e1bhair a post\u00e1ladh. Meastar go bhfuil ard\u00e1in amhail Gab, Bitchute, Parler nach ann d\u00f3 n\u00edos m\u00f3, TruthSocial, Rumble agus r\u00e9ims\u00ed de Telegram, DLive, Odysee agus Discord mar chuid den Alt Tech. Tugtar le fios le fianaise shuntasach go n-\u00f3st\u00e1lann ard\u00e1in Alt Tech n\u00edos m\u00f3 \u00e1bhair d\u2019fhuathchaint, br\u00e9agaisn\u00e9is, teoiric\u00ed comhcheilge agus cine\u00e1lacha eile \u00e1bhair ghangaidigh i gcompar\u00e1id le hard\u00e1in phr\u00edomhshrutha. T\u00e1 beag\u00e1n d\u00f3chais ann go bhf\u00e9adfadh creata\u00ed beartais n\u00edos l\u00e1idre ar leibh\u00e9al n\u00e1isi\u00fanta agus AE aghaidh a thabhairt ar an r\u00f3l at\u00e1 ag Alt Tech. Mar sin f\u00e9in, b\u2019fh\u00e9idir go mbeadh \u00fas\u00e1ideoir\u00ed ag iarraidh a bheith ar a n-aire agus fanacht amach \u00f3 fhaisn\u00e9is at\u00e1 cruthaithe ag na hard\u00e1in sin a scaipeadh, ard\u00e1in a bhfuil seolta\u00ed acu a thosa\u00edonn le https:\/\/t.me\/ (Telegram),  https:\/\/bitchute (Bitchute), https:\/\/rumble.com (Rumble) etc. Is beag seice\u00e1lacha c\u00e1il\u00edochta, m\u00e1s ann d\u00f3ibh, a dh\u00e9antar ar na hard\u00e1in seo ar an bhfaisn\u00e9is a scaiptear agus cialla\u00edonn s\u00e9 sin gur f\u00e9idir rud ar bith a bheith san \u00e1ireamh idir fhuathchaint agus \u00e1bhair at\u00e1 thar a bheith for\u00e9igneach agus suaite. <\/p>\n\t\t\t\t\t\t\t<\/div>\r\n\t\t\t\t\t\t<\/div>\r\n\t\t\t\t\t<\/div>\r\n\t\t\t\t<\/div>\t\r\n\t\t\t<\/div>\r\n\t\t<\/div>\r\n\t<\/div>\r\n<\/section>\n\n<section class=\"is-question bg-color-white content text-content py-4 py-lg-5 mt-0\">\r\n\t<div class=\"container my-4\">\r\n\t\t<div class=\"row align-items-stretch mb-0\">\r\n\t\t\t<div class=\"col-lg-10 pe-3 pe-lg-5 mb-0 wow animate__fadeInLeft\">\r\n\t\t\t\t<blockquote>\r\n\t\t\t\t\t<a data-bs-toggle=\"collapse\" class=\"collapsed\" href=\"#question-boxblock_3a5389ece7c4b155de209bc825514bd0\" role=\"button\" aria-expanded=\"false\" aria-controls=\"question-boxblock_3a5389ece7c4b155de209bc825514bd0\">\r\n\t\t\t\t\t\tC\u00e9n chaoi a scaiptear m\u00edfhaisn\u00e9is \u00f3 Alt Tech go dt\u00ed ard\u00e1in phr\u00edomhshrutha? <br>\r\n\t\t\t\t\t\t\t\t\t\t\t\t<span class=\"mt-3 mb-0 d-block\" style=\"font-size:1rem;\"><em>Freagra ag Dr. Eugenia Siapera<\/em><\/span>\r\n\t\t\t\t\t\t\r\n\t\t\t\t\t\t<div class=\"answer-toggle\">\r\n\t\t\t\t\t\t\t<span class=\"open\">F\u00e9ach freagra <i class=\"bi bi-arrow-down-square-fill ms-3\"><\/i><\/span>\r\n\t\t\t\t\t\t\t<span class=\"close\">D\u00fan freagra <i class=\"bi bi-arrow-up-square-fill ms-3\"><\/i><\/span>\r\n\t\t\t\t\t\t<\/div>\r\n\t\t\t\t\t<\/a>\r\n\t\t\t\t<\/blockquote>\r\n\t\t\t\t<div class=\"row\">\r\n\t\t\t\t\t<div class=\"col\">\r\n\t\t\t\t\t\t<div class=\"collapse multi-collapse\" id=\"question-boxblock_3a5389ece7c4b155de209bc825514bd0\">\r\n\t\t\t\t\t\t\t<div class=\"card card-body\">\r\n\t\t\t\t\t\t\t\t<p>Mar a ch\u00e9ile le formh\u00f3r na me\u00e1n s\u00f3isialta, b\u00edonn ard\u00e1in Alt Tech ag brath den chuid is m\u00f3 ar \u00fas\u00e1ideoir\u00ed a bh\u00edonn ag idirghn\u00edomh\u00fa leis an (m\u00edfhaisn\u00e9is) bhfaisn\u00e9is, a chuireann n\u00f3ta tr\u00e1chta l\u00e9i agus a roinneann \u00ed. Rud at\u00e1 t\u00e1bhachtach mar sin n\u00e1 sc\u00e9alta tarraingteacha a chruth\u00fa chun daoine a mhealladh. Saintr\u00e9ith choitianta a bhaineann le m\u00edfhaisn\u00e9is a scaipeadh ar ard\u00e1in Alt Tech n\u00e1 cumars\u00e1id mhoth\u00fach\u00e1nach a \u00fas\u00e1id go h\u00e1irithe fearg, fait\u00edos agus imn\u00ed. Cuirtear fait\u00edos n\u00f3 imn\u00ed ar dhaoine le sc\u00e9alta m\u00edfhaisn\u00e9ise nuair a dh\u00e9antar tagairt do ghr\u00fapa\u00ed leochaileacha, mar shampla leana\u00ed, n\u00f3 nuair a tharraing\u00edtear aird ar phoint\u00ed teannais mar shampla maidir le tith\u00edocht. <\/p>\n<p>Ar an dara dul s\u00edos, cuireann siad r\u00e9iteach soil\u00e9ir ar f\u00e1il tr\u00ed na d\u00e9ant\u00f3ir\u00ed coire, m\u00e1s f\u00edor, a ainmni\u00fa agus an mille\u00e1n a chur orthu. D\u00e1 bhr\u00ed sin, is \u00e9ard is strait\u00e9is thipici\u00fail a \u00fas\u00e1idtear i sc\u00e9alta dochracha n\u00e1 fait\u00edos, imn\u00ed agus fearg a choth\u00fa agus ansin cuirtear na moth\u00fach\u00e1in sin ar aghaidh chun d\u00edri\u00fa ar phobail ar leith agus an mille\u00e1n a chur orthu. <\/p>\n<p>D\u2019fh\u00e9adfadh s\u00e9 a bheith an-deacair a dh\u00e9anamh amach an bhfuil sc\u00e9al sl\u00edthe\u00e1nta n\u00f3 nach bhfuil toisc gur minic a th\u00e9ann sc\u00e9alta \u00f3 na me\u00e1in chumars\u00e1ide i bhfeidhm ar mhoth\u00fach\u00e1in an lucht f\u00e9achana.  T\u00e1imid ag maireacht\u00e1il i sochaithe neamhfhoirfe agus b\u00edonn go leor gear\u00e1n agus teannais ann ar f\u00e9idir a chur in i\u00fal tr\u00ed fhearg agus imn\u00ed a l\u00e9iri\u00fa. Mar sin f\u00e9in nuair a chuireann sc\u00e9al an mille\u00e1n ar phobal ioml\u00e1n daoine agus nuair a chuirtear r\u00e9itigh r\u00f3shimpl\u00ed i l\u00e1thair, ba cheart d\u00fainn stopadh, smaoineamh agus na bunch\u00faiseanna agus an r\u00e9as\u00fan\u00fa at\u00e1 taobh thiar de a cheisti\u00fa. <\/p>\n\t\t\t\t\t\t\t<\/div>\r\n\t\t\t\t\t\t<\/div>\r\n\t\t\t\t\t<\/div>\r\n\t\t\t\t<\/div>\t\r\n\t\t\t<\/div>\r\n\t\t<\/div>\r\n\t<\/div>\r\n<\/section>\n\n<section class=\"is-question bg-color-white content text-content py-4 py-lg-5 mt-0\">\r\n\t<div class=\"container my-4\">\r\n\t\t<div class=\"row align-items-stretch mb-0\">\r\n\t\t\t<div class=\"col-lg-10 pe-3 pe-lg-5 mb-0 wow animate__fadeInLeft\">\r\n\t\t\t\t<blockquote>\r\n\t\t\t\t\t<a data-bs-toggle=\"collapse\" class=\"collapsed\" href=\"#question-boxblock_09abfcc724da891f3d82cde696f7d471\" role=\"button\" aria-expanded=\"false\" aria-controls=\"question-boxblock_09abfcc724da891f3d82cde696f7d471\">\r\n\t\t\t\t\t\tBraithim go bhfuil n\u00edos m\u00f3 eolais ag mo chuid p\u00e1ist\u00ed faoin idirl\u00edon n\u00e1 mar at\u00e1 agamsa &#8230; C\u00e9ard is f\u00e9idir liom a dh\u00e9anamh? <br>\r\n\t\t\t\t\t\t\t\t\t\t\t\t<span class=\"mt-3 mb-0 d-block\" style=\"font-size:1rem;\"><em>Freagra ag Freagra \u00f3 Jane McGarrigle<\/em><\/span>\r\n\t\t\t\t\t\t\r\n\t\t\t\t\t\t<div class=\"answer-toggle\">\r\n\t\t\t\t\t\t\t<span class=\"open\">F\u00e9ach freagra <i class=\"bi bi-arrow-down-square-fill ms-3\"><\/i><\/span>\r\n\t\t\t\t\t\t\t<span class=\"close\">D\u00fan freagra <i class=\"bi bi-arrow-up-square-fill ms-3\"><\/i><\/span>\r\n\t\t\t\t\t\t<\/div>\r\n\t\t\t\t\t<\/a>\r\n\t\t\t\t<\/blockquote>\r\n\t\t\t\t<div class=\"row\">\r\n\t\t\t\t\t<div class=\"col\">\r\n\t\t\t\t\t\t<div class=\"collapse multi-collapse\" id=\"question-boxblock_09abfcc724da891f3d82cde696f7d471\">\r\n\t\t\t\t\t\t\t<div class=\"card card-body\">\r\n\t\t\t\t\t\t\t\t<p>L\u00e9ir\u00edonn taighde gurb iad na tuismitheoir\u00ed an phr\u00edomhfhoinse cabhrach nuair a tharla\u00edonn rud \u00e9igin ar l\u00edne a chuireann isteach ar na p\u00e1ist\u00ed n\u00f3 a chuireann as d\u00f3ibh agus is iad na tuismitheoir\u00ed pr\u00edomhoideachas\u00f3ir\u00ed a bp\u00e1ist\u00ed. Nuair a thagann s\u00e9 go dt\u00ed cabhr\u00fa lena bp\u00e1ist\u00ed a mbealach a dh\u00e9anamh tr\u00edd an saol ar l\u00edne, d\u2019fh\u00e9adfadh go mbeadh tuismitheoir\u00ed tr\u00edna ch\u00e9ile agus go mbraithfeadh siad gur m\u00f3 at\u00e1 ar eolas ag a bp\u00e1ist\u00ed faoin idirl\u00edon n\u00e1 mar at\u00e1 acu f\u00e9in.<br \/>\nIs \u00e9 an rud is t\u00e1bhachta\u00ed at\u00e1 tuismitheoir\u00ed in ann a dh\u00e9anamh chun a bp\u00e1iste a chosaint ar l\u00edne n\u00e1 caidreamh maith a choth\u00fa leo tr\u00ed chomhr\u00e1ite oscailte. T\u00e1 go leor acmhainn\u00ed iontacha ann chun tac\u00fa le tuismitheoir\u00ed; f\u00e9ach ar webwise.ie\/parents n\u00f3 \u00edosl\u00f3d\u00e1il  Webwise Treoir do Thuismitheoir\u00ed maidir le hIdirl\u00edon N\u00edos Fearr. Chun tuilleadh eolais a fh\u00e1il tabhair cuairt ar: webwise.ie\/parents. Ina theannta sin, cuireann an Chomhairle N\u00e1isi\u00fanta Tuismitheoir\u00ed &#8211; Bunbhrainse oili\u00faint ar l\u00edne agus oili\u00faint aghaidh ar aghaidh ar f\u00e1il do thuismitheoir\u00ed i r\u00e9imse na s\u00e1bh\u00e1ilteachta idirl\u00edn, agus b\u00ed ag faire amach le haghaidh teachtaireachta\u00ed \u00f3 scoil do ph\u00e1ist\u00ed faoi aon oili\u00faint saor in aisce a bheadh ar f\u00e1il sa r\u00e9imse seo. <\/p>\n\t\t\t\t\t\t\t<\/div>\r\n\t\t\t\t\t\t<\/div>\r\n\t\t\t\t\t<\/div>\r\n\t\t\t\t<\/div>\t\r\n\t\t\t<\/div>\r\n\t\t<\/div>\r\n\t<\/div>\r\n<\/section>\n\n<section class=\"is-question bg-color-white content text-content py-4 py-lg-5 mt-0\">\r\n\t<div class=\"container my-4\">\r\n\t\t<div class=\"row align-items-stretch mb-0\">\r\n\t\t\t<div class=\"col-lg-10 pe-3 pe-lg-5 mb-0 wow animate__fadeInLeft\">\r\n\t\t\t\t<blockquote>\r\n\t\t\t\t\t<a data-bs-toggle=\"collapse\" class=\"collapsed\" href=\"#question-boxblock_6255f01dfa90a3ad47572b260a0b520c\" role=\"button\" aria-expanded=\"false\" aria-controls=\"question-boxblock_6255f01dfa90a3ad47572b260a0b520c\">\r\n\t\t\t\t\t\tIs m\u00fainteoir bunscoile m\u00e9. C\u00e9n chaoi a bhf\u00e9adfaidh m\u00e9 coincheap na litearthachta sna me\u00e1in dhigiteacha a chur i l\u00e1thair na ndalta\u00ed n\u00edos \u00f3ige? <br>\r\n\t\t\t\t\t\t\t\t\t\t\t\t<span class=\"mt-3 mb-0 d-block\" style=\"font-size:1rem;\"><em>Freagra ag Freagra \u00f3 Jane McGarrigle<\/em><\/span>\r\n\t\t\t\t\t\t\r\n\t\t\t\t\t\t<div class=\"answer-toggle\">\r\n\t\t\t\t\t\t\t<span class=\"open\">F\u00e9ach freagra <i class=\"bi bi-arrow-down-square-fill ms-3\"><\/i><\/span>\r\n\t\t\t\t\t\t\t<span class=\"close\">D\u00fan freagra <i class=\"bi bi-arrow-up-square-fill ms-3\"><\/i><\/span>\r\n\t\t\t\t\t\t<\/div>\r\n\t\t\t\t\t<\/a>\r\n\t\t\t\t<\/blockquote>\r\n\t\t\t\t<div class=\"row\">\r\n\t\t\t\t\t<div class=\"col\">\r\n\t\t\t\t\t\t<div class=\"collapse multi-collapse\" id=\"question-boxblock_6255f01dfa90a3ad47572b260a0b520c\">\r\n\t\t\t\t\t\t\t<div class=\"card card-body\">\r\n\t\t\t\t\t\t\t\t<p>T\u00e1 scileanna digiteacha r\u00ed-th\u00e1bhachtach m\u00e1 theasta\u00edonn uainn go n-\u00e9ireoidh le p\u00e1ist\u00ed pl\u00e9 leis an saol go rath\u00fail tr\u00edd an idirl\u00edon. Seo a leanas na pr\u00edomhphoint\u00ed le coinne\u00e1il i gcuimhne agus an teicneola\u00edocht \u00e1 h\u00fas\u00e1id le dalta\u00ed n\u00edos \u00f3ige.<\/p>\n<p>Simpl\u00edocht: Coinnigh simpl\u00ed \u00e9. \u00das\u00e1id su\u00edomh gr\u00e9as\u00e1in n\u00f3 aip amh\u00e1in agus smaoinigh ar bheala\u00ed cruthaitheacha agus fi\u00fantacha chun \u00e9 a chomhth\u00e1th\u00fa leis an bhfoghlaim teanga n\u00f3 eolas a agus tuiscint a fh\u00e1il ar thopaic at\u00e1 r\u00fan agat a ini\u00fachadh i do Sc\u00e9imeanna Coic\u00edse.<\/p>\n<p>L\u00e9irigh: L\u00e9irigh an rud ba mhaith leat a dh\u00e9anfadh do chuid dalta\u00ed. M\u00e1 t\u00e1 f\u00e1il  agat ar r\u00edomhaire gl\u00faine n\u00f3 ar th\u00e1ibl\u00e9ad agus m\u00e1s f\u00e9idir leat \u00e9 a nascadh le cl\u00e1r b\u00e1n i do sheomra ranga, beidh t\u00fa in ann na gn\u00e9ithe a bhaineann le h\u00e1is dhigiteach nua a thaispe\u00e1int do na dalta\u00ed ar fad ag an am c\u00e9anna. Mar shampla, d\u00e1 mbeife\u00e1 ag iarraidh uirlis nua don sc\u00e9ala\u00edocht dhigiteach a chur i l\u00e1thair na ndalta\u00ed, amhail Write Reader n\u00f3 Book Creator, d&#8217;fh\u00e9adf\u00e1 iad a chur ag obair ar eisp\u00e9ireas comhroinnte chun leabhar ranga a chruth\u00fa ag \u00fas\u00e1id na scr\u00edbhneoireachta digit\u00ed. N\u00ed hamh\u00e1in go gcuirfeadh s\u00e9 seo ar do chumas a thaispe\u00e1int d\u00f3ibh c\u00e9n chaoi leis an uirlis nua a \u00fas\u00e1id ach deis iontach a bheadh ann chomh maith le d\u00edri\u00fa isteach ar an bpr\u00f3iseas scr\u00edbhneoireachta f\u00e9in. <\/p>\n<p>Soil\u00e9ireacht faoina bhfuiltear ag s\u00fail leis: B\u00edodh na dalta\u00ed soil\u00e9ir faoina bhfuil t\u00fa ag s\u00fail leis uathu, \u00f3 thaobh gl\u00e9asanna a \u00fas\u00e1id agus \u00f3 thaobh a n-iompar agus iad ag obair i mbeirteanna n\u00f3 i ngr\u00fapa\u00ed. Plean maith a bheadh ann d\u00e1 gcruth\u00f3dh do chuid dalta\u00ed le ch\u00e9ile &#8220;Conradh Digiteach&#8221; simpl\u00ed don rang, ionas go mbeidh siad soil\u00e9ir faoina bhfuiltear ag s\u00fail leis uathu. \t<\/p>\n\t\t\t\t\t\t\t<\/div>\r\n\t\t\t\t\t\t<\/div>\r\n\t\t\t\t\t<\/div>\r\n\t\t\t\t<\/div>\t\r\n\t\t\t<\/div>\r\n\t\t<\/div>\r\n\t<\/div>\r\n<\/section>\n\n<section class=\"is-question bg-color-white content text-content py-4 py-lg-5 mt-0\">\r\n\t<div class=\"container my-4\">\r\n\t\t<div class=\"row align-items-stretch mb-0\">\r\n\t\t\t<div class=\"col-lg-10 pe-3 pe-lg-5 mb-0 wow animate__fadeInLeft\">\r\n\t\t\t\t<blockquote>\r\n\t\t\t\t\t<a data-bs-toggle=\"collapse\" class=\"collapsed\" href=\"#question-boxblock_5ac3c66b09e5e69b3aff1ad7fad49db9\" role=\"button\" aria-expanded=\"false\" aria-controls=\"question-boxblock_5ac3c66b09e5e69b3aff1ad7fad49db9\">\r\n\t\t\t\t\t\tC\u00e9n chaoi a bhf\u00e9adfaidh m\u00e9 t\u00e9ama na saor\u00e1nachta digit\u00ed a chur i l\u00e1thair den ch\u00e9ad uair sa seomra ranga?<br>\r\n\t\t\t\t\t\t\t\t\t\t\t\t<span class=\"mt-3 mb-0 d-block\" style=\"font-size:1rem;\"><em>Freagra ag Freagra \u00f3 Jane McGarrigle<\/em><\/span>\r\n\t\t\t\t\t\t\r\n\t\t\t\t\t\t<div class=\"answer-toggle\">\r\n\t\t\t\t\t\t\t<span class=\"open\">F\u00e9ach freagra <i class=\"bi bi-arrow-down-square-fill ms-3\"><\/i><\/span>\r\n\t\t\t\t\t\t\t<span class=\"close\">D\u00fan freagra <i class=\"bi bi-arrow-up-square-fill ms-3\"><\/i><\/span>\r\n\t\t\t\t\t\t<\/div>\r\n\t\t\t\t\t<\/a>\r\n\t\t\t\t<\/blockquote>\r\n\t\t\t\t<div class=\"row\">\r\n\t\t\t\t\t<div class=\"col\">\r\n\t\t\t\t\t\t<div class=\"collapse multi-collapse\" id=\"question-boxblock_5ac3c66b09e5e69b3aff1ad7fad49db9\">\r\n\t\t\t\t\t\t\t<div class=\"card card-body\">\r\n\t\t\t\t\t\t\t\t<p>17\tHow do I introduce the topic of digital citizenship to the classroom? (Answer by Jane McGarrigle)<br \/>\nDigital Citizenship Education is more than one school subject; it crosses subject boundaries and requires a whole-school approach involving the whole-school community. Below are some ways you can embed digital citizenship education into your teaching and learning:<\/p>\n<p>\u2022\tCreate and agree a class code of conduct with your pupils for using the internet and digital devices in your classroom. This will provide an opportunity to discuss digital citizenship domains such as access and inclusion, rights and responsibilities and e-presence and communication.<\/p>\n<p>\u2022\tUse research tasks\/projects to teach your pupils media and information literacy skills such as how to safely search the internet to find accurate and trustworthy information and to use critical thinking skills to spot false information online.<\/p>\n<p>\u2022\tEncourage learning and creativity into your next history lesson by introducing students to film and storytelling. Have pupils create and record a short history video on an important figure in history. <\/p>\n<p>\u2022\tExplore ethics and empathy online using stories, songs or plays incorporating scenarios or characters feelings. Webwise provides free online safety resources that feature stories, songs and short videos such as Vicky\u2019s Party from the My Selfie and the Wider World, available here: webwise.ie\/myselfie-wider-world\/.<\/p>\n<p>\u2022\tUse subjects such as science and geography to discuss with pupils how websites, apps, technology use big data in various ways for example, GPS signals, location tracking, weather\/climate information, artificial intelligence, web browser cookies, etc. and begin conversations on topics such as rights and responsibilities or privacy and security.<\/p>\n<p>Safer Internet Day is a great opportunity to discuss being a safe and responsible digital citizen with your pupils and involve the whole school community. The Webwise Safer Internet Day hub has lots of great ideas and activities to help teach your pupils about creating a positive digital footprint and their rights and responsibilities online as digital citizens: webwise.ie\/saferinternetday\t17\tC\u00e9n chaoi a bhf\u00e9adfaidh m\u00e9 t\u00e9ama na saor\u00e1nachta digit\u00ed a chur i l\u00e1thair den ch\u00e9ad uair sa seomra ranga? (Freagra \u00f3 Jane McGarrigle)<br \/>\nT\u00e1 n\u00edos m\u00f3 i gceist leis an Oideachas ar an Saor\u00e1nacht Dhigiteach n\u00e1 d\u00edreach \u00e1bhar scoile; trasna\u00edonn s\u00e9 teorainneacha na n-\u00e1bhar agus teasta\u00edonn cur chuige a bhaineann leis an scoil uile, a mbeidh pobal uile na scoile p\u00e1irteach ann. Seo th\u00edos roinnt beala\u00ed a bhf\u00e9adf\u00e1 an t-oideachas saor\u00e1nachta digiteach a leab\u00fa i do chuid teagaisc agus sa bhfoghlaim:<\/p>\n<p>\u2022\tCruthaigh agus aontaigh, i bp\u00e1irt leis na dalta\u00ed, C\u00f3d Iompair ranga maidir le h\u00fas\u00e1id an Idirl\u00edn agus na ngl\u00e9asanna digiteacha sa seomra ranga. Deis a bheidh anseo pl\u00e9 a dh\u00e9anamh ar r\u00e9ims\u00ed na saor\u00e1nachta digit\u00ed amhail rochtain agus cuimsi\u00fa, cearta agus freagrachta\u00ed agus r-l\u00e1ithreacht agus cumars\u00e1id.<\/p>\n<p>\u2022\t\u00das\u00e1id tascanna\/tionscadail taighde chun scileanna litearthachta me\u00e1n agus faisn\u00e9ise a mh\u00faineadh do do chuid dalta\u00ed, ar n\u00f3s an bealach le cuardach idirl\u00edn a dh\u00e9anamh go s\u00e1bh\u00e1ilte ar mhaithe le heolas at\u00e1 cruinn agus iontaofa a aimsi\u00fa agus an chaoi le scileanna smaointeoireachta critici\u00fala a \u00fas\u00e1id chun br\u00e9agaisn\u00e9is a aithint ar l\u00edne.<\/p>\n<p>\u2022\tTabhair an fhoghlaim agus an chruthaitheacht isteach an ch\u00e9ad uair eile a m\u00fainfidh t\u00fa ceacht staire eile tr\u00ed scann\u00e1in agus sc\u00e9ala\u00edocht a chur i l\u00e1thair na ndalta\u00ed. Iarr ar na dalta\u00ed f\u00edse\u00e1n gearr staire ar phearsa a bh\u00ed t\u00e1bhachtach sa stair a chruth\u00fa agus a thaifeadadh. <\/p>\n<p>\u2022\tPl\u00e9 eitic agus comhbh\u00e1 ar l\u00edne agus \u00fas\u00e1id \u00e1 baint agat as sc\u00e9alta, amhr\u00e1in n\u00f3 dr\u00e1ma\u00ed ina bhfuil pl\u00e9 ar ch\u00e1sanna n\u00f3 ar mhoth\u00fach\u00e1in na gcarachtar. Cuireann Webwise acmhainn\u00ed maidir leis an ts\u00e1bh\u00e1ilteacht ar l\u00edne ar f\u00e1il saor in aisce ina bhfuil sc\u00e9alta, amhr\u00e1in agus f\u00edse\u00e1in ghearra. Sampla\u00ed d\u00edobh seo is ea Vicky\u2019s Party \u00f3 My Selfie agus \u00f3 Wider World, a bhfuil f\u00e1il orthu anseo: webwise.ie\/myselfie-wider-world\/.<\/p>\n<p>\u2022\tBain \u00fas\u00e1id as \u00e1bhair ar n\u00f3s na heola\u00edochta agus na t\u00edreola\u00edochta chun labhairt leis na dalta\u00ed faoin \u00fas\u00e1id a bhaineann su\u00edomhanna gr\u00e9as\u00e1in, aipeanna agus teicneola\u00edocht as sonra\u00ed m\u00f3ra mar shampla, comhartha\u00ed GPS, c\u00f3rais rianaithe su\u00edmh, eolas faoin aimsir\/faoin aer\u00e1id, intleacht shaorga, fian\u00e1in brabhs\u00e1la\u00ed gr\u00e9as\u00e1in, agus araile agus cuir t\u00fas le pl\u00e9 ar \u00e1bhair cos\u00fail le cearta agus freagrachta\u00ed n\u00f3 pr\u00edobh\u00e1ideachas agus sl\u00e1nd\u00e1il.<\/p>\n<p>\u2022\tDeis iontach at\u00e1 sa L\u00e1 S\u00e1bh\u00e1ilteachta Idirl\u00edn chun labhairt le do chuid dalta\u00ed faoi bheith i do shaor\u00e1nach digiteach s\u00e1bh\u00e1ilte agus freagrach agus seans do phobal uile na scoile a bheith p\u00e1irteach ann. T\u00e1 go leor smaointe agus gn\u00edomha\u00edochta\u00ed iontacha ar an mol L\u00e1 na S\u00e1bh\u00e1ilteachta Idirl\u00edn de chuid Webwise agus cabhr\u00f3idh siad leat m\u00faineadh do na dalta\u00ed faoi lorg digiteach dearfach a chruth\u00fa agus foghlaim faoina gcearta agus a bhfreagrachta\u00ed ar l\u00edne mar shaor\u00e1naigh dhigiteacha: webwise.ie\/saferinternetday<\/p>\n\t\t\t\t\t\t\t<\/div>\r\n\t\t\t\t\t\t<\/div>\r\n\t\t\t\t\t<\/div>\r\n\t\t\t\t<\/div>\t\r\n\t\t\t<\/div>\r\n\t\t<\/div>\r\n\t<\/div>\r\n<\/section>\n\n<section class=\"is-question bg-color-white content text-content py-4 py-lg-5 mt-0\">\r\n\t<div class=\"container my-4\">\r\n\t\t<div class=\"row align-items-stretch mb-0\">\r\n\t\t\t<div class=\"col-lg-10 pe-3 pe-lg-5 mb-0 wow animate__fadeInLeft\">\r\n\t\t\t\t<blockquote>\r\n\t\t\t\t\t<a data-bs-toggle=\"collapse\" class=\"collapsed\" href=\"#question-boxblock_224760f4e2e1af4883dc53f85fdab7e5\" role=\"button\" aria-expanded=\"false\" aria-controls=\"question-boxblock_224760f4e2e1af4883dc53f85fdab7e5\">\r\n\t\t\t\t\t\tCad iad na scileanna is g\u00e1 a mh\u00faineadh do dhalta\u00ed iar-bhunscoile?<br>\r\n\t\t\t\t\t\t\t\t\t\t\t\t<span class=\"mt-3 mb-0 d-block\" style=\"font-size:1rem;\"><em>Freagra ag Freagra \u00f3 Jane McGarrigle<\/em><\/span>\r\n\t\t\t\t\t\t\r\n\t\t\t\t\t\t<div class=\"answer-toggle\">\r\n\t\t\t\t\t\t\t<span class=\"open\">F\u00e9ach freagra <i class=\"bi bi-arrow-down-square-fill ms-3\"><\/i><\/span>\r\n\t\t\t\t\t\t\t<span class=\"close\">D\u00fan freagra <i class=\"bi bi-arrow-up-square-fill ms-3\"><\/i><\/span>\r\n\t\t\t\t\t\t<\/div>\r\n\t\t\t\t\t<\/a>\r\n\t\t\t\t<\/blockquote>\r\n\t\t\t\t<div class=\"row\">\r\n\t\t\t\t\t<div class=\"col\">\r\n\t\t\t\t\t\t<div class=\"collapse multi-collapse\" id=\"question-boxblock_224760f4e2e1af4883dc53f85fdab7e5\">\r\n\t\t\t\t\t\t\t<div class=\"card card-body\">\r\n\t\t\t\t\t\t\t\t<p>Trasna\u00edonn an tSaor\u00e1nacht Dhigiteach teorainneacha na n-\u00e1bhar agus baineann s\u00ed le r\u00e9imse de ph\u00e1irtithe leasmhara na scoile. Teasta\u00edonn cur chuige a chuims\u00edonn an scoil ar fad ionas go mbeidh seasmhacht i measc phobal uile na scoile agus go mbeifear aontaithe maidir lena bhfuiltear ag s\u00fail leis. Tagann deiseanna chun cinn go n\u00e1d\u00fartha sna h\u00e1bhar scoile leis an oideachas saor\u00e1nachta digit\u00ed a nead\u00fa. Cuireann an tSaor\u00e1nacht Dhigiteach deiseanna ar f\u00e1il cabhr\u00fa leis na dalta\u00ed s\u00f3isearacha  forbairt a dh\u00e9anamh ar na 8 bpr\u00edomhscil at\u00e1 leagtha amach i gcuraclam na sraithe s\u00f3iseara\u00ed.<\/p>\n<p>Oireann an t-oideachas ar an tsaor\u00e1nacht dhigiteach freisin don phr\u00f3iseas plean\u00e1la don fhoghlaim dhigiteach, agus nascann s\u00e9 leis an gCreat don Fhoghlaim Dhigiteach (DLF). Nascann s\u00e9 go d\u00edreach le OSPS, OSSP agus le hEola\u00edocht R\u00edomhaireachta na hArdteiste. Chun go mbeidh daoine \u00f3ga ina saor\u00e1naigh dhigiteacha \u00e9ifeachtacha, t\u00e1 roinnt inni\u00falachta\u00ed a chaithfidh siad a fhorbairt lena n-\u00e1ir\u00edtear litearthacht faisn\u00e9ise agus sonra\u00ed, cumars\u00e1id agus comhoibri\u00fa, \u00e1bhar digiteach a chruth\u00fa, fadhbanna a r\u00e9iteach, pr\u00edobh\u00e1ideachas agus litearthacht sonra\u00ed. <\/p>\n<p>Is f\u00e9idir le scoileanna teacht, saor in aisce, ar r\u00e9imse d\u2019acmhainn\u00ed \u00f3 Webwise.ie at\u00e1 ag teacht leis an gcuraclam lena n-\u00e1ir\u00edtear an cl\u00e1r Ceangailte. Sa chl\u00e1r Ceangailte  -Litearthacht sna Me\u00e1in Dhigiteacha don tSraith Sh\u00f3isearach d\u00e9antar ini\u00fachadh ar; Foll\u00e1ine Ar L\u00edne; Nuacht, Faisn\u00e9is agus Fadhbanna le br\u00e9agaisn\u00e9is; M\u00f3rshonra\u00ed agus an Geilleagar Sonra\u00ed; agus Mo Chearta Ar L\u00edne. T\u00e1 s\u00e9 mar aidhm ag Ceangailte  an cumhacht a thabhairt do dhaoine \u00f3ga a bheith in ann an teicneola\u00edocht agus na me\u00e1in ar l\u00edne a \u00fas\u00e1id go h\u00e9ifeachtach, go neamhsple\u00e1ch agus go s\u00e1bh\u00e1ilte.<\/p>\n\t\t\t\t\t\t\t<\/div>\r\n\t\t\t\t\t\t<\/div>\r\n\t\t\t\t\t<\/div>\r\n\t\t\t\t<\/div>\t\r\n\t\t\t<\/div>\r\n\t\t<\/div>\r\n\t<\/div>\r\n<\/section>\n\n<section class=\"is-question bg-color-white content text-content py-4 py-lg-5 mt-0\">\r\n\t<div class=\"container my-4\">\r\n\t\t<div class=\"row align-items-stretch mb-0\">\r\n\t\t\t<div class=\"col-lg-10 pe-3 pe-lg-5 mb-0 wow animate__fadeInLeft\">\r\n\t\t\t\t<blockquote>\r\n\t\t\t\t\t<a data-bs-toggle=\"collapse\" class=\"collapsed\" href=\"#question-boxblock_620b77f61621e8407cb8faaa3c77a914\" role=\"button\" aria-expanded=\"false\" aria-controls=\"question-boxblock_620b77f61621e8407cb8faaa3c77a914\">\r\n\t\t\t\t\t\tMar mh\u00fainteoir, c\u00e9n \u00e1it ar f\u00e9idir liom cabhair a fh\u00e1il chun feabhas a chur ar mo chuid scileanna sa r\u00e9imse seo?<br>\r\n\t\t\t\t\t\t\t\t\t\t\t\t<span class=\"mt-3 mb-0 d-block\" style=\"font-size:1rem;\"><em>Freagra ag Freagra \u00f3 Jane McGarrigle<\/em><\/span>\r\n\t\t\t\t\t\t\r\n\t\t\t\t\t\t<div class=\"answer-toggle\">\r\n\t\t\t\t\t\t\t<span class=\"open\">F\u00e9ach freagra <i class=\"bi bi-arrow-down-square-fill ms-3\"><\/i><\/span>\r\n\t\t\t\t\t\t\t<span class=\"close\">D\u00fan freagra <i class=\"bi bi-arrow-up-square-fill ms-3\"><\/i><\/span>\r\n\t\t\t\t\t\t<\/div>\r\n\t\t\t\t\t<\/a>\r\n\t\t\t\t<\/blockquote>\r\n\t\t\t\t<div class=\"row\">\r\n\t\t\t\t\t<div class=\"col\">\r\n\t\t\t\t\t\t<div class=\"collapse multi-collapse\" id=\"question-boxblock_620b77f61621e8407cb8faaa3c77a914\">\r\n\t\t\t\t\t\t\t<div class=\"card card-body\">\r\n\t\t\t\t\t\t\t\t<p>Nuair a thagann s\u00e9 go dt\u00ed cabhr\u00fa le p\u00e1ist\u00ed a mbealach a dh\u00e9anamh tr\u00edd an domhan ar l\u00edne, t\u00e1 a fhios againn go bhf\u00e9adfadh go leor oideachas\u00f3ir\u00ed a bheith faoi an-bhr\u00fa. Toisc gur cuid mh\u00f3r de shaol na bp\u00e1ist\u00ed agus na ndaoine \u00f3ga \u00e9 an t-idirl\u00edon, t\u00e1 s\u00e9 t\u00e1bhachtach a bheith ag pl\u00e9 leo agus ag tabhairt taca\u00edochta d\u00f3ibh. Ach teasta\u00edonn taca\u00edocht \u00f3 na hoideachas\u00f3ir\u00ed ionas go mbeidh siad in ann \u00e9 seo a dh\u00e9anamh.<\/p>\n<p>&nbsp;<\/p>\n<p>Cuireann Webwise r\u00e9imse leathan d\u2019acmhainn\u00ed agus de thaca\u00edochta\u00ed ar f\u00e1il ar webwise.ie \u00f3 ch\u00farsa\u00ed s\u00e1bh\u00e1ilteachta ar l\u00edne d&#8217;oideoir\u00ed go dt\u00ed uirlis\u00ed a cabhra\u00edonn le p\u00e1ist\u00ed a n-eisp\u00e9iris ar l\u00edne a bhainisti\u00fa.<\/p>\n<p>&nbsp;<\/p>\n<p>Cuireann Oide, Teicneola\u00edocht san Oideachas r\u00e9imse leathan de dheiseanna foghlama gairmi\u00fala ar f\u00e1il do mh\u00fainteoir\u00ed tr\u00edna ch\u00farsa\u00ed ar l\u00edne, f\u00edse\u00e1in dea-chleachtais, seimine\u00e1ir ghr\u00e9as\u00e1in, acmhainn\u00ed foghlama ar l\u00edne agus c\u00farsa\u00ed sna\u00a0 hIonaid Oideachais. Cuireann na Ceannair\u00ed Foghlama Gairmi\u00fala ar na Teicneola\u00edochta\u00ed Digiteacha at\u00e1 ag Oide taca\u00edocht shaincheaptha ar f\u00e1il sa su\u00edomh scoile.<\/p>\n<p>&nbsp;<\/p>\n<p>Cuireann Youth Work Ireland r\u00edomhfhoghlaim den scoth ar f\u00e1il chun cabhr\u00fa leis an earn\u00e1il a oibr\u00edonn leis an aos \u00f3g na daoine \u00f3ga a choinne\u00e1il s\u00e1bh\u00e1ilte ar l\u00edne.<\/p>\n<p><a href=\"https:\/\/www.youth.ie\/training\/online-safety-and-awareness-in-youth-work-elearning-course\/\">https:\/\/www.youth.ie\/training\/online-safety-and-awareness-in-youth-work-elearning-course\/<\/a><\/p>\n<p>&nbsp;<\/p>\n<p>Mar fhocal scoir, coinnigh s\u00fail amach ar medialiteracyireland.ie le haghaidh imeachta\u00ed agus seimine\u00e1ir ghr\u00e9as\u00e1in at\u00e1 le teacht.<\/p>\n\t\t\t\t\t\t\t<\/div>\r\n\t\t\t\t\t\t<\/div>\r\n\t\t\t\t\t<\/div>\r\n\t\t\t\t<\/div>\t\r\n\t\t\t<\/div>\r\n\t\t<\/div>\r\n\t<\/div>\r\n<\/section>","protected":false},"excerpt":{"rendered":"","protected":false},"author":9,"featured_media":0,"parent":0,"menu_order":0,"comment_status":"closed","ping_status":"closed","template":"","meta":{"footnotes":""},"acf":[],"yoast_head":"<!-- This site is optimized with the Yoast SEO plugin v21.4 - https:\/\/yoast.com\/wordpress\/plugins\/seo\/ -->\n<title>Cuir ceist ar na saineolaithe - Be Media Smart<\/title>\n<meta name=\"robots\" content=\"index, follow, max-snippet:-1, max-image-preview:large, max-video-preview:-1\" \/>\n<link rel=\"canonical\" href=\"https:\/\/www.bemediasmart.ie\/ga\/ask-an-expert\/\" \/>\n<meta property=\"og:locale\" content=\"ga_IE\" \/>\n<meta property=\"og:type\" content=\"article\" \/>\n<meta property=\"og:title\" content=\"Cuir ceist ar na saineolaithe - Be Media Smart\" \/>\n<meta property=\"og:url\" content=\"https:\/\/www.bemediasmart.ie\/ga\/ask-an-expert\/\" \/>\n<meta property=\"og:site_name\" content=\"Be Media Smart\" \/>\n<meta property=\"article:publisher\" content=\"https:\/\/www.facebook.com\/BeMediaSmart\/\" \/>\n<meta property=\"article:modified_time\" content=\"2023-10-17T11:16:23+00:00\" \/>\n<meta name=\"twitter:card\" content=\"summary_large_image\" \/>\n<meta name=\"twitter:site\" content=\"@MedialitIreland\" \/>\n<script type=\"application\/ld+json\" class=\"yoast-schema-graph\">{\"@context\":\"https:\/\/schema.org\",\"@graph\":[{\"@type\":\"WebPage\",\"@id\":\"https:\/\/www.bemediasmart.ie\/ga\/ask-an-expert\/\",\"url\":\"https:\/\/www.bemediasmart.ie\/ga\/ask-an-expert\/\",\"name\":\"Cuir ceist ar na saineolaithe - Be Media Smart\",\"isPartOf\":{\"@id\":\"https:\/\/www.bemediasmart.ie\/#website\"},\"datePublished\":\"2023-08-04T11:02:33+00:00\",\"dateModified\":\"2023-10-17T11:16:23+00:00\",\"breadcrumb\":{\"@id\":\"https:\/\/www.bemediasmart.ie\/ga\/ask-an-expert\/#breadcrumb\"},\"inLanguage\":\"ga-IE\",\"potentialAction\":[{\"@type\":\"ReadAction\",\"target\":[\"https:\/\/www.bemediasmart.ie\/ga\/ask-an-expert\/\"]}]},{\"@type\":\"BreadcrumbList\",\"@id\":\"https:\/\/www.bemediasmart.ie\/ga\/ask-an-expert\/#breadcrumb\",\"itemListElement\":[{\"@type\":\"ListItem\",\"position\":1,\"name\":\"Home\",\"item\":\"https:\/\/www.bemediasmart.ie\/ga\/\"},{\"@type\":\"ListItem\",\"position\":2,\"name\":\"Cuir ceist ar na saineolaithe\"}]},{\"@type\":\"WebSite\",\"@id\":\"https:\/\/www.bemediasmart.ie\/#website\",\"url\":\"https:\/\/www.bemediasmart.ie\/\",\"name\":\"Be Media Smart\",\"description\":\"\",\"publisher\":{\"@id\":\"https:\/\/www.bemediasmart.ie\/#organization\"},\"potentialAction\":[{\"@type\":\"SearchAction\",\"target\":{\"@type\":\"EntryPoint\",\"urlTemplate\":\"https:\/\/www.bemediasmart.ie\/?s={search_term_string}\"},\"query-input\":\"required name=search_term_string\"}],\"inLanguage\":\"ga-IE\"},{\"@type\":\"Organization\",\"@id\":\"https:\/\/www.bemediasmart.ie\/#organization\",\"name\":\"Be Media Smart\",\"url\":\"https:\/\/www.bemediasmart.ie\/\",\"logo\":{\"@type\":\"ImageObject\",\"inLanguage\":\"ga-IE\",\"@id\":\"https:\/\/www.bemediasmart.ie\/#\/schema\/logo\/image\/\",\"url\":\"https:\/\/www.bemediasmart.ie\/app\/uploads\/2023\/09\/normalad.jpg\",\"contentUrl\":\"https:\/\/www.bemediasmart.ie\/app\/uploads\/2023\/09\/normalad.jpg\",\"width\":500,\"height\":300,\"caption\":\"Be Media Smart\"},\"image\":{\"@id\":\"https:\/\/www.bemediasmart.ie\/#\/schema\/logo\/image\/\"},\"sameAs\":[\"https:\/\/www.facebook.com\/BeMediaSmart\/\",\"https:\/\/twitter.com\/MedialitIreland\",\"https:\/\/www.instagram.com\/bemediasmart_\/\",\"http:\/\/www.linkedin.com\/company\/media-literacy-ireland\/\"]}]}<\/script>\n<!-- \/ Yoast SEO plugin. -->","yoast_head_json":{"title":"Cuir ceist ar na saineolaithe - Be Media Smart","robots":{"index":"index","follow":"follow","max-snippet":"max-snippet:-1","max-image-preview":"max-image-preview:large","max-video-preview":"max-video-preview:-1"},"canonical":"https:\/\/www.bemediasmart.ie\/ga\/ask-an-expert\/","og_locale":"ga_IE","og_type":"article","og_title":"Cuir ceist ar na saineolaithe - Be Media Smart","og_url":"https:\/\/www.bemediasmart.ie\/ga\/ask-an-expert\/","og_site_name":"Be Media Smart","article_publisher":"https:\/\/www.facebook.com\/BeMediaSmart\/","article_modified_time":"2023-10-17T11:16:23+00:00","twitter_card":"summary_large_image","twitter_site":"@MedialitIreland","schema":{"@context":"https:\/\/schema.org","@graph":[{"@type":"WebPage","@id":"https:\/\/www.bemediasmart.ie\/ga\/ask-an-expert\/","url":"https:\/\/www.bemediasmart.ie\/ga\/ask-an-expert\/","name":"Cuir ceist ar na saineolaithe - Be Media Smart","isPartOf":{"@id":"https:\/\/www.bemediasmart.ie\/#website"},"datePublished":"2023-08-04T11:02:33+00:00","dateModified":"2023-10-17T11:16:23+00:00","breadcrumb":{"@id":"https:\/\/www.bemediasmart.ie\/ga\/ask-an-expert\/#breadcrumb"},"inLanguage":"ga-IE","potentialAction":[{"@type":"ReadAction","target":["https:\/\/www.bemediasmart.ie\/ga\/ask-an-expert\/"]}]},{"@type":"BreadcrumbList","@id":"https:\/\/www.bemediasmart.ie\/ga\/ask-an-expert\/#breadcrumb","itemListElement":[{"@type":"ListItem","position":1,"name":"Home","item":"https:\/\/www.bemediasmart.ie\/ga\/"},{"@type":"ListItem","position":2,"name":"Cuir ceist ar na saineolaithe"}]},{"@type":"WebSite","@id":"https:\/\/www.bemediasmart.ie\/#website","url":"https:\/\/www.bemediasmart.ie\/","name":"Be Media Smart","description":"","publisher":{"@id":"https:\/\/www.bemediasmart.ie\/#organization"},"potentialAction":[{"@type":"SearchAction","target":{"@type":"EntryPoint","urlTemplate":"https:\/\/www.bemediasmart.ie\/?s={search_term_string}"},"query-input":"required name=search_term_string"}],"inLanguage":"ga-IE"},{"@type":"Organization","@id":"https:\/\/www.bemediasmart.ie\/#organization","name":"Be Media Smart","url":"https:\/\/www.bemediasmart.ie\/","logo":{"@type":"ImageObject","inLanguage":"ga-IE","@id":"https:\/\/www.bemediasmart.ie\/#\/schema\/logo\/image\/","url":"https:\/\/www.bemediasmart.ie\/app\/uploads\/2023\/09\/normalad.jpg","contentUrl":"https:\/\/www.bemediasmart.ie\/app\/uploads\/2023\/09\/normalad.jpg","width":500,"height":300,"caption":"Be Media Smart"},"image":{"@id":"https:\/\/www.bemediasmart.ie\/#\/schema\/logo\/image\/"},"sameAs":["https:\/\/www.facebook.com\/BeMediaSmart\/","https:\/\/twitter.com\/MedialitIreland","https:\/\/www.instagram.com\/bemediasmart_\/","http:\/\/www.linkedin.com\/company\/media-literacy-ireland\/"]}]}},"_links":{"self":[{"href":"https:\/\/www.bemediasmart.ie\/ga\/wp-json\/wp\/v2\/pages\/1170"}],"collection":[{"href":"https:\/\/www.bemediasmart.ie\/ga\/wp-json\/wp\/v2\/pages"}],"about":[{"href":"https:\/\/www.bemediasmart.ie\/ga\/wp-json\/wp\/v2\/types\/page"}],"author":[{"embeddable":true,"href":"https:\/\/www.bemediasmart.ie\/ga\/wp-json\/wp\/v2\/users\/9"}],"replies":[{"embeddable":true,"href":"https:\/\/www.bemediasmart.ie\/ga\/wp-json\/wp\/v2\/comments?post=1170"}],"version-history":[{"count":115,"href":"https:\/\/www.bemediasmart.ie\/ga\/wp-json\/wp\/v2\/pages\/1170\/revisions"}],"predecessor-version":[{"id":1991,"href":"https:\/\/www.bemediasmart.ie\/ga\/wp-json\/wp\/v2\/pages\/1170\/revisions\/1991"}],"wp:attachment":[{"href":"https:\/\/www.bemediasmart.ie\/ga\/wp-json\/wp\/v2\/media?parent=1170"}],"curies":[{"name":"wp","href":"https:\/\/api.w.org\/{rel}","templated":true}]}}